{"id":39485,"date":"2026-08-31T15:32:10","date_gmt":"2026-08-31T13:32:10","guid":{"rendered":"https:\/\/warsztatykultury.pl\/wydarzenia\/inkubator-kultury-registration-for-the-2026-edition\/"},"modified":"2026-08-31T15:33:14","modified_gmt":"2026-08-31T13:33:14","slug":"inkubator-kultury-registration-for-the-2026-edition","status":"publish","type":"mec-events","link":"https:\/\/warsztatykultury.pl\/en\/wydarzenia\/inkubator-kultury-registration-for-the-2026-edition\/","title":{"rendered":"Inkubator Kultury | registration for the 2026 edition"},"content":{"rendered":"<h2>About<\/h2>\n<p><strong>Inkubator Kultury (Culture Incubator) is a comprehensive development program for culture sector professionals. It returns to Workshops of Culture after several years away, continuing to support people working in culture and initiate new activities that expand the city\u2019s cultural offering.<\/strong><\/p>\n<p>The new edition has been designed as an intensive, multidimensional course created specifically for people working in cultural institutions, as well as NGOs and creative communities operating in the culture sector and creating programs, projects, and events for diverse audiences. The training program combines interpersonal, technological, project management, and strategic skills, offering 94 hours of sessions and workshops.<\/p>\n<p>Participants will take part in a comprehensive training program divided into thematic blocks covering a broad range of issues related to creating and delivering cultural projects.<\/p>\n<p>Those who successfully complete the recruitment process will learn, among other things, how to organize events for increasingly polarized audiences; how to build emotional safety for participants in cultural programs; how to put the values of inclusion and respect for diversity into everyday practice; how to incorporate AI into the day-to-day work of cultural institutions \u2013 consciously, practically, and critically, while also ensuring data security and maintaining authenticity and one\u2019s unique voice in the age of generative technologies. During the course, participants will learn the ins and outs of creating cultural projects and securing funding for them, as well as designing spaces and programs accessible to people with different needs. They will also learn how to effectively involve audiences in the activities of institutions and organizations, recognize trends and changes taking place in the culture sector, and explore working methods that foster innovation.<br \/>\nInkubator Kultury is also an opportunity to build cooperation between project participants and to meet the experts leading the workshops, who are connected with various areas of cultural activity in Poland.<\/p>\n<h2>Details<\/h2>\n<p><strong>When:<\/strong> Applications open until September 4, 2026<br \/>\nTraining sessions in September and October, see <strong><a href=\"https:\/\/warsztatykultury.pl\/wp-content\/uploads\/2026\/08\/harmonogram-inkubator-kultury-2026.pdf\" target=\"_blank\" rel=\"noopener\">detailed schedule<\/a><br \/>\n<\/strong><strong>Where:<\/strong> Workshops of Culture in Lublin, Grodzka 5a<br \/>\n<strong>For:<\/strong> culture sector professionals<br \/>\n<strong>Registration: via <a href=\"https:\/\/forms.gle\/FUyX4Zs3AMbjsFJx5\" target=\"_blank\" rel=\"noopener\">online form<\/a><\/strong><br \/>\n<strong>Cost:<\/strong> 300 z\u0142 + VAT (369 z\u0142 gross)<\/p>\n<p><a href=\"https:\/\/warsztatykultury.pl\/wp-content\/uploads\/2026\/08\/regulamin-inkubator-kultury-2026.pdf\" target=\"_blank\" rel=\"noopener\"><strong>Inkubator Kultury 2026 Terms of Service<\/strong><\/a><\/p>\n<p><em>Inkubator Kultury is co-financed by the Minister of Culture and National Heritage as part of the National Centre for Culture\u2019s program: Kultura \u2013 Interwencje. Edycja 2026.<\/em><\/p>\n<h2>Course program<\/h2>\n<p><strong>Mature Relationships in Culture (16 h)<\/strong><\/p>\n<details>\n<summary>Read more<\/summary>\n<p>The workshop addresses the current situation and needs of the culture sector and is part of a global trend of \u201cbottom-up depolarization\u201d \u2013 civic movements based on the idea that improving the quality of public debate begins with changing the way ordinary people talk to one another. In the context of cultural spaces, which often bring together communities with diverse worldviews, the training provides practical tools for having safe conversations about difficult topics.<\/p>\n<p>The workshop will be led by Joanna Zi\u0119ba and Joanna Szyma\u0144ska from Fundacja Nowej Wsp\u00f3lnoty.<\/p>\n<p><strong>Fundacja Nowej Wsp\u00f3lnoty (FNW)<\/strong> is a Polish NGO that builds mature relationships and a culture of dialogue while countering social and ideological polarization. Through its activities, the foundation creates space for meaningful conversations between people with radically different views. In the foundation\u2019s approach, mature relationships are based on respect, curiosity about other people, and the ability to listen without aggression.<\/p>\n<\/details>\n<p>&nbsp;<br \/>\n<strong>AI in Culture: Practical, Ethical, Safe (16 h)<\/strong><\/p>\n<details>\n<summary>Read more<\/summary>\n<p>Practical workshops devoted to the use of artificial intelligence. During the sessions, participants will explore specific tools, learn how to work effectively with generative models, and examine the ethical challenges and principles of using these technologies safely.<\/p>\n<p>The workshop will be led by Dr. Marlena Go\u0142\u0119biowska.<\/p>\n<p><strong>Marlena Go\u0142\u0119biowska<\/strong> \u2013 lecturer at UMCS, enthusiast and advocate of innovative teaching methods. She teaches academic courses and leads her own workshops on creative design, as well as the creative use of artificial intelligence tools.<\/p>\n<\/details>\n<p>&nbsp;<br \/>\n<strong>Creating Cultural Projects and Sources of Funding (16 h)<\/strong><\/p>\n<details>\n<summary>Read more<\/summary>\n<p>National and European funding for culture. Diagnosing and analyzing needs and identifying target audiences. Project structure. SMART goals. Project logic, schedule, budget, and project team. Sustainable development principles. Monitoring and reporting.<\/p>\n<p>The workshop will be led by Magdalena Krasowska-Igras.<\/p>\n<p><strong>Magdalena Krasowska-Igras<\/strong> \u2013 culture manager, fundraiser, trainer, and creator of educational and artistic projects with more than 20 years of experience. Over the years, she has developed extensive expertise in strategically strengthening the capacity of NGOs and cultural institutions \u2013 as a trainer and strategic consultant, she supports organizations in building sustainable structures, defining development directions, and increasing their social impact. She is the author of dozens of projects funded by Polish sources (MKiDN, NCK, NIW, MSWiA, Fundacja PZU, PKO BP, ORLEN) and international programs (Creative Europe, Kultura 2000, Erasmus+, AMIF, Villum Fonden). She currently serves as Vice President of the Foundation for the Development of the Information Society (FRSI) in Warsaw. Previously, she worked as a capacity-building manager in the Active Citizens \u2013 Regional Fund program and as an expert for the EU Culture and Creativity program for Eastern Partnership countries (Armenia, Azerbaijan, Belarus, Georgia, Moldova, Ukraine). She promotes cooperation between cultural institutions and the NGO sector and supports libraries as active centers of social life.<\/p>\n<\/details>\n<p>&nbsp;<br \/>\n<strong>Mental Health and Culture \u2013 First Steps (6 h)<\/strong><\/p>\n<details>\n<summary>Read more<\/summary>\n<p>During the workshop, participants will learn how cultural institutions can become spaces for healing \u2013 sensitive to the needs of people in diverse life situations, including those who have experienced crises. We will discuss challenges, needs, and problems related to mental health, examine examples of good practices and existing projects that support mental well-being and attentiveness to our audiences, create our own projects, and explore potential partnerships that could be established.<\/p>\n<p>The workshop will be led by Marta Bia\u0142ek-Graczyk and Justyna Ma\u0144kowska.<\/p>\n<p><strong>Marta Bia\u0142ek-Graczyk<\/strong> \u2013 sociologist; graduate of the University of Warsaw and the Reportage Laboratory at Collegium Civitas. Graduate of the prestigious European Diploma in Cultural Management. Scholarship holder of the Ministry of Culture and National Heritage. Expert and advisor on social innovation and culture for institutions including the National Centre for Culture, the Batory Foundation, the National Audiovisual Institute, and the City of Warsaw. She also advises corporations on corporate social responsibility and social innovation. Author of dozens of projects in the fields of cultural animation and social innovation. Lecturer in Social Arts at the University of Warsaw. Since 2011, she has been President of the Towarzystwo Inicjatyw Tw\u00f3rczych \u0118, with which she has developed, among other things, pioneering projects for cultural animators on mental health, including \u201cKIOSKI TROSKI\u201d.<\/p>\n<p><strong>Justyna Ma\u0144kowska<\/strong> \u2013 expert in making culture accessible to people with different needs. She supports cultural professionals through training and networking. Vice President of Fundacja Katarynka. Co-author of the guide \u201cOdbiorca kultury w kryzysie zdrowia psychicznego\u201d. Scholarship holder of the Ministry of Culture, she explored the relationship between culture and mental health. She conducts training and teaches how to design for mental health in culture. She is particularly interested in supporting teams and communicating sensitive content in cultural texts. She runs the blog \u201cCzuj si\u0119 dobrze w kulturze\u201d.<\/p>\n<\/details>\n<p>&nbsp;<br \/>\n<strong>Trendwatching in Culture (8 h)<\/strong><\/p>\n<details>\n<summary>Read more<\/summary>\n<p>Defining trends and developing practical skills for reading, analyzing, and forecasting them. Staying alert to change.<\/p>\n<p>The workshop will be led by: TBA<\/p>\n<\/details>\n<p>&nbsp;<br \/>\n<strong>Audience Development (8 h)<\/strong><\/p>\n<details>\n<summary>Read more<\/summary>\n<p>Planning audience development \u2013 from defining goals to designing activities. Building, maintaining, and developing long-term relationships with audiences. Audience research as a tool to support decision-making.<\/p>\n<p>The workshop will be led by Agata Etmanowicz.<\/p>\n<p><strong>Agata Etmanowicz<\/strong> \u2013 on a daily basis, she \u201cconnects the dots\u201d and asks a lot of questions, encouraging others to do the same. She designs and leads not only workshops, but also processes and programs for culture sector professionals (within specific fields, across sectors, and for individual organizations). She created the concept for audience development programs for European Capitals of Culture (for Wroc\u0142aw 2016 and Kaunas 2022). She has also worked with other Capitals, including Ko\u0161ice 2013, Rijeka 2020, and Tren\u010d\u00edn 2026. Since 2022, she has been part of the Budweis 2028 team. In the past, she worked on cultural policy \u2013 both locally and at the European level (from EU programs and support for the creative sector to European Capitals of Culture and the Eastern Partnership). For more than a decade, she has also been associated with Fabryka Sztuki in \u0141\u00f3d\u017a and its ART_INKUBATOR. In life and work, she is guided by the principle of social usefulness. She helps wherever and however she can. She believes that audience development cannot be considered without accessibility. She not only supports others, but also coordinates the delivery of inclusive events herself. She believes that only \u201ccalm can save us\u201d and that \u201cnothing is impossible\u201d.<\/p>\n<\/details>\n<p>&nbsp;<br \/>\n<strong>Access to Culture (8 h)<\/strong><\/p>\n<details>\n<summary>Read more<\/summary>\n<p>Accessibility as a way of thinking about participation in culture. Identifying barriers along the entire audience journey \u2013 from finding information and planning a visit to taking part in an event. Designing solutions that support independent, safe, and full participation for people with lived experience of disability.<\/p>\n<p>The workshop will be led by Agata Etmanowicz.<\/p>\n<p><strong>Agata Etmanowicz<\/strong> \u2013 on a daily basis, she \u201cconnects the dots\u201d and asks a lot of questions, encouraging others to do the same. She designs and leads not only workshops, but also processes and programs for culture sector professionals (within specific fields, across sectors, and for individual organizations). She created the concept for audience development programs for European Capitals of Culture (for Wroc\u0142aw 2016 and Kaunas 2022). She has also worked with other Capitals, including Ko\u0161ice 2013, Rijeka 2020, and Tren\u010d\u00edn 2026. Since 2022, she has been part of the Budweis 2028 team. In the past, she worked on cultural policy \u2013 both locally and at the European level (from EU programs and support for the creative sector to European Capitals of Culture and the Eastern Partnership). For more than a decade, she has also been associated with Fabryka Sztuki in \u0141\u00f3d\u017a and its ART_INKUBATOR. In life and work, she is guided by the principle of social usefulness. She helps wherever and however she can. She believes that audience development cannot be considered without accessibility. She not only supports others, but also coordinates the delivery of inclusive events herself. She believes that only \u201ccalm can save us\u201d and that \u201cnothing is impossible\u201d.<\/p>\n<\/details>\n<p>&nbsp;<br \/>\n<strong>Creating Innovation \/ Creative Jam (16 h)<\/strong><\/p>\n<details>\n<summary>Read more<\/summary>\n<p>The final session will take the form of a creative workshop based on the design thinking method. Creative Jam is an intensive workshop focused on designing new solutions for culture, combining work on innovation with exploring tools that support creative processes. The projects developed during the workshop will be evaluated by experts and, together with a knowledge test, will serve as the course assessment.<\/p>\n<p>The workshop will be led by Krzysztof O\u017c\u00f3g.<\/p>\n<p><strong>Krzysztof O\u017c\u00f3g<\/strong> \u2013 strategic designer and manager at Accenture. For more than a dozen years, he has worked at the intersection of design, business, and technology, helping teams structure complex problems, make decisions, and test ideas in practice. He has built design teams, developed service design capabilities, and led complex initiatives for the business and public sectors. He is most interested in the moment when the discussion about ideas ends and the question begins: what can actually be done with them? At Creative Jam, he will make sure things do not end with a very intelligent discussion and a wall full of sticky notes.<\/p>\n<\/details>\n","protected":false},"excerpt":{"rendered":"<p>About Inkubator Kultury (Culture Incubator) is a comprehensive development program [&hellip;]<\/p>\n","protected":false},"author":22,"featured_media":39285,"comment_status":"closed","ping_status":"closed","template":"","meta":{"_acf_changed":false,"ngg_post_thumbnail":0},"tags":[69],"mec_category":[507],"class_list":["post-39485","mec-events","type-mec-events","status-publish","has-post-thumbnail","hentry","tag-cultural-sector","mec_category-culture-incubator"],"acf":[],"yoast_head":"<!-- This site is optimized with the Yoast SEO plugin v22.0 - https:\/\/yoast.com\/wordpress\/plugins\/seo\/ -->\n<title>Inkubator Kultury | registration for the 2026 edition - Warsztaty Kultury<\/title>\n<meta name=\"robots\" content=\"index, follow, max-snippet:-1, max-image-preview:large, max-video-preview:-1\" \/>\n<link rel=\"canonical\" href=\"https:\/\/warsztatykultury.pl\/en\/wydarzenia\/inkubator-kultury-registration-for-the-2026-edition\/\" \/>\n<meta property=\"og:locale\" content=\"en_US\" \/>\n<meta property=\"og:type\" content=\"article\" \/>\n<meta property=\"og:title\" content=\"Inkubator Kultury | registration for the 2026 edition - Warsztaty Kultury\" \/>\n<meta property=\"og:description\" content=\"About Inkubator Kultury (Culture Incubator) is a comprehensive development program [&hellip;]\" \/>\n<meta property=\"og:url\" content=\"https:\/\/warsztatykultury.pl\/en\/wydarzenia\/inkubator-kultury-registration-for-the-2026-edition\/\" \/>\n<meta property=\"og:site_name\" content=\"Warsztaty Kultury\" \/>\n<meta property=\"article:publisher\" content=\"https:\/\/www.facebook.com\/WarsztatyKultury\/\" \/>\n<meta property=\"article:modified_time\" content=\"2026-08-31T13:33:14+00:00\" \/>\n<meta property=\"og:image\" content=\"https:\/\/warsztatykultury.pl\/wp-content\/uploads\/2026\/08\/strona2-prawie-hd.png\" \/>\n\t<meta property=\"og:image:width\" content=\"1920\" \/>\n\t<meta property=\"og:image:height\" content=\"1000\" \/>\n\t<meta property=\"og:image:type\" content=\"image\/png\" \/>\n<meta name=\"twitter:card\" content=\"summary_large_image\" \/>\n<meta name=\"twitter:label1\" content=\"Est. reading time\" \/>\n\t<meta name=\"twitter:data1\" content=\"12 minutes\" \/>\n<script type=\"application\/ld+json\" class=\"yoast-schema-graph\">{\"@context\":\"https:\/\/schema.org\",\"@graph\":[{\"@type\":\"WebPage\",\"@id\":\"https:\/\/warsztatykultury.pl\/en\/wydarzenia\/inkubator-kultury-registration-for-the-2026-edition\/\",\"url\":\"https:\/\/warsztatykultury.pl\/en\/wydarzenia\/inkubator-kultury-registration-for-the-2026-edition\/\",\"name\":\"Inkubator Kultury | registration for the 2026 edition - Warsztaty Kultury\",\"isPartOf\":{\"@id\":\"https:\/\/warsztatykultury.pl\/pl\/#website\"},\"datePublished\":\"2026-08-31T13:32:10+00:00\",\"dateModified\":\"2026-08-31T13:33:14+00:00\",\"breadcrumb\":{\"@id\":\"https:\/\/warsztatykultury.pl\/en\/wydarzenia\/inkubator-kultury-registration-for-the-2026-edition\/#breadcrumb\"},\"inLanguage\":\"en-US\",\"potentialAction\":[{\"@type\":\"ReadAction\",\"target\":[\"https:\/\/warsztatykultury.pl\/en\/wydarzenia\/inkubator-kultury-registration-for-the-2026-edition\/\"]}]},{\"@type\":\"BreadcrumbList\",\"@id\":\"https:\/\/warsztatykultury.pl\/en\/wydarzenia\/inkubator-kultury-registration-for-the-2026-edition\/#breadcrumb\",\"itemListElement\":[{\"@type\":\"ListItem\",\"position\":1,\"name\":\"Strona g\u0142\u00f3wna\",\"item\":\"https:\/\/warsztatykultury.pl\/pl\/\"},{\"@type\":\"ListItem\",\"position\":2,\"name\":\"Events\",\"item\":\"https:\/\/warsztatykultury.pl\/en\/wydarzenia\/\"},{\"@type\":\"ListItem\",\"position\":3,\"name\":\"Inkubator Kultury | registration for the 2026 edition\"}]},{\"@type\":\"WebSite\",\"@id\":\"https:\/\/warsztatykultury.pl\/pl\/#website\",\"url\":\"https:\/\/warsztatykultury.pl\/pl\/\",\"name\":\"Warsztaty Kultury\",\"description\":\"\",\"publisher\":{\"@id\":\"https:\/\/warsztatykultury.pl\/pl\/#organization\"},\"potentialAction\":[{\"@type\":\"SearchAction\",\"target\":{\"@type\":\"EntryPoint\",\"urlTemplate\":\"https:\/\/warsztatykultury.pl\/pl\/?s={search_term_string}\"},\"query-input\":\"required name=search_term_string\"}],\"inLanguage\":\"en-US\"},{\"@type\":\"Organization\",\"@id\":\"https:\/\/warsztatykultury.pl\/pl\/#organization\",\"name\":\"Warsztaty Kultury w Lublinie\",\"url\":\"https:\/\/warsztatykultury.pl\/pl\/\",\"logo\":{\"@type\":\"ImageObject\",\"inLanguage\":\"en-US\",\"@id\":\"https:\/\/warsztatykultury.pl\/pl\/#\/schema\/logo\/image\/\",\"url\":\"https:\/\/warsztatykultury.pl\/wp-content\/uploads\/2020\/05\/LogoWKRetina-e1589382721171.png\",\"contentUrl\":\"https:\/\/warsztatykultury.pl\/wp-content\/uploads\/2020\/05\/LogoWKRetina-e1589382721171.png\",\"width\":700,\"height\":112,\"caption\":\"Warsztaty Kultury w Lublinie\"},\"image\":{\"@id\":\"https:\/\/warsztatykultury.pl\/pl\/#\/schema\/logo\/image\/\"},\"sameAs\":[\"https:\/\/www.facebook.com\/WarsztatyKultury\/\",\"https:\/\/www.instagram.com\/warsztatykultury\/?hl=pl\",\"https:\/\/www.youtube.com\/user\/WarsztatyKultury\",\"https:\/\/pl.wikipedia.org\/wiki\/Warsztaty_Kultury\"]}]}<\/script>\n<!-- \/ Yoast SEO plugin. -->","yoast_head_json":{"title":"Inkubator Kultury | registration for the 2026 edition - Warsztaty Kultury","robots":{"index":"index","follow":"follow","max-snippet":"max-snippet:-1","max-image-preview":"max-image-preview:large","max-video-preview":"max-video-preview:-1"},"canonical":"https:\/\/warsztatykultury.pl\/en\/wydarzenia\/inkubator-kultury-registration-for-the-2026-edition\/","og_locale":"en_US","og_type":"article","og_title":"Inkubator Kultury | registration for the 2026 edition - Warsztaty Kultury","og_description":"About Inkubator Kultury (Culture Incubator) is a comprehensive development program [&hellip;]","og_url":"https:\/\/warsztatykultury.pl\/en\/wydarzenia\/inkubator-kultury-registration-for-the-2026-edition\/","og_site_name":"Warsztaty Kultury","article_publisher":"https:\/\/www.facebook.com\/WarsztatyKultury\/","article_modified_time":"2026-08-31T13:33:14+00:00","og_image":[{"width":1920,"height":1000,"url":"https:\/\/warsztatykultury.pl\/wp-content\/uploads\/2026\/08\/strona2-prawie-hd.png","type":"image\/png"}],"twitter_card":"summary_large_image","twitter_misc":{"Est. reading time":"12 minutes"},"schema":{"@context":"https:\/\/schema.org","@graph":[{"@type":"WebPage","@id":"https:\/\/warsztatykultury.pl\/en\/wydarzenia\/inkubator-kultury-registration-for-the-2026-edition\/","url":"https:\/\/warsztatykultury.pl\/en\/wydarzenia\/inkubator-kultury-registration-for-the-2026-edition\/","name":"Inkubator Kultury | registration for the 2026 edition - Warsztaty Kultury","isPartOf":{"@id":"https:\/\/warsztatykultury.pl\/pl\/#website"},"datePublished":"2026-08-31T13:32:10+00:00","dateModified":"2026-08-31T13:33:14+00:00","breadcrumb":{"@id":"https:\/\/warsztatykultury.pl\/en\/wydarzenia\/inkubator-kultury-registration-for-the-2026-edition\/#breadcrumb"},"inLanguage":"en-US","potentialAction":[{"@type":"ReadAction","target":["https:\/\/warsztatykultury.pl\/en\/wydarzenia\/inkubator-kultury-registration-for-the-2026-edition\/"]}]},{"@type":"BreadcrumbList","@id":"https:\/\/warsztatykultury.pl\/en\/wydarzenia\/inkubator-kultury-registration-for-the-2026-edition\/#breadcrumb","itemListElement":[{"@type":"ListItem","position":1,"name":"Strona g\u0142\u00f3wna","item":"https:\/\/warsztatykultury.pl\/pl\/"},{"@type":"ListItem","position":2,"name":"Events","item":"https:\/\/warsztatykultury.pl\/en\/wydarzenia\/"},{"@type":"ListItem","position":3,"name":"Inkubator Kultury | registration for the 2026 edition"}]},{"@type":"WebSite","@id":"https:\/\/warsztatykultury.pl\/pl\/#website","url":"https:\/\/warsztatykultury.pl\/pl\/","name":"Warsztaty Kultury","description":"","publisher":{"@id":"https:\/\/warsztatykultury.pl\/pl\/#organization"},"potentialAction":[{"@type":"SearchAction","target":{"@type":"EntryPoint","urlTemplate":"https:\/\/warsztatykultury.pl\/pl\/?s={search_term_string}"},"query-input":"required name=search_term_string"}],"inLanguage":"en-US"},{"@type":"Organization","@id":"https:\/\/warsztatykultury.pl\/pl\/#organization","name":"Warsztaty Kultury w Lublinie","url":"https:\/\/warsztatykultury.pl\/pl\/","logo":{"@type":"ImageObject","inLanguage":"en-US","@id":"https:\/\/warsztatykultury.pl\/pl\/#\/schema\/logo\/image\/","url":"https:\/\/warsztatykultury.pl\/wp-content\/uploads\/2020\/05\/LogoWKRetina-e1589382721171.png","contentUrl":"https:\/\/warsztatykultury.pl\/wp-content\/uploads\/2020\/05\/LogoWKRetina-e1589382721171.png","width":700,"height":112,"caption":"Warsztaty Kultury w Lublinie"},"image":{"@id":"https:\/\/warsztatykultury.pl\/pl\/#\/schema\/logo\/image\/"},"sameAs":["https:\/\/www.facebook.com\/WarsztatyKultury\/","https:\/\/www.instagram.com\/warsztatykultury\/?hl=pl","https:\/\/www.youtube.com\/user\/WarsztatyKultury","https:\/\/pl.wikipedia.org\/wiki\/Warsztaty_Kultury"]}]}},"_links":{"self":[{"href":"https:\/\/warsztatykultury.pl\/en\/wp-json\/wp\/v2\/mec-events\/39485","targetHints":{"allow":["GET"]}}],"collection":[{"href":"https:\/\/warsztatykultury.pl\/en\/wp-json\/wp\/v2\/mec-events"}],"about":[{"href":"https:\/\/warsztatykultury.pl\/en\/wp-json\/wp\/v2\/types\/mec-events"}],"author":[{"embeddable":true,"href":"https:\/\/warsztatykultury.pl\/en\/wp-json\/wp\/v2\/users\/22"}],"replies":[{"embeddable":true,"href":"https:\/\/warsztatykultury.pl\/en\/wp-json\/wp\/v2\/comments?post=39485"}],"wp:featuredmedia":[{"embeddable":true,"href":"https:\/\/warsztatykultury.pl\/en\/wp-json\/wp\/v2\/media\/39285"}],"wp:attachment":[{"href":"https:\/\/warsztatykultury.pl\/en\/wp-json\/wp\/v2\/media?parent=39485"}],"wp:term":[{"taxonomy":"post_tag","embeddable":true,"href":"https:\/\/warsztatykultury.pl\/en\/wp-json\/wp\/v2\/tags?post=39485"},{"taxonomy":"mec_category","embeddable":true,"href":"https:\/\/warsztatykultury.pl\/en\/wp-json\/wp\/v2\/mec_category?post=39485"}],"curies":[{"name":"wp","href":"https:\/\/api.w.org\/{rel}","templated":true}]}}