{"id":33126,"date":"2025-09-15T14:30:22","date_gmt":"2025-09-15T12:30:22","guid":{"rendered":"https:\/\/warsztatykultury.pl\/?post_type=mec-events&#038;p=33126"},"modified":"2025-09-15T14:34:10","modified_gmt":"2025-09-15T12:34:10","slug":"bulwersowali-prowokowali-gorszyli-o-artystach-odwaznych-cykl-wykladow-sztuka-ktora-opowiada-historie","status":"publish","type":"mec-events","link":"https:\/\/warsztatykultury.pl\/pl\/wydarzenia\/bulwersowali-prowokowali-gorszyli-o-artystach-odwaznych-cykl-wykladow-sztuka-ktora-opowiada-historie\/","title":{"rendered":"Bulwersowali, prowokowali, gorszyli. O artystach odwa\u017cnych | Cykl wyk\u0142ad\u00f3w \u201eSztuka, kt\u00f3ra opowiada histori\u0119\u201d"},"content":{"rendered":"<h2>Opis<\/h2>\n<p>Je\u015bli lubisz sztuk\u0119, kt\u00f3ra prowokuje do my\u015blenia i wywo\u0142uje emocje \u2013 ten wyk\u0142ad jest dla Ciebie. 16 pa\u017adziernika w Warsztatach Kultury w Lublinie odkryjesz historie artyst\u00f3w i artystek, kt\u00f3rzy odwa\u017cyli si\u0119 przekracza\u0107 granice i zmienia\u0107 bieg historii sztuki. Dowiesz si\u0119, dlaczego jedne dzie\u0142a wywo\u0142ywa\u0142y skandale, inne inspirowa\u0142y ca\u0142e pokolenia i jak prowokacja mo\u017ce sta\u0107 si\u0119 impulsem do nowych idei. To spotkanie dla wszystkich, kt\u00f3rzy chc\u0105 lepiej rozumie\u0107 wsp\u00f3\u0142czesn\u0105 kultur\u0119, szukaj\u0105 inspiracji i lubi\u0105 spojrze\u0107 na sztuk\u0119 z innej perspektywy.<\/p>\n<p>Sztuka prowokuje i wywo\u0142uje spory, ale jednocze\u015bnie potrafi wyznacza\u0107 nowe kierunki my\u015blenia. Podczas wyk\u0142adu zatytu\u0142owanego \u201eBulwersowali, prowokowali, gorszyli. O artystach odwa\u017cnych\u201d przyjrzymy si\u0119 tw\u00f3rcom i tw\u00f3rczyniom, kt\u00f3rzy \u015bwiadomie przekraczali granice.<\/p>\n<p>Sztuka jest po to, by wzbudza\u0107 emocje, i to nie tylko te pozytywne. Od wiek\u00f3w zadaje niewygodne pytania, prowokuje, szokuje swoj\u0105 tre\u015bci\u0105 i form\u0105. Konsekwencj\u0105 przekraczania granic spo\u0142ecznych, religijnych czy politycznych przez artyst\u00f3w, bywa\u0142o usuni\u0119cie ich dzie\u0142 z przestrzeni publicznej i nies\u0142awa.<\/p>\n<p>Prowokacja artystyczna, \u015bwiadoma lub mimowolna, b\u0119dzie motywem przewodnim pa\u017adziernikowego wyk\u0142adu z cyklu \u201eSztuka, kt\u00f3ra opowiada histori\u0119\u201d. Prowokacyjne dzie\u0142a powodowa\u0142y rewolucj\u0119 w sztuce, sta\u0142y si\u0119 ikonami lub inspirowa\u0142y. Kontrowersyjne nowo\u015bci wznieca\u0142y potrzeb\u0119 na\u015bladownictwa a \u201erewolucje sta\u0142y si\u0119 akademi\u0105\u201d. M. Duchamp, kt\u00f3ry stworzy\u0142 jedno z najbardziej znanych dzie\u0142 prowokacji &#8211; \u201eFontann\u0119\u201d, z buntownika sta\u0142 si\u0119 gwiazd\u0105 awangardy i jednym z najbardziej wp\u0142ywowych artyst\u00f3w XX wieku.<\/p>\n<p>Sztuka wsp\u00f3\u0142czesna cz\u0119\u015bciej budzi kontrowersje i&nbsp;przybiera niekonwencjonalne formy, ostrze krytyki dotyka cz\u0119sto religii, historii, cielesno\u015bci, p\u0142ci czy to\u017csamo\u015bci spo\u0142ecznej. Arty\u015bci i artystki pr\u00f3buj\u0105 poruszy\u0107 sumienia, wstrz\u0105sa\u0107, prowokowa\u0107 do namys\u0142u lub dzia\u0142ania. Sztuka bywa przedmiotem publicznych dyskusji, cz\u0119sto gwa\u0142townych. Ale czy dzia\u0142ania artystyczne faktycznie mog\u0105 wp\u0142yn\u0105\u0107 na zachowania ludzi? Skandal towarzysz\u0105cy sztuce wsp\u00f3\u0142czesnej sta\u0142 si\u0119 powszechny, warto jednak podkre\u015bli\u0107, \u017ce by\u0142 on obecny r\u00f3wnie\u017c w&nbsp;poprzednich epokach. Cho\u0107 prowokacji przychylne sta\u0142y si\u0119 tzw. izmy od impresjonizmu po sztuk\u0119 konceptualn\u0105, to na fali oburzenia krytykowano w&nbsp;XVI wieku dzie\u0142a nawet takich artyst\u00f3w jak Micha\u0142 Anio\u0142, w XVII wieku obrazy Caravaggia, a&nbsp;w&nbsp;wieku XIX realistyczne p\u0142\u00f3tna G. Courbeta czy E. Maneta. \u201eOlimpia\u201d Maneta sta\u0142a si\u0119 symbolem odmitologizowania sztuki. Postawa malarza nie zosta\u0142a uznana jednak za gest odwagi, lecz wulgaryzmu.<\/p>\n<p>Wyk\u0142ad b\u0119dzie refleksj\u0105 nad znaczeniem pionierskich i niejednokrotnie blu\u017anierczych dzie\u0142, nad ich innowacyjno\u015bci\u0105 oraz wp\u0142ywem na dalszy rozw\u00f3j sztuki, tworzonych przez mistrz\u00f3w dawnych epok oraz wsp\u00f3\u0142czesnych tw\u00f3rc\u00f3w i tw\u00f3rczynie. Odniesiemy si\u0119 do tw\u00f3rczo\u015bci artyst\u00f3w i artystek wnikliwie komentuj\u0105cych i&nbsp;oceniaj\u0105cych swoj\u0105 wsp\u00f3\u0142czesno\u015b\u0107, i tych, kt\u00f3rzy prezentuj\u0105c swoje dzie\u0142a, liczyli na rozg\u0142os, m.in. R. Rauschenberga,&nbsp; A. Warhola, Judy Chicago, Katarzyny Kozyry, Ai Weiweia, A. Serrano, M. Cattelana czy autora niewidzialnej rze\u017aby S. Garau, kt\u00f3rej jedynym dowodem istnienia jest certyfikat i fakt sprzeda\u017cy na aukcji.<\/p>\n<p>Wyk\u0142ad poprowadzi Kamila \u015apiewla-Kasperek \u2013 plastyczka, nauczycielka historii sztuki, animatorka.<\/p>\n<h2><strong>O cyklu<\/strong><\/h2>\n<p>Wyk\u0142ad \u201eBulwersowali, prowokowali, gorszyli. O artystach odwa\u017cnych\u201d zainauguruje cykl wyk\u0142ad\u00f3w \u201eSztuka, kt\u00f3ra opowiada historie\u201d. B\u0119d\u0105 to spotkania z histori\u0105 sztuki, podczas kt\u00f3rych przyjrzymy si\u0119 obrazom oraz ich tw\u00f3rcom i tw\u00f3rczyniom w intryguj\u0105cych, cz\u0119sto zaskakuj\u0105cych kontekstach. Ka\u017cdy wyk\u0142ad to wyj\u0105tkowa podr\u00f3\u017c przez dzie\u0142a i biografie artyst\u00f3w i artystek, odkrywanie nieoczywistych w\u0105tk\u00f3w i spojrzenie na sztuk\u0119 jako opowie\u015b\u0107 pe\u0142n\u0105 emocji, tajemnic i inspiracji.<\/p>\n<p>&nbsp;<\/p>\n<h2><strong>Informacje praktyczne<\/strong><\/h2>\n<p><strong><br \/>\nKiedy:<\/strong> 16 pa\u017adziernika 2025, godz. 17:00-18:00<br \/>\n<strong>Gdzie:<\/strong> Warsztaty Kultury w Lublinie, ul. Grodzka 5a \u2013 sala widowiskowa II pi\u0119tro<br \/>\n<strong>Dla kogo:<\/strong> doro\u015bli<br \/>\n<strong>Wst\u0119p wolny<\/strong><\/p>\n<h2><strong>Dost\u0119pno\u015b\u0107<\/strong><\/h2>\n<p>wydarzenie odbywa si\u0119 w miejscu niedost\u0119pnym architektonicznie<\/p>\n<p><img decoding=\"async\" class=\"lazyload alignnone size-full wp-image-30713\" src=\"data:image\/svg+xml,%3Csvg%20xmlns%3D%27http%3A%2F%2Fwww.w3.org%2F2000%2Fsvg%27%20width%3D%2746%27%20height%3D%2732%27%20viewBox%3D%270%200%2046%2032%27%3E%3Crect%20width%3D%2746%27%20height%3D%2732%27%20fill-opacity%3D%220%22%2F%3E%3C%2Fsvg%3E\" data-orig-src=\"https:\/\/warsztatykultury.pl\/wp-content\/uploads\/2025\/01\/ikonki_suchawki_32.webp\" alt=\"Ikonka ze s\u0142uchawkami i sercem na \u015brodku.\" width=\"46\" height=\"32\"> s\u0142uchawki wyciszaj\u0105ce<br \/>\nZapytaj o udogodnienia: <a href=\"https:\/\/forms.gle\/h9h1Pymro8BPd3hi9\">https:\/\/forms.gle\/h9h1Pymro8BPd3hi9<\/a><br \/>\nPoczytaj o dost\u0119pno\u015bci Warsztat\u00f3w Kultury i skontaktuj si\u0119 z nami: https:\/\/warsztatykultury.pl\/pl\/dostepnosc\/<\/p>\n<h2>Sprawd\u017a jak doj\u015b\u0107 i bariery architektoniczne<\/h2>\n<div class=\"fusion-video fusion-youtube\" style=\"--awb-max-width:600px;--awb-max-height:360px;\"><div class=\"video-shortcode\"><div class=\"fluid-width-video-wrapper\" style=\"padding-top:60%;\" ><iframe class=\"fusion-hidden\" data-privacy-type=\"youtube\" src=\"\" title=\"YouTube video player 1\" data-privacy-src=\"https:\/\/www.youtube.com\/embed\/Vwch6q1EnSI?wmode=transparent&autoplay=0\" width=\"600\" height=\"360\" allowfullscreen allow=\"autoplay; fullscreen\"><\/iframe><div class=\"fusion-privacy-placeholder\" style=\"width:600px; height:360px;\" data-privacy-type=\"youtube\"><div class=\"fusion-privacy-placeholder-content\"><div class=\"fusion-privacy-label\">For privacy reasons YouTube needs your permission to be loaded. For more details, please see our <a class=\"privacy-policy-link\" href=\"https:\/\/warsztatykultury.pl\/pl\/polityka-prywatnosci\/\" rel=\"privacy-policy\">Polityka prywatno\u015bci<\/a>.<\/div><a href=\"\" data-privacy-type=\"youtube\" class=\"fusion-button button-default fusion-button-default-size button fusion-privacy-consent\">I Accept<\/a><\/div><\/div><\/div><\/div><\/div>\n","protected":false},"excerpt":{"rendered":"<p>Opis Je\u015bli lubisz sztuk\u0119, kt\u00f3ra prowokuje do my\u015blenia i wywo\u0142uje [&hellip;]<\/p>\n","protected":false},"author":1,"featured_media":33135,"comment_status":"closed","ping_status":"closed","template":"","meta":{"_acf_changed":false,"ngg_post_thumbnail":0},"tags":[22,92],"mec_category":[35],"class_list":["post-33126","mec-events","type-mec-events","status-publish","has-post-thumbnail","hentry","tag-dorosli","tag-sztuki-wizualne","mec_category-miastoczulosc"],"acf":[],"yoast_head":"<!-- This site is optimized with the Yoast SEO plugin v22.0 - https:\/\/yoast.com\/wordpress\/plugins\/seo\/ -->\n<title>Bulwersowali, prowokowali, gorszyli. O artystach odwa\u017cnych | Cykl wyk\u0142ad\u00f3w \u201eSztuka, kt\u00f3ra opowiada histori\u0119\u201d - Warsztaty Kultury<\/title>\n<meta name=\"description\" content=\"16 pa\u017adziernika w Warsztatach Kultury w Lublinie odkryjesz historie artyst\u00f3w i artystek, kt\u00f3rzy odwa\u017cyli si\u0119 przekracza\u0107 granice.\" \/>\n<meta name=\"robots\" content=\"index, follow, max-snippet:-1, max-image-preview:large, max-video-preview:-1\" \/>\n<link rel=\"canonical\" href=\"https:\/\/warsztatykultury.pl\/pl\/wydarzenia\/bulwersowali-prowokowali-gorszyli-o-artystach-odwaznych-cykl-wykladow-sztuka-ktora-opowiada-historie\/\" \/>\n<meta property=\"og:locale\" content=\"pl_PL\" \/>\n<meta property=\"og:type\" content=\"article\" \/>\n<meta property=\"og:title\" content=\"Bulwersowali, prowokowali, gorszyli. O artystach odwa\u017cnych | Cykl wyk\u0142ad\u00f3w \u201eSztuka, kt\u00f3ra opowiada histori\u0119\u201d - Warsztaty Kultury\" \/>\n<meta property=\"og:description\" content=\"16 pa\u017adziernika w Warsztatach Kultury w Lublinie odkryjesz historie artyst\u00f3w i artystek, kt\u00f3rzy odwa\u017cyli si\u0119 przekracza\u0107 granice.\" \/>\n<meta property=\"og:url\" content=\"https:\/\/warsztatykultury.pl\/pl\/wydarzenia\/bulwersowali-prowokowali-gorszyli-o-artystach-odwaznych-cykl-wykladow-sztuka-ktora-opowiada-historie\/\" \/>\n<meta property=\"og:site_name\" content=\"Warsztaty Kultury\" \/>\n<meta property=\"article:publisher\" content=\"https:\/\/www.facebook.com\/WarsztatyKultury\/\" \/>\n<meta property=\"article:modified_time\" content=\"2025-09-15T12:34:10+00:00\" \/>\n<meta property=\"og:image\" content=\"https:\/\/warsztatykultury.pl\/wp-content\/uploads\/2025\/09\/prowokacje_hd.webp\" \/>\n\t<meta property=\"og:image:width\" content=\"1920\" \/>\n\t<meta property=\"og:image:height\" content=\"1080\" \/>\n\t<meta property=\"og:image:type\" content=\"image\/webp\" \/>\n<meta name=\"twitter:card\" content=\"summary_large_image\" \/>\n<meta name=\"twitter:label1\" content=\"Szacowany czas czytania\" \/>\n\t<meta name=\"twitter:data1\" content=\"3 minuty\" \/>\n<script type=\"application\/ld+json\" class=\"yoast-schema-graph\">{\"@context\":\"https:\/\/schema.org\",\"@graph\":[{\"@type\":\"WebPage\",\"@id\":\"https:\/\/warsztatykultury.pl\/pl\/wydarzenia\/bulwersowali-prowokowali-gorszyli-o-artystach-odwaznych-cykl-wykladow-sztuka-ktora-opowiada-historie\/\",\"url\":\"https:\/\/warsztatykultury.pl\/pl\/wydarzenia\/bulwersowali-prowokowali-gorszyli-o-artystach-odwaznych-cykl-wykladow-sztuka-ktora-opowiada-historie\/\",\"name\":\"Bulwersowali, prowokowali, gorszyli. O artystach odwa\u017cnych | Cykl wyk\u0142ad\u00f3w \u201eSztuka, kt\u00f3ra opowiada histori\u0119\u201d - Warsztaty Kultury\",\"isPartOf\":{\"@id\":\"https:\/\/warsztatykultury.pl\/pl\/#website\"},\"datePublished\":\"2025-09-15T12:30:22+00:00\",\"dateModified\":\"2025-09-15T12:34:10+00:00\",\"description\":\"16 pa\u017adziernika w Warsztatach Kultury w Lublinie odkryjesz historie artyst\u00f3w i artystek, kt\u00f3rzy odwa\u017cyli si\u0119 przekracza\u0107 granice.\",\"breadcrumb\":{\"@id\":\"https:\/\/warsztatykultury.pl\/pl\/wydarzenia\/bulwersowali-prowokowali-gorszyli-o-artystach-odwaznych-cykl-wykladow-sztuka-ktora-opowiada-historie\/#breadcrumb\"},\"inLanguage\":\"pl-PL\",\"potentialAction\":[{\"@type\":\"ReadAction\",\"target\":[\"https:\/\/warsztatykultury.pl\/pl\/wydarzenia\/bulwersowali-prowokowali-gorszyli-o-artystach-odwaznych-cykl-wykladow-sztuka-ktora-opowiada-historie\/\"]}]},{\"@type\":\"BreadcrumbList\",\"@id\":\"https:\/\/warsztatykultury.pl\/pl\/wydarzenia\/bulwersowali-prowokowali-gorszyli-o-artystach-odwaznych-cykl-wykladow-sztuka-ktora-opowiada-historie\/#breadcrumb\",\"itemListElement\":[{\"@type\":\"ListItem\",\"position\":1,\"name\":\"Strona g\u0142\u00f3wna\",\"item\":\"https:\/\/warsztatykultury.pl\/pl\/\"},{\"@type\":\"ListItem\",\"position\":2,\"name\":\"Events\",\"item\":\"https:\/\/warsztatykultury.pl\/en\/wydarzenia\/\"},{\"@type\":\"ListItem\",\"position\":3,\"name\":\"Bulwersowali, prowokowali, gorszyli. O artystach odwa\u017cnych | Cykl wyk\u0142ad\u00f3w \u201eSztuka, kt\u00f3ra opowiada histori\u0119\u201d\"}]},{\"@type\":\"WebSite\",\"@id\":\"https:\/\/warsztatykultury.pl\/pl\/#website\",\"url\":\"https:\/\/warsztatykultury.pl\/pl\/\",\"name\":\"Warsztaty Kultury\",\"description\":\"\",\"publisher\":{\"@id\":\"https:\/\/warsztatykultury.pl\/pl\/#organization\"},\"potentialAction\":[{\"@type\":\"SearchAction\",\"target\":{\"@type\":\"EntryPoint\",\"urlTemplate\":\"https:\/\/warsztatykultury.pl\/pl\/?s={search_term_string}\"},\"query-input\":\"required name=search_term_string\"}],\"inLanguage\":\"pl-PL\"},{\"@type\":\"Organization\",\"@id\":\"https:\/\/warsztatykultury.pl\/pl\/#organization\",\"name\":\"Warsztaty Kultury w Lublinie\",\"url\":\"https:\/\/warsztatykultury.pl\/pl\/\",\"logo\":{\"@type\":\"ImageObject\",\"inLanguage\":\"pl-PL\",\"@id\":\"https:\/\/warsztatykultury.pl\/pl\/#\/schema\/logo\/image\/\",\"url\":\"https:\/\/warsztatykultury.pl\/wp-content\/uploads\/2020\/05\/LogoWKRetina-e1589382721171.png\",\"contentUrl\":\"https:\/\/warsztatykultury.pl\/wp-content\/uploads\/2020\/05\/LogoWKRetina-e1589382721171.png\",\"width\":700,\"height\":112,\"caption\":\"Warsztaty Kultury w Lublinie\"},\"image\":{\"@id\":\"https:\/\/warsztatykultury.pl\/pl\/#\/schema\/logo\/image\/\"},\"sameAs\":[\"https:\/\/www.facebook.com\/WarsztatyKultury\/\",\"https:\/\/www.instagram.com\/warsztatykultury\/?hl=pl\",\"https:\/\/www.youtube.com\/user\/WarsztatyKultury\",\"https:\/\/pl.wikipedia.org\/wiki\/Warsztaty_Kultury\"]}]}<\/script>\n<!-- \/ Yoast SEO plugin. -->","yoast_head_json":{"title":"Bulwersowali, prowokowali, gorszyli. O artystach odwa\u017cnych | Cykl wyk\u0142ad\u00f3w \u201eSztuka, kt\u00f3ra opowiada histori\u0119\u201d - Warsztaty Kultury","description":"16 pa\u017adziernika w Warsztatach Kultury w Lublinie odkryjesz historie artyst\u00f3w i artystek, kt\u00f3rzy odwa\u017cyli si\u0119 przekracza\u0107 granice.","robots":{"index":"index","follow":"follow","max-snippet":"max-snippet:-1","max-image-preview":"max-image-preview:large","max-video-preview":"max-video-preview:-1"},"canonical":"https:\/\/warsztatykultury.pl\/pl\/wydarzenia\/bulwersowali-prowokowali-gorszyli-o-artystach-odwaznych-cykl-wykladow-sztuka-ktora-opowiada-historie\/","og_locale":"pl_PL","og_type":"article","og_title":"Bulwersowali, prowokowali, gorszyli. O artystach odwa\u017cnych | Cykl wyk\u0142ad\u00f3w \u201eSztuka, kt\u00f3ra opowiada histori\u0119\u201d - Warsztaty Kultury","og_description":"16 pa\u017adziernika w Warsztatach Kultury w Lublinie odkryjesz historie artyst\u00f3w i artystek, kt\u00f3rzy odwa\u017cyli si\u0119 przekracza\u0107 granice.","og_url":"https:\/\/warsztatykultury.pl\/pl\/wydarzenia\/bulwersowali-prowokowali-gorszyli-o-artystach-odwaznych-cykl-wykladow-sztuka-ktora-opowiada-historie\/","og_site_name":"Warsztaty Kultury","article_publisher":"https:\/\/www.facebook.com\/WarsztatyKultury\/","article_modified_time":"2025-09-15T12:34:10+00:00","og_image":[{"width":1920,"height":1080,"url":"https:\/\/warsztatykultury.pl\/wp-content\/uploads\/2025\/09\/prowokacje_hd.webp","type":"image\/webp"}],"twitter_card":"summary_large_image","twitter_misc":{"Szacowany czas czytania":"3 minuty"},"schema":{"@context":"https:\/\/schema.org","@graph":[{"@type":"WebPage","@id":"https:\/\/warsztatykultury.pl\/pl\/wydarzenia\/bulwersowali-prowokowali-gorszyli-o-artystach-odwaznych-cykl-wykladow-sztuka-ktora-opowiada-historie\/","url":"https:\/\/warsztatykultury.pl\/pl\/wydarzenia\/bulwersowali-prowokowali-gorszyli-o-artystach-odwaznych-cykl-wykladow-sztuka-ktora-opowiada-historie\/","name":"Bulwersowali, prowokowali, gorszyli. O artystach odwa\u017cnych | Cykl wyk\u0142ad\u00f3w \u201eSztuka, kt\u00f3ra opowiada histori\u0119\u201d - Warsztaty Kultury","isPartOf":{"@id":"https:\/\/warsztatykultury.pl\/pl\/#website"},"datePublished":"2025-09-15T12:30:22+00:00","dateModified":"2025-09-15T12:34:10+00:00","description":"16 pa\u017adziernika w Warsztatach Kultury w Lublinie odkryjesz historie artyst\u00f3w i artystek, kt\u00f3rzy odwa\u017cyli si\u0119 przekracza\u0107 granice.","breadcrumb":{"@id":"https:\/\/warsztatykultury.pl\/pl\/wydarzenia\/bulwersowali-prowokowali-gorszyli-o-artystach-odwaznych-cykl-wykladow-sztuka-ktora-opowiada-historie\/#breadcrumb"},"inLanguage":"pl-PL","potentialAction":[{"@type":"ReadAction","target":["https:\/\/warsztatykultury.pl\/pl\/wydarzenia\/bulwersowali-prowokowali-gorszyli-o-artystach-odwaznych-cykl-wykladow-sztuka-ktora-opowiada-historie\/"]}]},{"@type":"BreadcrumbList","@id":"https:\/\/warsztatykultury.pl\/pl\/wydarzenia\/bulwersowali-prowokowali-gorszyli-o-artystach-odwaznych-cykl-wykladow-sztuka-ktora-opowiada-historie\/#breadcrumb","itemListElement":[{"@type":"ListItem","position":1,"name":"Strona g\u0142\u00f3wna","item":"https:\/\/warsztatykultury.pl\/pl\/"},{"@type":"ListItem","position":2,"name":"Events","item":"https:\/\/warsztatykultury.pl\/en\/wydarzenia\/"},{"@type":"ListItem","position":3,"name":"Bulwersowali, prowokowali, gorszyli. O artystach odwa\u017cnych | Cykl wyk\u0142ad\u00f3w \u201eSztuka, kt\u00f3ra opowiada histori\u0119\u201d"}]},{"@type":"WebSite","@id":"https:\/\/warsztatykultury.pl\/pl\/#website","url":"https:\/\/warsztatykultury.pl\/pl\/","name":"Warsztaty Kultury","description":"","publisher":{"@id":"https:\/\/warsztatykultury.pl\/pl\/#organization"},"potentialAction":[{"@type":"SearchAction","target":{"@type":"EntryPoint","urlTemplate":"https:\/\/warsztatykultury.pl\/pl\/?s={search_term_string}"},"query-input":"required name=search_term_string"}],"inLanguage":"pl-PL"},{"@type":"Organization","@id":"https:\/\/warsztatykultury.pl\/pl\/#organization","name":"Warsztaty Kultury w Lublinie","url":"https:\/\/warsztatykultury.pl\/pl\/","logo":{"@type":"ImageObject","inLanguage":"pl-PL","@id":"https:\/\/warsztatykultury.pl\/pl\/#\/schema\/logo\/image\/","url":"https:\/\/warsztatykultury.pl\/wp-content\/uploads\/2020\/05\/LogoWKRetina-e1589382721171.png","contentUrl":"https:\/\/warsztatykultury.pl\/wp-content\/uploads\/2020\/05\/LogoWKRetina-e1589382721171.png","width":700,"height":112,"caption":"Warsztaty Kultury w Lublinie"},"image":{"@id":"https:\/\/warsztatykultury.pl\/pl\/#\/schema\/logo\/image\/"},"sameAs":["https:\/\/www.facebook.com\/WarsztatyKultury\/","https:\/\/www.instagram.com\/warsztatykultury\/?hl=pl","https:\/\/www.youtube.com\/user\/WarsztatyKultury","https:\/\/pl.wikipedia.org\/wiki\/Warsztaty_Kultury"]}]}},"_links":{"self":[{"href":"https:\/\/warsztatykultury.pl\/pl\/wp-json\/wp\/v2\/mec-events\/33126","targetHints":{"allow":["GET"]}}],"collection":[{"href":"https:\/\/warsztatykultury.pl\/pl\/wp-json\/wp\/v2\/mec-events"}],"about":[{"href":"https:\/\/warsztatykultury.pl\/pl\/wp-json\/wp\/v2\/types\/mec-events"}],"author":[{"embeddable":true,"href":"https:\/\/warsztatykultury.pl\/pl\/wp-json\/wp\/v2\/users\/1"}],"replies":[{"embeddable":true,"href":"https:\/\/warsztatykultury.pl\/pl\/wp-json\/wp\/v2\/comments?post=33126"}],"wp:featuredmedia":[{"embeddable":true,"href":"https:\/\/warsztatykultury.pl\/pl\/wp-json\/wp\/v2\/media\/33135"}],"wp:attachment":[{"href":"https:\/\/warsztatykultury.pl\/pl\/wp-json\/wp\/v2\/media?parent=33126"}],"wp:term":[{"taxonomy":"post_tag","embeddable":true,"href":"https:\/\/warsztatykultury.pl\/pl\/wp-json\/wp\/v2\/tags?post=33126"},{"taxonomy":"mec_category","embeddable":true,"href":"https:\/\/warsztatykultury.pl\/pl\/wp-json\/wp\/v2\/mec_category?post=33126"}],"curies":[{"name":"wp","href":"https:\/\/api.w.org\/{rel}","templated":true}]}}