{"id":33456,"date":"2025-10-13T16:40:15","date_gmt":"2025-10-13T14:40:15","guid":{"rendered":"https:\/\/warsztatykultury.pl\/?post_type=mec-events&#038;p=33456"},"modified":"2025-10-23T12:53:37","modified_gmt":"2025-10-23T10:53:37","slug":"sprawunki-targi-wyjatkowych-rzeczy-2025-dolacz-do-listy-wystawcow","status":"publish","type":"mec-events","link":"https:\/\/warsztatykultury.pl\/pl\/wydarzenia\/sprawunki-targi-wyjatkowych-rzeczy-2025-dolacz-do-listy-wystawcow\/","title":{"rendered":"Sprawunki \u2013 Targi Wyj\u0105tkowych Rzeczy 2025 | Do\u0142\u0105cz do listy wystawc\u00f3w"},"content":{"rendered":"<p><a href=\"https:\/\/forms.gle\/4M14QRHF4u5oHJQd6\" target=\"_blank\" rel=\"noopener\"><strong>zg\u0142o\u015b si\u0119<\/strong><\/a><\/p>\n<p><strong>Sprawunki \u2013 Targi Wyj\u0105tkowych Rzeczy odb\u0119d\u0105 si\u0119 ju\u017c po raz \u00f3smy! 14 grudnia w zabytkowej kamienicy Warsztat\u00f3w Kultury przy ul. Grodzkiej 7 w Lublinie spotkaj\u0105 si\u0119 najbardziej kreatywni tw\u00f3rcy i tw\u00f3rczynie z Lublina i nie tylko. To idealna okazja, by znale\u017a\u0107 oryginalne prezenty pod choink\u0119 \u2013 od bi\u017cuterii po dzie\u0142a sztuki. Jest to r\u00f3wnie\u017c szansa dla os\u00f3b prezentuj\u0105cych swoj\u0105 tw\u00f3rczo\u015b\u0107 na dotarcie do nowych odbiorc\u00f3w i odbiorczy\u0144!<\/strong><\/p>\n<p>Bi\u017cuteria, ceramika, odzie\u017c, dodatki, kosmetyki, zabawki, a nawet dzie\u0142a sztuki kupione na Sprawunkach mog\u0105 sta\u0107 si\u0119 niezapomnianymi prezentami pod choink\u0119 dla najbli\u017cszych.<\/p>\n<h2><strong>Kogo szukamy?<\/strong><\/h2>\n<p>Do udzia\u0142u w wydarzeniu w charakterze wystawc\u00f3w zaproszone s\u0105 osoby zajmuj\u0105ce si\u0119 tw\u00f3rczo\u015bci\u0105, rzemios\u0142em i projektowaniem, oferuj\u0105ce w\u0142asne, autorskie kolekcje i wyroby \u2013 w szczeg\u00f3lno\u015bci r\u0119kodzie\u0142o, ozdoby oraz unikatowe produkty \u015bwi\u0105teczne.<\/p>\n<p>&#8211; Je\u015bli Twoja pasja to tworzenie bi\u017cuterii, \u015bwiec, ceramiki, naturalnych kosmetyk\u00f3w, grafik, obraz\u00f3w czy mody, to jeste\u015bmy zainteresowani Twoj\u0105 tw\u00f3rczo\u015bci\u0105. Nie ograniczamy asortymentu do wybranych bran\u017c czy kategorii produkt\u00f3w, ale oceniamy go przez pryzmat jako\u015bci, autorskiego charakteru i formatu mieszcz\u0105cego si\u0119 pod choink\u0105. Chcemy, aby na stoiskach pojawi\u0142y si\u0119 przedmioty produkowane w pojedynczych egzemplarzach lub bardzo kr\u00f3tkich seriach, kt\u00f3re zosta\u0142y wymy\u015blone i wykonane lokalnie. Cho\u0107 wydarzenie ma miejsce w Lublinie, serdecznie zapraszamy wystawczynie i wystawc\u00f3w z ca\u0142ej Polski. Zale\u017cy nam, aby Sprawunki by\u0142y miejscem spotkania os\u00f3b kreatywnych z ca\u0142ego kraju.<\/p>\n<p>Je\u015bli tworzysz:<\/p>\n<ul>\n<li>bi\u017cuteri\u0119, ceramik\u0119, odzie\u017c lub inne przedmioty u\u017cytkowe,<\/li>\n<li>wyj\u0105tkowe rzeczy z drewna, metalu, w\u0142\u00f3czki lub innych materia\u0142\u00f3w,<\/li>\n<li>obrazy, rze\u017aby lub inne dzie\u0142a sztuki,<\/li>\n<li>produkty ekologiczne,<\/li>\n<li>unikatowe przedmioty, kt\u00f3re mog\u0105 sta\u0107 si\u0119 bo\u017conarodzeniowym prezentem,<\/li>\n<\/ul>\n<p>to zapraszamy do udzia\u0142u w Sprawunkach \u2013 Targach Wyj\u0105tkowych Rzeczy!<\/p>\n<h2><strong>Dlaczego warto wystawi\u0107 si\u0119 na Sprawunkach?<\/strong><\/h2>\n<p>Za nami siedem udanych edycji, kt\u00f3re przyci\u0105gn\u0119\u0142y tysi\u0105ce odwiedzaj\u0105cych i dziesi\u0105tki wystawc\u00f3w z ca\u0142ej Polski. Wydarzenie zyska\u0142o sta\u0142\u0105 publiczno\u015b\u0107, a mieszka\u0144cy Lublina, kt\u00f3rzy ceni\u0105 sobie r\u0119kodzie\u0142o, czekaj\u0105 z zakupem prezent\u00f3w pod choink\u0119 w\u0142a\u015bnie na Sprawunki. Warsztaty Kultury zapewniaj\u0105 wyj\u0105tkow\u0105 opraw\u0119 i klimat wydarzenia w przepi\u0119knej kamienicy, usytuowanej w samym sercu Starego Miasta w Lublinie. Dzi\u0119ki temu na Sprawunki zagl\u0105daj\u0105 tak\u017ce przechodnie zach\u0119ceni gwarem i \u015bwi\u0105teczn\u0105 atmosfer\u0105.<\/p>\n<p>Sprawunki s\u0105 doskona\u0142\u0105 okazj\u0105 do spotkania si\u0119 z klientami na \u017cywo, poznania ich potrzeb i oczekiwa\u0144. To te\u017c szansa, \u017ceby wymieni\u0107 si\u0119 kontaktami z innymi r\u0119kodzielnikami i r\u0119kodzielniczkami, nawi\u0105za\u0107 nowe wsp\u00f3\u0142prace lub si\u0119 zainspirowa\u0107.<\/p>\n<p>Warsztaty Kultury w Lublinie zadbaj\u0105 r\u00f3wnie\u017c o promocj\u0119 wydarzenia oraz promocj\u0119 samych wystawc\u00f3w i wystawczy\u0144 na platformach spo\u0142eczno\u015bciowych takich jak Facebook czy Instagram, a tak\u017ce za pomoc\u0105 mailingu instytucji i lokalnego radia. Jest to doskona\u0142a okazja, aby zwi\u0119kszy\u0107 \u015bwiadomo\u015b\u0107 marki i dotrze\u0107 do szerszego grona odbiorc\u00f3w i odbiorczy\u0144. Osoby wystawiaj\u0105ce si\u0119 mog\u0105 wybra\u0107 standardowy lub premium pakiet promocji. Dok\u0142adne informacje dost\u0119pne s\u0105 w regulaminie wydarzenia.<\/p>\n<p>Podsumowuj\u0105c, Sprawunki \u2013 Targi Wyj\u0105tkowych Rzeczy to:<\/p>\n<ul>\n<li>Udzia\u0142 w du\u017cym wydarzeniu targowym w centrum Lublina;<\/li>\n<li>Sprawdzenie si\u0119 w kontakcie bezpo\u015brednim z odbiorcami;<\/li>\n<li>Mo\u017cliwo\u015b\u0107 konfrontacji swoich pomys\u0142\u00f3w z potrzebami rynku;<\/li>\n<li>Szansa na nowych wiernych klient\u00f3w;<\/li>\n<li>Inspiracje i wymiana pomys\u0142\u00f3w z innymi r\u0119kodzielnikami i r\u0119kodzielniczkami;<\/li>\n<li>Promocja marki w Internecie w kana\u0142ach Warsztat\u00f3w Kultury.<\/li>\n<\/ul>\n<h2><strong>Jak zdoby\u0107 swoje stoisko na Sprawunkach?<\/strong><\/h2>\n<p>&#8211; Liczba stoisk jest ograniczona. Co roku swoje zg\u0142oszenie przysy\u0142a blisko 90 ch\u0119tnych, a miejsc jest znacznie mniej. Przesy\u0142aj\u0105c zg\u0142oszenie nic jednak nie tracisz, a mo\u017cesz tylko zyska\u0107. Na ch\u0119tnych czekamy do 11 listopada 2025 r. Zg\u0142oszenia przyjmujemy za pomoc\u0105 formularza online umieszczonego na stronie warsztatykultury.pl, gdzie dost\u0119pny jest tak\u017ce szczeg\u00f3\u0142owy regulamin wydarzenia. Do 14 listopada 2025 r. wszyscy aplikuj\u0105cy otrzymaj\u0105 informacj\u0119 zwrotn\u0105 \u2013 informuje Wojciechowska.<\/p>\n<p><strong>Warunki:<\/strong><\/p>\n<ul>\n<li><strong>pakiet gwiazdkowy (250 z\u0142 netto)<\/strong>\n<ul>\n<li>Stoisko w ogrzewanych i zadaszonych pomieszczeniach kamienicy.<\/li>\n<li>Promocja premium: dodatkowy newsletter, autorskie posty na Facebooku i Instagramie, p\u0142atne reklamy.<\/li>\n<\/ul>\n<\/li>\n<li><strong>pakiet prezentowy (150 z\u0142 netto)<\/strong>\n<ul>\n<li>Stoisko w ogrzewanych i zadaszonych pomieszczeniach kamienicy.<\/li>\n<li>Standardowa promocja<\/li>\n<\/ul>\n<\/li>\n<\/ul>\n<ul>\n<li><strong>pakiet \u015bnie\u017cny (0 z\u0142)<\/strong>\n<ul>\n<li>Stoisko na patio lub otwartym holu wej\u015bciowym<\/li>\n<li>Standardowa promocja<\/li>\n<\/ul>\n<\/li>\n<\/ul>\n<h2><strong>Informacje praktyczne dla wystawc\u00f3w:<\/strong><\/h2>\n<p><strong>Nab\u00f3r: <\/strong>do 11 listopada 2025 r.<br \/>\n<strong>Wyniki: <\/strong>14 listopada 2025 r.<\/p>\n<p><strong><a href=\"https:\/\/forms.gle\/4M14QRHF4u5oHJQd6\" target=\"_blank\" rel=\"noopener\">Formularz zg\u0142oszeniowy<\/a><br \/>\n<a href=\"https:\/\/docs.google.com\/document\/d\/14nEhr4LeCZ23vRx8HVopu-J67M4rofJk\/edit?usp=sharing&amp;ouid=108586382748234749532&amp;rtpof=true&amp;sd=true\" target=\"_blank\" rel=\"noopener\">REGULAMIN<\/a><\/strong><\/p>\n<p><strong>Sprawunki \u2013 Targi Wyj\u0105tkowych Rzeczy<br \/>\nKiedy: <\/strong>14 grudnia 2025 r., godz. 10.00\u201318.00<br \/>\n<strong>Gdzie: <\/strong>Warsztaty Kultury w Lublinie, Grodzka 7<br \/>\n<strong>Wst\u0119p wolny dla kupuj\u0105cych<\/strong><\/p>\n<p>Pomys\u0142odawc\u0105 i organizatorem wydarzenia s\u0105 Warsztaty Kultury w Lublinie.<\/p>\n","protected":false},"excerpt":{"rendered":"<p>zg\u0142o\u015b si\u0119 Sprawunki \u2013 Targi Wyj\u0105tkowych Rzeczy odb\u0119d\u0105 si\u0119 ju\u017c [&hellip;]<\/p>\n","protected":false},"author":1,"featured_media":33458,"comment_status":"closed","ping_status":"closed","template":"","meta":{"_acf_changed":false,"ngg_post_thumbnail":0},"tags":[22,92,96],"mec_category":[294],"class_list":["post-33456","mec-events","type-mec-events","status-publish","has-post-thumbnail","hentry","tag-dorosli","tag-sztuki-wizualne","tag-targi","mec_category-sprawunki"],"acf":[],"yoast_head":"<!-- This site is optimized with the Yoast SEO plugin v22.0 - https:\/\/yoast.com\/wordpress\/plugins\/seo\/ -->\n<title>Sprawunki \u2013 Targi Wyj\u0105tkowych Rzeczy<\/title>\n<meta name=\"description\" content=\"14 grudnia w zabytkowej kamienicy Warsztat\u00f3w Kultury spotkaj\u0105 si\u0119 najbardziej kreatywni tw\u00f3rcy i tw\u00f3rczynie z Lublina i nie tylko. We\u017a udzia\u0142!\" \/>\n<meta name=\"robots\" content=\"index, follow, max-snippet:-1, max-image-preview:large, max-video-preview:-1\" \/>\n<link rel=\"canonical\" href=\"https:\/\/warsztatykultury.pl\/pl\/wydarzenia\/sprawunki-targi-wyjatkowych-rzeczy-2025-dolacz-do-listy-wystawcow\/\" \/>\n<meta property=\"og:locale\" content=\"pl_PL\" \/>\n<meta property=\"og:type\" content=\"article\" \/>\n<meta property=\"og:title\" content=\"Sprawunki \u2013 Targi Wyj\u0105tkowych Rzeczy\" \/>\n<meta property=\"og:description\" content=\"14 grudnia w zabytkowej kamienicy Warsztat\u00f3w Kultury spotkaj\u0105 si\u0119 najbardziej kreatywni tw\u00f3rcy i tw\u00f3rczynie z Lublina i nie tylko. We\u017a udzia\u0142!\" \/>\n<meta property=\"og:url\" content=\"https:\/\/warsztatykultury.pl\/pl\/wydarzenia\/sprawunki-targi-wyjatkowych-rzeczy-2025-dolacz-do-listy-wystawcow\/\" \/>\n<meta property=\"og:site_name\" content=\"Warsztaty Kultury\" \/>\n<meta property=\"article:publisher\" content=\"https:\/\/www.facebook.com\/WarsztatyKultury\/\" \/>\n<meta property=\"article:modified_time\" content=\"2025-10-23T10:53:37+00:00\" \/>\n<meta property=\"og:image\" content=\"https:\/\/warsztatykultury.pl\/wp-content\/uploads\/2025\/10\/sprawunki_2.0.webp\" \/>\n\t<meta property=\"og:image:width\" content=\"1920\" \/>\n\t<meta property=\"og:image:height\" content=\"1080\" \/>\n\t<meta property=\"og:image:type\" content=\"image\/webp\" \/>\n<meta name=\"twitter:card\" content=\"summary_large_image\" \/>\n<meta name=\"twitter:label1\" content=\"Szacowany czas czytania\" \/>\n\t<meta name=\"twitter:data1\" content=\"4 minuty\" \/>\n<script type=\"application\/ld+json\" class=\"yoast-schema-graph\">{\"@context\":\"https:\/\/schema.org\",\"@graph\":[{\"@type\":\"WebPage\",\"@id\":\"https:\/\/warsztatykultury.pl\/pl\/wydarzenia\/sprawunki-targi-wyjatkowych-rzeczy-2025-dolacz-do-listy-wystawcow\/\",\"url\":\"https:\/\/warsztatykultury.pl\/pl\/wydarzenia\/sprawunki-targi-wyjatkowych-rzeczy-2025-dolacz-do-listy-wystawcow\/\",\"name\":\"Sprawunki \u2013 Targi Wyj\u0105tkowych Rzeczy\",\"isPartOf\":{\"@id\":\"https:\/\/warsztatykultury.pl\/pl\/#website\"},\"datePublished\":\"2025-10-13T14:40:15+00:00\",\"dateModified\":\"2025-10-23T10:53:37+00:00\",\"description\":\"14 grudnia w zabytkowej kamienicy Warsztat\u00f3w Kultury spotkaj\u0105 si\u0119 najbardziej kreatywni tw\u00f3rcy i tw\u00f3rczynie z Lublina i nie tylko. We\u017a udzia\u0142!\",\"breadcrumb\":{\"@id\":\"https:\/\/warsztatykultury.pl\/pl\/wydarzenia\/sprawunki-targi-wyjatkowych-rzeczy-2025-dolacz-do-listy-wystawcow\/#breadcrumb\"},\"inLanguage\":\"pl-PL\",\"potentialAction\":[{\"@type\":\"ReadAction\",\"target\":[\"https:\/\/warsztatykultury.pl\/pl\/wydarzenia\/sprawunki-targi-wyjatkowych-rzeczy-2025-dolacz-do-listy-wystawcow\/\"]}]},{\"@type\":\"BreadcrumbList\",\"@id\":\"https:\/\/warsztatykultury.pl\/pl\/wydarzenia\/sprawunki-targi-wyjatkowych-rzeczy-2025-dolacz-do-listy-wystawcow\/#breadcrumb\",\"itemListElement\":[{\"@type\":\"ListItem\",\"position\":1,\"name\":\"Strona g\u0142\u00f3wna\",\"item\":\"https:\/\/warsztatykultury.pl\/pl\/\"},{\"@type\":\"ListItem\",\"position\":2,\"name\":\"Events\",\"item\":\"https:\/\/warsztatykultury.pl\/en\/wydarzenia\/\"},{\"@type\":\"ListItem\",\"position\":3,\"name\":\"Sprawunki \u2013 Targi Wyj\u0105tkowych Rzeczy 2025 | Do\u0142\u0105cz do listy wystawc\u00f3w\"}]},{\"@type\":\"WebSite\",\"@id\":\"https:\/\/warsztatykultury.pl\/pl\/#website\",\"url\":\"https:\/\/warsztatykultury.pl\/pl\/\",\"name\":\"Warsztaty Kultury\",\"description\":\"\",\"publisher\":{\"@id\":\"https:\/\/warsztatykultury.pl\/pl\/#organization\"},\"potentialAction\":[{\"@type\":\"SearchAction\",\"target\":{\"@type\":\"EntryPoint\",\"urlTemplate\":\"https:\/\/warsztatykultury.pl\/pl\/?s={search_term_string}\"},\"query-input\":\"required name=search_term_string\"}],\"inLanguage\":\"pl-PL\"},{\"@type\":\"Organization\",\"@id\":\"https:\/\/warsztatykultury.pl\/pl\/#organization\",\"name\":\"Warsztaty Kultury w Lublinie\",\"url\":\"https:\/\/warsztatykultury.pl\/pl\/\",\"logo\":{\"@type\":\"ImageObject\",\"inLanguage\":\"pl-PL\",\"@id\":\"https:\/\/warsztatykultury.pl\/pl\/#\/schema\/logo\/image\/\",\"url\":\"https:\/\/warsztatykultury.pl\/wp-content\/uploads\/2020\/05\/LogoWKRetina-e1589382721171.png\",\"contentUrl\":\"https:\/\/warsztatykultury.pl\/wp-content\/uploads\/2020\/05\/LogoWKRetina-e1589382721171.png\",\"width\":700,\"height\":112,\"caption\":\"Warsztaty Kultury w Lublinie\"},\"image\":{\"@id\":\"https:\/\/warsztatykultury.pl\/pl\/#\/schema\/logo\/image\/\"},\"sameAs\":[\"https:\/\/www.facebook.com\/WarsztatyKultury\/\",\"https:\/\/www.instagram.com\/warsztatykultury\/?hl=pl\",\"https:\/\/www.youtube.com\/user\/WarsztatyKultury\",\"https:\/\/pl.wikipedia.org\/wiki\/Warsztaty_Kultury\"]}]}<\/script>\n<!-- \/ Yoast SEO plugin. -->","yoast_head_json":{"title":"Sprawunki \u2013 Targi Wyj\u0105tkowych Rzeczy","description":"14 grudnia w zabytkowej kamienicy Warsztat\u00f3w Kultury spotkaj\u0105 si\u0119 najbardziej kreatywni tw\u00f3rcy i tw\u00f3rczynie z Lublina i nie tylko. We\u017a udzia\u0142!","robots":{"index":"index","follow":"follow","max-snippet":"max-snippet:-1","max-image-preview":"max-image-preview:large","max-video-preview":"max-video-preview:-1"},"canonical":"https:\/\/warsztatykultury.pl\/pl\/wydarzenia\/sprawunki-targi-wyjatkowych-rzeczy-2025-dolacz-do-listy-wystawcow\/","og_locale":"pl_PL","og_type":"article","og_title":"Sprawunki \u2013 Targi Wyj\u0105tkowych Rzeczy","og_description":"14 grudnia w zabytkowej kamienicy Warsztat\u00f3w Kultury spotkaj\u0105 si\u0119 najbardziej kreatywni tw\u00f3rcy i tw\u00f3rczynie z Lublina i nie tylko. We\u017a udzia\u0142!","og_url":"https:\/\/warsztatykultury.pl\/pl\/wydarzenia\/sprawunki-targi-wyjatkowych-rzeczy-2025-dolacz-do-listy-wystawcow\/","og_site_name":"Warsztaty Kultury","article_publisher":"https:\/\/www.facebook.com\/WarsztatyKultury\/","article_modified_time":"2025-10-23T10:53:37+00:00","og_image":[{"width":1920,"height":1080,"url":"https:\/\/warsztatykultury.pl\/wp-content\/uploads\/2025\/10\/sprawunki_2.0.webp","type":"image\/webp"}],"twitter_card":"summary_large_image","twitter_misc":{"Szacowany czas czytania":"4 minuty"},"schema":{"@context":"https:\/\/schema.org","@graph":[{"@type":"WebPage","@id":"https:\/\/warsztatykultury.pl\/pl\/wydarzenia\/sprawunki-targi-wyjatkowych-rzeczy-2025-dolacz-do-listy-wystawcow\/","url":"https:\/\/warsztatykultury.pl\/pl\/wydarzenia\/sprawunki-targi-wyjatkowych-rzeczy-2025-dolacz-do-listy-wystawcow\/","name":"Sprawunki \u2013 Targi Wyj\u0105tkowych Rzeczy","isPartOf":{"@id":"https:\/\/warsztatykultury.pl\/pl\/#website"},"datePublished":"2025-10-13T14:40:15+00:00","dateModified":"2025-10-23T10:53:37+00:00","description":"14 grudnia w zabytkowej kamienicy Warsztat\u00f3w Kultury spotkaj\u0105 si\u0119 najbardziej kreatywni tw\u00f3rcy i tw\u00f3rczynie z Lublina i nie tylko. We\u017a udzia\u0142!","breadcrumb":{"@id":"https:\/\/warsztatykultury.pl\/pl\/wydarzenia\/sprawunki-targi-wyjatkowych-rzeczy-2025-dolacz-do-listy-wystawcow\/#breadcrumb"},"inLanguage":"pl-PL","potentialAction":[{"@type":"ReadAction","target":["https:\/\/warsztatykultury.pl\/pl\/wydarzenia\/sprawunki-targi-wyjatkowych-rzeczy-2025-dolacz-do-listy-wystawcow\/"]}]},{"@type":"BreadcrumbList","@id":"https:\/\/warsztatykultury.pl\/pl\/wydarzenia\/sprawunki-targi-wyjatkowych-rzeczy-2025-dolacz-do-listy-wystawcow\/#breadcrumb","itemListElement":[{"@type":"ListItem","position":1,"name":"Strona g\u0142\u00f3wna","item":"https:\/\/warsztatykultury.pl\/pl\/"},{"@type":"ListItem","position":2,"name":"Events","item":"https:\/\/warsztatykultury.pl\/en\/wydarzenia\/"},{"@type":"ListItem","position":3,"name":"Sprawunki \u2013 Targi Wyj\u0105tkowych Rzeczy 2025 | Do\u0142\u0105cz do listy wystawc\u00f3w"}]},{"@type":"WebSite","@id":"https:\/\/warsztatykultury.pl\/pl\/#website","url":"https:\/\/warsztatykultury.pl\/pl\/","name":"Warsztaty Kultury","description":"","publisher":{"@id":"https:\/\/warsztatykultury.pl\/pl\/#organization"},"potentialAction":[{"@type":"SearchAction","target":{"@type":"EntryPoint","urlTemplate":"https:\/\/warsztatykultury.pl\/pl\/?s={search_term_string}"},"query-input":"required name=search_term_string"}],"inLanguage":"pl-PL"},{"@type":"Organization","@id":"https:\/\/warsztatykultury.pl\/pl\/#organization","name":"Warsztaty Kultury w Lublinie","url":"https:\/\/warsztatykultury.pl\/pl\/","logo":{"@type":"ImageObject","inLanguage":"pl-PL","@id":"https:\/\/warsztatykultury.pl\/pl\/#\/schema\/logo\/image\/","url":"https:\/\/warsztatykultury.pl\/wp-content\/uploads\/2020\/05\/LogoWKRetina-e1589382721171.png","contentUrl":"https:\/\/warsztatykultury.pl\/wp-content\/uploads\/2020\/05\/LogoWKRetina-e1589382721171.png","width":700,"height":112,"caption":"Warsztaty Kultury w Lublinie"},"image":{"@id":"https:\/\/warsztatykultury.pl\/pl\/#\/schema\/logo\/image\/"},"sameAs":["https:\/\/www.facebook.com\/WarsztatyKultury\/","https:\/\/www.instagram.com\/warsztatykultury\/?hl=pl","https:\/\/www.youtube.com\/user\/WarsztatyKultury","https:\/\/pl.wikipedia.org\/wiki\/Warsztaty_Kultury"]}]}},"_links":{"self":[{"href":"https:\/\/warsztatykultury.pl\/pl\/wp-json\/wp\/v2\/mec-events\/33456","targetHints":{"allow":["GET"]}}],"collection":[{"href":"https:\/\/warsztatykultury.pl\/pl\/wp-json\/wp\/v2\/mec-events"}],"about":[{"href":"https:\/\/warsztatykultury.pl\/pl\/wp-json\/wp\/v2\/types\/mec-events"}],"author":[{"embeddable":true,"href":"https:\/\/warsztatykultury.pl\/pl\/wp-json\/wp\/v2\/users\/1"}],"replies":[{"embeddable":true,"href":"https:\/\/warsztatykultury.pl\/pl\/wp-json\/wp\/v2\/comments?post=33456"}],"wp:featuredmedia":[{"embeddable":true,"href":"https:\/\/warsztatykultury.pl\/pl\/wp-json\/wp\/v2\/media\/33458"}],"wp:attachment":[{"href":"https:\/\/warsztatykultury.pl\/pl\/wp-json\/wp\/v2\/media?parent=33456"}],"wp:term":[{"taxonomy":"post_tag","embeddable":true,"href":"https:\/\/warsztatykultury.pl\/pl\/wp-json\/wp\/v2\/tags?post=33456"},{"taxonomy":"mec_category","embeddable":true,"href":"https:\/\/warsztatykultury.pl\/pl\/wp-json\/wp\/v2\/mec_category?post=33456"}],"curies":[{"name":"wp","href":"https:\/\/api.w.org\/{rel}","templated":true}]}}