{"id":33876,"date":"2025-10-22T12:14:22","date_gmt":"2025-10-22T10:14:22","guid":{"rendered":"https:\/\/warsztatykultury.pl\/?post_type=mec-events&#038;p=33876"},"modified":"2025-10-23T16:49:04","modified_gmt":"2025-10-23T14:49:04","slug":"bezodnia-spektakl-pop-up-adrianna-iwanejko","status":"publish","type":"mec-events","link":"https:\/\/warsztatykultury.pl\/pl\/wydarzenia\/bezodnia-spektakl-pop-up-adrianna-iwanejko\/","title":{"rendered":",,Bezodnia\u201d \u2013 spektakl pop-up | Adrianna Iwanejko"},"content":{"rendered":"<p><a href=\"https:\/\/forms.gle\/XvLd61DYv1riY7QD8\" target=\"_blank\" rel=\"noopener\"><strong>zapisz si\u0119<\/strong><\/a><\/p>\n<h2>Opis wydarzenia<\/h2>\n<p>\u201eBezodnia\u201d to opowie\u015b\u0107 z pogranicza o zapomnianej cerkwi, bagnie, mi\u0142o\u015bci i kl\u0105twie. Ksi\u0105\u017cka-rozk\u0142adanka pe\u0142ni tu rol\u0119 scenografii, papierowe laleczki staj\u0105 si\u0119 aktorami, a elementy teatru cieni oraz s\u0142uchowisko oparte na muzyce tradycyjnej tworz\u0105 niezwyk\u0142\u0105 atmosfer\u0119. Ten intermedialny spektakl, skierowany zar\u00f3wno do m\u0142odszej jak i starszej publiczno\u015bci, podejmuje pr\u00f3b\u0119 ocalenia od zapomnienia wyj\u0105tkowej historii.<\/p>\n<p>Spektakl jest interpretacj\u0105 opowie\u015bci z pogranicza polsko-ukrai\u0144skiego o tajemniczym \u017ar\u00f3de\u0142ku o nazwie Bezodnia, po\u0142o\u017conym w lesie nazywanym Monastyr, nieopodal miejscowo\u015bci Poturzyn i Wereszyn we wschodnich rubie\u017cach wojew\u00f3dztwa lubelskiego (powiat tomaszowski). S\u0142owo \u201ebezodnia\u201d oznacza co\u015b bezdennego. Wed\u0142ug przekazu w miejscu tym istnia\u0142a cerkiew, kt\u00f3ra zapad\u0142a si\u0119 pod ziemi\u0119 wskutek kl\u0105twy rzuconej podczas \u015blubu zakochanej pary polsko-rusi\u0144skiej.<\/p>\n<p>Matka jednego z m\u0142odych, zamiast powiedzie\u0107 s\u0142owa b\u0142ogos\u0142awie\u0144stwa, rzuci\u0142a na\u0144 kl\u0105tw\u0119. Cerkiew zosta\u0142a poch\u0142oni\u0119ta przez ziemi\u0119. Je\u015bli przy\u0142o\u017cy\u0107 ucho do ziemi podczas Wielkanocy, s\u0142ycha\u0107 d\u017awi\u0119k dzwon\u00f3w, a na powierzchni wody za\u015b pojawiaj\u0105 si\u0119 czerwone wst\u0105\u017cki. Inny z wariant\u00f3w legendy g\u0142osi, \u017ce pewna kobieta przysz\u0142a robi\u0107 tam pranie i jej kijanka do prania zapl\u0105ta\u0142a si\u0119 w cerkiewne krzy\u017ce zwie\u0144czaj\u0105ce kopu\u0142y, a kobieta, pr\u00f3buj\u0105c si\u0119 uwolni\u0107, wyci\u0105gn\u0119\u0142a ,,ruskie krzy\u017ce\u201d. Widz\u0105c je, zl\u0119k\u0142a si\u0119 i wyda\u0142a okrzyk, po czym \u015bwi\u0105tynia zapad\u0142a si\u0119, tym razem ju\u017c bezpowrotnie.<\/p>\n<p>Projekt \u0142\u0105czy wiele dziedzin sztuki: ilustracj\u0119, sztuk\u0119 papieru, teatr jednego aktora, teatr cieni oraz s\u0142uchowisko.<\/p>\n<h2><strong>Informacje praktyczne<\/strong><\/h2>\n<p><strong>Kiedy:<\/strong> 22 listopada 2025, godz. 18.00<br \/>\n<strong>Gdzie:<\/strong> Warsztaty Kultury w Lublinie, ul. Grodzka 5a, sala widowiskowa \u2013 II pi\u0119tro<br \/>\n<strong>Dla kogo: <\/strong>doro\u015bli oraz dzieci 5+ wraz z pe\u0142noletnimi opiekunami<br \/>\n<strong>Zapisy:<a href=\"https:\/\/forms.gle\/XvLd61DYv1riY7QD8\" target=\"_blank\" rel=\"noopener\"> przez formularz online,<\/a><\/strong> wst\u0119p bezp\u0142atny, liczba miejsc ograniczona (jedna osoba doros\u0142a mo\u017ce zabra\u0107 ze sob\u0105 maksymalnie dwoje dzieci).<\/p>\n<h2><strong>Dost\u0119pno\u015b\u0107<br \/>\n<\/strong><\/h2>\n<p><img decoding=\"async\" class=\"lazyload alignnone size-full wp-image-30713\" src=\"data:image\/svg+xml,%3Csvg%20xmlns%3D%27http%3A%2F%2Fwww.w3.org%2F2000%2Fsvg%27%20width%3D%2746%27%20height%3D%2732%27%20viewBox%3D%270%200%2046%2032%27%3E%3Crect%20width%3D%2746%27%20height%3D%2732%27%20fill-opacity%3D%220%22%2F%3E%3C%2Fsvg%3E\" data-orig-src=\"https:\/\/warsztatykultury.pl\/wp-content\/uploads\/2025\/01\/ikonki_suchawki_32.webp\" alt=\"Ikonka ze s\u0142uchawkami i sercem na \u015brodku.\" width=\"46\" height=\"32\"> s\u0142uchawki wyciszaj\u0105ce.<br \/>\nwydarzenie w miejscu niedost\u0119pnym architektonicznie<br \/>\nPoczytaj o dost\u0119pno\u015bci Warsztat\u00f3w Kultury i skontaktuj si\u0119 z nami: <a href=\"https:\/\/l.facebook.com\/l.php?u=https%3A%2F%2Fwarsztatykultury.pl%2Fpl%2Fdostepnosc%2F%3Ffbclid%3DIwZXh0bgNhZW0CMTAAYnJpZBEwcXg5QmVxWnlZbHJnYXV0UAEe6r0iYM8i7pJWzEy1QWo5HOsdLNUmveISFYh1HuYmhmwMbmotsXtRWAJ5Tiw_aem_gZVc7WksaiQ14_zjLoQs0w&amp;h=AT3NIQSIdUGikYiHT0kg78KfYBaXN1Wu-V9q-1USXp-ERAhyOoOnRPtdluFv92E50A538S0-EAFMHKkgNC1k2YJnEkw9IUZovQBqdRkjCVvOkC9xj0O6HWeSwTrrk8e4JS0kEbHpX3T57g&amp;__tn__=q&amp;c%5B0%5D=AT1Al2vSuHeFFR0Ki7Rq74HFDM0stfAtzt9iJj1l7kEKWSGzU9jvyQASVv1KqYCI52VyU9XYQ-Lzk4xv0V1ygcdhGcwCrTWEvQ8doQHzMSFusVR99w0aWcTE14evjVCoN-80UMkgvgdFPeMVJGwvDcRKwfbHS-vigNQ\">https:\/\/warsztatykultury.pl\/pl\/dostepnosc\/<\/a><\/p>\n<h2>Sprawd\u017a jak doj\u015b\u0107 i bariery architektoniczne<\/h2>\n<div class=\"fusion-video fusion-youtube\" style=\"--awb-max-width:600px;--awb-max-height:360px;\"><div class=\"video-shortcode\"><div class=\"fluid-width-video-wrapper\" style=\"padding-top:60%;\" ><iframe class=\"fusion-hidden\" data-privacy-type=\"youtube\" src=\"\" title=\"YouTube video player 1\" data-privacy-src=\"https:\/\/www.youtube.com\/embed\/Vwch6q1EnSI?wmode=transparent&autoplay=0\" width=\"600\" height=\"360\" allowfullscreen allow=\"autoplay; fullscreen\"><\/iframe><div class=\"fusion-privacy-placeholder\" style=\"width:600px; height:360px;\" data-privacy-type=\"youtube\"><div class=\"fusion-privacy-placeholder-content\"><div class=\"fusion-privacy-label\">For privacy reasons YouTube needs your permission to be loaded. For more details, please see our <a class=\"privacy-policy-link\" href=\"https:\/\/warsztatykultury.pl\/pl\/polityka-prywatnosci\/\" rel=\"privacy-policy\">Polityka prywatno\u015bci<\/a>.<\/div><a href=\"\" data-privacy-type=\"youtube\" class=\"fusion-button button-default fusion-button-default-size button fusion-privacy-consent\">I Accept<\/a><\/div><\/div><\/div><\/div><\/div>\n<hr>\n<h2><strong>O autorce spektaklu<\/strong><\/h2>\n<p>Adrianna Iwanejko \u2013 absolwentka historii sztuki na Uniwersytecie Jagiello\u0144skim w Krakowie, studiowa\u0142a r\u00f3wnie\u017c scenografi\u0119 na krakowskiej Akademii Sztuk Pi\u0119knych oraz Art&amp;Design na Wydziale Sztuki UKEN. Ilustratorka, artystka wizualna, autorka kostium\u00f3w i scenografii, edukatorka i rezydentka teatralna. Stypendystka programu ASP Santander, stypendystka programu NIKiDW &#8222;Mistrz -Ucze\u0144&#8221;, w ramach kt\u00f3rego eksploruje j\u0119zyk chach\u0142acki oraz pie\u015bni z Po\u0142udniowego Podlasia. Spektakl \u201eBezodnia\u201d jest efektem pracy dyplomowej oraz rezydencji artystycznej w Teatrze Figur.<\/p>\n<p><strong>O warsztatach<\/strong><\/p>\n<p>Dzie\u0144 p\u00f3\u017aniej (23 listopada, godz. 11.00\u201314.00) odb\u0119d\u0105 si\u0119 warsztaty przestrzennej ilustracji z Adriann\u0105 Iwanejko nawi\u0105zuj\u0105ce do spektaklu \u201eBezodnia\u201d. Punktem wyj\u015bcia do budowania opowie\u015bci w technice pop-up b\u0119dzie niezwyk\u0142y \u015bwiat przyrody, jego wielowymiarowo\u015b\u0107 i tajemniczo\u015b\u0107. Obowi\u0105zuj\u0105 osobne <strong><a href=\"https:\/\/docs.google.com\/forms\/d\/e\/1FAIpQLSdht9V1zU4F9fzn-6-pvC3kpDHbKCLMr1TDdVVLL04QuyjGSw\/viewform?usp=publish-editor\">ZAPISY.<\/a><\/strong><\/p>\n<p>Wydarzenie realizowane w ramach rocznego cyklu dzia\u0142a\u0144 Pracowni ds. Kultury Tradycyjnej Warsztat\u00f3w Kultury w Lublinie.<\/p>\n<p><a href=\"https:\/\/forms.gle\/XvLd61DYv1riY7QD8\" target=\"_blank\" rel=\"noopener\"><strong>zapisz si\u0119<\/strong><\/a><\/p>\n","protected":false},"excerpt":{"rendered":"<p>zapisz si\u0119 Opis wydarzenia \u201eBezodnia\u201d to opowie\u015b\u0107 z pogranicza o [&hellip;]<\/p>\n","protected":false},"author":1,"featured_media":33877,"comment_status":"closed","ping_status":"closed","template":"","meta":{"_acf_changed":false,"ngg_post_thumbnail":0},"tags":[22,15,45,46,93],"mec_category":[158],"class_list":["post-33876","mec-events","type-mec-events","status-publish","has-post-thumbnail","hentry","tag-dorosli","tag-dzieci","tag-mlodziez","tag-seniorzy","tag-teatr","mec_category-jarmark-jagiellonski"],"acf":[],"yoast_head":"<!-- This site is optimized with the Yoast SEO plugin v22.0 - https:\/\/yoast.com\/wordpress\/plugins\/seo\/ -->\n<title>,,Bezodnia\u201d \u2013 spektakl pop-up | Adrianna Iwanejko - Warsztaty Kultury<\/title>\n<meta name=\"robots\" content=\"index, follow, max-snippet:-1, max-image-preview:large, max-video-preview:-1\" \/>\n<link rel=\"canonical\" href=\"https:\/\/warsztatykultury.pl\/pl\/wydarzenia\/bezodnia-spektakl-pop-up-adrianna-iwanejko\/\" \/>\n<meta property=\"og:locale\" content=\"pl_PL\" \/>\n<meta property=\"og:type\" content=\"article\" \/>\n<meta property=\"og:title\" content=\",,Bezodnia\u201d \u2013 spektakl pop-up | Adrianna Iwanejko - Warsztaty Kultury\" \/>\n<meta property=\"og:description\" content=\"zapisz si\u0119 Opis wydarzenia \u201eBezodnia\u201d to opowie\u015b\u0107 z pogranicza o [&hellip;]\" \/>\n<meta property=\"og:url\" content=\"https:\/\/warsztatykultury.pl\/pl\/wydarzenia\/bezodnia-spektakl-pop-up-adrianna-iwanejko\/\" \/>\n<meta property=\"og:site_name\" content=\"Warsztaty Kultury\" \/>\n<meta property=\"article:publisher\" content=\"https:\/\/www.facebook.com\/WarsztatyKultury\/\" \/>\n<meta property=\"article:modified_time\" content=\"2025-10-23T14:49:04+00:00\" \/>\n<meta property=\"og:image\" content=\"https:\/\/warsztatykultury.pl\/wp-content\/uploads\/2025\/10\/tetrisy_prawie_hd-1.webp\" \/>\n\t<meta property=\"og:image:width\" content=\"1920\" \/>\n\t<meta property=\"og:image:height\" content=\"1005\" \/>\n\t<meta property=\"og:image:type\" content=\"image\/webp\" \/>\n<meta name=\"twitter:card\" content=\"summary_large_image\" \/>\n<meta name=\"twitter:label1\" content=\"Szacowany czas czytania\" \/>\n\t<meta name=\"twitter:data1\" content=\"3 minuty\" \/>\n<script type=\"application\/ld+json\" class=\"yoast-schema-graph\">{\"@context\":\"https:\/\/schema.org\",\"@graph\":[{\"@type\":\"WebPage\",\"@id\":\"https:\/\/warsztatykultury.pl\/pl\/wydarzenia\/bezodnia-spektakl-pop-up-adrianna-iwanejko\/\",\"url\":\"https:\/\/warsztatykultury.pl\/pl\/wydarzenia\/bezodnia-spektakl-pop-up-adrianna-iwanejko\/\",\"name\":\",,Bezodnia\u201d \u2013 spektakl pop-up | Adrianna Iwanejko - Warsztaty Kultury\",\"isPartOf\":{\"@id\":\"https:\/\/warsztatykultury.pl\/pl\/#website\"},\"datePublished\":\"2025-10-22T10:14:22+00:00\",\"dateModified\":\"2025-10-23T14:49:04+00:00\",\"breadcrumb\":{\"@id\":\"https:\/\/warsztatykultury.pl\/pl\/wydarzenia\/bezodnia-spektakl-pop-up-adrianna-iwanejko\/#breadcrumb\"},\"inLanguage\":\"pl-PL\",\"potentialAction\":[{\"@type\":\"ReadAction\",\"target\":[\"https:\/\/warsztatykultury.pl\/pl\/wydarzenia\/bezodnia-spektakl-pop-up-adrianna-iwanejko\/\"]}]},{\"@type\":\"BreadcrumbList\",\"@id\":\"https:\/\/warsztatykultury.pl\/pl\/wydarzenia\/bezodnia-spektakl-pop-up-adrianna-iwanejko\/#breadcrumb\",\"itemListElement\":[{\"@type\":\"ListItem\",\"position\":1,\"name\":\"Strona g\u0142\u00f3wna\",\"item\":\"https:\/\/warsztatykultury.pl\/pl\/\"},{\"@type\":\"ListItem\",\"position\":2,\"name\":\"Events\",\"item\":\"https:\/\/warsztatykultury.pl\/en\/wydarzenia\/\"},{\"@type\":\"ListItem\",\"position\":3,\"name\":\",,Bezodnia\u201d \u2013 spektakl pop-up | Adrianna Iwanejko\"}]},{\"@type\":\"WebSite\",\"@id\":\"https:\/\/warsztatykultury.pl\/pl\/#website\",\"url\":\"https:\/\/warsztatykultury.pl\/pl\/\",\"name\":\"Warsztaty Kultury\",\"description\":\"\",\"publisher\":{\"@id\":\"https:\/\/warsztatykultury.pl\/pl\/#organization\"},\"potentialAction\":[{\"@type\":\"SearchAction\",\"target\":{\"@type\":\"EntryPoint\",\"urlTemplate\":\"https:\/\/warsztatykultury.pl\/pl\/?s={search_term_string}\"},\"query-input\":\"required name=search_term_string\"}],\"inLanguage\":\"pl-PL\"},{\"@type\":\"Organization\",\"@id\":\"https:\/\/warsztatykultury.pl\/pl\/#organization\",\"name\":\"Warsztaty Kultury w Lublinie\",\"url\":\"https:\/\/warsztatykultury.pl\/pl\/\",\"logo\":{\"@type\":\"ImageObject\",\"inLanguage\":\"pl-PL\",\"@id\":\"https:\/\/warsztatykultury.pl\/pl\/#\/schema\/logo\/image\/\",\"url\":\"https:\/\/warsztatykultury.pl\/wp-content\/uploads\/2020\/05\/LogoWKRetina-e1589382721171.png\",\"contentUrl\":\"https:\/\/warsztatykultury.pl\/wp-content\/uploads\/2020\/05\/LogoWKRetina-e1589382721171.png\",\"width\":700,\"height\":112,\"caption\":\"Warsztaty Kultury w Lublinie\"},\"image\":{\"@id\":\"https:\/\/warsztatykultury.pl\/pl\/#\/schema\/logo\/image\/\"},\"sameAs\":[\"https:\/\/www.facebook.com\/WarsztatyKultury\/\",\"https:\/\/www.instagram.com\/warsztatykultury\/?hl=pl\",\"https:\/\/www.youtube.com\/user\/WarsztatyKultury\",\"https:\/\/pl.wikipedia.org\/wiki\/Warsztaty_Kultury\"]}]}<\/script>\n<!-- \/ Yoast SEO plugin. -->","yoast_head_json":{"title":",,Bezodnia\u201d \u2013 spektakl pop-up | Adrianna Iwanejko - Warsztaty Kultury","robots":{"index":"index","follow":"follow","max-snippet":"max-snippet:-1","max-image-preview":"max-image-preview:large","max-video-preview":"max-video-preview:-1"},"canonical":"https:\/\/warsztatykultury.pl\/pl\/wydarzenia\/bezodnia-spektakl-pop-up-adrianna-iwanejko\/","og_locale":"pl_PL","og_type":"article","og_title":",,Bezodnia\u201d \u2013 spektakl pop-up | Adrianna Iwanejko - Warsztaty Kultury","og_description":"zapisz si\u0119 Opis wydarzenia \u201eBezodnia\u201d to opowie\u015b\u0107 z pogranicza o [&hellip;]","og_url":"https:\/\/warsztatykultury.pl\/pl\/wydarzenia\/bezodnia-spektakl-pop-up-adrianna-iwanejko\/","og_site_name":"Warsztaty Kultury","article_publisher":"https:\/\/www.facebook.com\/WarsztatyKultury\/","article_modified_time":"2025-10-23T14:49:04+00:00","og_image":[{"width":1920,"height":1005,"url":"https:\/\/warsztatykultury.pl\/wp-content\/uploads\/2025\/10\/tetrisy_prawie_hd-1.webp","type":"image\/webp"}],"twitter_card":"summary_large_image","twitter_misc":{"Szacowany czas czytania":"3 minuty"},"schema":{"@context":"https:\/\/schema.org","@graph":[{"@type":"WebPage","@id":"https:\/\/warsztatykultury.pl\/pl\/wydarzenia\/bezodnia-spektakl-pop-up-adrianna-iwanejko\/","url":"https:\/\/warsztatykultury.pl\/pl\/wydarzenia\/bezodnia-spektakl-pop-up-adrianna-iwanejko\/","name":",,Bezodnia\u201d \u2013 spektakl pop-up | Adrianna Iwanejko - Warsztaty Kultury","isPartOf":{"@id":"https:\/\/warsztatykultury.pl\/pl\/#website"},"datePublished":"2025-10-22T10:14:22+00:00","dateModified":"2025-10-23T14:49:04+00:00","breadcrumb":{"@id":"https:\/\/warsztatykultury.pl\/pl\/wydarzenia\/bezodnia-spektakl-pop-up-adrianna-iwanejko\/#breadcrumb"},"inLanguage":"pl-PL","potentialAction":[{"@type":"ReadAction","target":["https:\/\/warsztatykultury.pl\/pl\/wydarzenia\/bezodnia-spektakl-pop-up-adrianna-iwanejko\/"]}]},{"@type":"BreadcrumbList","@id":"https:\/\/warsztatykultury.pl\/pl\/wydarzenia\/bezodnia-spektakl-pop-up-adrianna-iwanejko\/#breadcrumb","itemListElement":[{"@type":"ListItem","position":1,"name":"Strona g\u0142\u00f3wna","item":"https:\/\/warsztatykultury.pl\/pl\/"},{"@type":"ListItem","position":2,"name":"Events","item":"https:\/\/warsztatykultury.pl\/en\/wydarzenia\/"},{"@type":"ListItem","position":3,"name":",,Bezodnia\u201d \u2013 spektakl pop-up | Adrianna Iwanejko"}]},{"@type":"WebSite","@id":"https:\/\/warsztatykultury.pl\/pl\/#website","url":"https:\/\/warsztatykultury.pl\/pl\/","name":"Warsztaty Kultury","description":"","publisher":{"@id":"https:\/\/warsztatykultury.pl\/pl\/#organization"},"potentialAction":[{"@type":"SearchAction","target":{"@type":"EntryPoint","urlTemplate":"https:\/\/warsztatykultury.pl\/pl\/?s={search_term_string}"},"query-input":"required name=search_term_string"}],"inLanguage":"pl-PL"},{"@type":"Organization","@id":"https:\/\/warsztatykultury.pl\/pl\/#organization","name":"Warsztaty Kultury w Lublinie","url":"https:\/\/warsztatykultury.pl\/pl\/","logo":{"@type":"ImageObject","inLanguage":"pl-PL","@id":"https:\/\/warsztatykultury.pl\/pl\/#\/schema\/logo\/image\/","url":"https:\/\/warsztatykultury.pl\/wp-content\/uploads\/2020\/05\/LogoWKRetina-e1589382721171.png","contentUrl":"https:\/\/warsztatykultury.pl\/wp-content\/uploads\/2020\/05\/LogoWKRetina-e1589382721171.png","width":700,"height":112,"caption":"Warsztaty Kultury w Lublinie"},"image":{"@id":"https:\/\/warsztatykultury.pl\/pl\/#\/schema\/logo\/image\/"},"sameAs":["https:\/\/www.facebook.com\/WarsztatyKultury\/","https:\/\/www.instagram.com\/warsztatykultury\/?hl=pl","https:\/\/www.youtube.com\/user\/WarsztatyKultury","https:\/\/pl.wikipedia.org\/wiki\/Warsztaty_Kultury"]}]}},"_links":{"self":[{"href":"https:\/\/warsztatykultury.pl\/pl\/wp-json\/wp\/v2\/mec-events\/33876","targetHints":{"allow":["GET"]}}],"collection":[{"href":"https:\/\/warsztatykultury.pl\/pl\/wp-json\/wp\/v2\/mec-events"}],"about":[{"href":"https:\/\/warsztatykultury.pl\/pl\/wp-json\/wp\/v2\/types\/mec-events"}],"author":[{"embeddable":true,"href":"https:\/\/warsztatykultury.pl\/pl\/wp-json\/wp\/v2\/users\/1"}],"replies":[{"embeddable":true,"href":"https:\/\/warsztatykultury.pl\/pl\/wp-json\/wp\/v2\/comments?post=33876"}],"wp:featuredmedia":[{"embeddable":true,"href":"https:\/\/warsztatykultury.pl\/pl\/wp-json\/wp\/v2\/media\/33877"}],"wp:attachment":[{"href":"https:\/\/warsztatykultury.pl\/pl\/wp-json\/wp\/v2\/media?parent=33876"}],"wp:term":[{"taxonomy":"post_tag","embeddable":true,"href":"https:\/\/warsztatykultury.pl\/pl\/wp-json\/wp\/v2\/tags?post=33876"},{"taxonomy":"mec_category","embeddable":true,"href":"https:\/\/warsztatykultury.pl\/pl\/wp-json\/wp\/v2\/mec_category?post=33876"}],"curies":[{"name":"wp","href":"https:\/\/api.w.org\/{rel}","templated":true}]}}