{"id":39243,"date":"2026-08-25T15:57:23","date_gmt":"2026-08-25T13:57:23","guid":{"rendered":"https:\/\/warsztatykultury.pl\/?post_type=mec-events&#038;p=39243"},"modified":"2026-08-25T15:59:54","modified_gmt":"2026-08-25T13:59:54","slug":"ambrotypia-srebro-na-szkle-warsztat-fotograficzny-wrzesien-2026","status":"publish","type":"mec-events","link":"https:\/\/warsztatykultury.pl\/pl\/wydarzenia\/ambrotypia-srebro-na-szkle-warsztat-fotograficzny-wrzesien-2026\/","title":{"rendered":"Ambrotypia \u2013 srebro na szkle | Warsztat Fotograficzny"},"content":{"rendered":"<div class=\"fusion-tabs fusion-tabs-1 clean nav-is-justified horizontal-tabs icon-position-left mobile-mode-toggle\" style=\"--awb-title-border-radius-top-left:0px;--awb-title-border-radius-top-right:0px;--awb-title-border-radius-bottom-right:0px;--awb-title-border-radius-bottom-left:0px;--awb-alignment:start;--awb-inactive-color:#f9f9fb;--awb-background-color:#ffffff;--awb-border-color:#e2e2e2;--awb-active-border-color:#000000;\"><div class=\"nav\"><ul class=\"nav-tabs nav-justified\" role=\"tablist\"><li class=\"active\" role=\"presentation\"><a class=\"tab-link\" data-toggle=\"tab\" role=\"tab\" aria-controls=\"tab-5b40e1adb837c9db94e\" aria-selected=\"true\" id=\"fusion-tab-pol\" href=\"#tab-5b40e1adb837c9db94e\"><h2 class=\"fusion-tab-heading\">POL<\/h2><\/a><\/li><li role=\"presentation\"><a class=\"tab-link\" data-toggle=\"tab\" role=\"tab\" aria-controls=\"tab-1df56a2336c0e037137\" aria-selected=\"false\" tabindex=\"-1\" id=\"fusion-tab-ukr\" href=\"#tab-1df56a2336c0e037137\"><h2 class=\"fusion-tab-heading\">UKR<\/h2><\/a><\/li><\/ul><\/div><div class=\"tab-content\"><div class=\"nav fusion-mobile-tab-nav\"><ul class=\"nav-tabs nav-justified\" role=\"tablist\"><li class=\"active\" role=\"presentation\"><a class=\"tab-link\" data-toggle=\"tab\" role=\"tab\" aria-controls=\"tab-5b40e1adb837c9db94e\" aria-selected=\"true\" id=\"mobile-fusion-tab-pol\" href=\"#tab-5b40e1adb837c9db94e\"><h2 class=\"fusion-tab-heading\">POL<\/h2><\/a><\/li><\/ul><\/div><div class=\"tab-pane fade fusion-clearfix in active\" role=\"tabpanel\" tabindex=\"0\" aria-labelledby=\"fusion-tab-pol\" id=\"tab-5b40e1adb837c9db94e\"><\/p>\n<h2>Opis wydarzenia<\/h2>\n<p>Zapraszamy na warsztat fotografii technik\u0105 ambrotypii. Ambrotypia (z j\u0119zyka greckiego \u201enie\u015bmiertelne zdj\u0119cie\u201d) to jedna z dawniejszych, stosowanych od 1851 roku, pozytywnych technik fotograficznych, kt\u00f3ra pozwala uzyska\u0107 jeden unikatowy obraz bez mo\u017cliwo\u015bci wykonania odbitek. Taki portret na szkle b\u0119dzie pami\u0105tk\u0105 dla wielu pokole\u0144 \u2013 zdj\u0119cie mo\u017ce przetrwa\u0107 niezniszczone nawet 180 lat!<\/p>\n<p>Spotkanie odb\u0119dzie si\u0119 w kameralnej grupie, co pozwoli ka\u017cdemu uczestnikowi i uczestniczce na samodzieln\u0105 prac\u0119 z technik\u0105, swobodne zadawanie pyta\u0144 oraz otrzymanie indywidualnego wsparcia. Warsztat przeznaczony tak\u017ce dla os\u00f3b bez do\u015bwiadczenia fotograficznego.<\/p>\n<p>Warsztat poprowadzi Roman Krawczenko \u2013 znany i ceniony historyk, fotografik i pedagog pochodz\u0105cy z Ukrainy. Od 2015 roku prowadzi on Warsztat Fotograficzny w Zau\u0142ku Hartwig\u00f3w. Artysta nie tylko robi zdj\u0119cia szlachetnymi technikami fotografii, ale r\u00f3wnie\u017c przywraca im pami\u0119\u0107 i pokazuje kolejnym pokoleniom, jak dawniej robiono zdj\u0119cia. Podczas wizyty u pana Romana nie tylko pozuje si\u0119 do obiektywu, lecz przede wszystkim poznaje histori\u0119 fotografii, sprawdza, jak dzia\u0142aj\u0105 aparaty z prze\u0142omu XIX i XX wieku, czy zagl\u0105da do ciemni fotograficznej. Pod okiem do\u015bwiadczonego fotografika mo\u017cna r\u00f3wnie\u017c uczestniczy\u0107 w procesie wywo\u0142ywania w\u0142asnego zdj\u0119cia.<\/p>\n<h2>Informacje praktyczne<\/h2>\n<p><strong>Kiedy:<\/strong> 5 wrze\u015bnia 2026, godz. 11.00-13.30<br \/>\n<strong>Gdzie:<\/strong> Warsztat Fotograficzny, Zau\u0142ek Hartwig\u00f3w, Kowalska 3<br \/>\n<strong>Dla kogo:<\/strong> dla os\u00f3b pe\u0142noletnich<br \/>\n<strong>Zapisy: przez <a href=\"https:\/\/docs.google.com\/forms\/d\/e\/1FAIpQLSchxUpRRAEZuUtU_cUI95w7-3VgwiVCmlE2tu0jVj3abDP83g\/viewform\" target=\"_blank\" rel=\"noopener\">formularz online<\/a><\/strong><br \/>\n<strong>Koszt udzia\u0142u:<\/strong> 50 z\u0142<br \/>\nLiczba miejsc ograniczona, decyduje kolejno\u015b\u0107 zg\u0142osze\u0144<\/p>\n<p><a href=\"https:\/\/docs.google.com\/document\/d\/1NXWs-3r5NTJITVb2Bx2MGx-lKZrTxM1Z\/edit?usp=sharing\" target=\"_blank\" rel=\"noopener\"><strong>Regulamin uczestnictwa<\/strong><\/a><\/p>\n<p><strong>Przy zapisie na wszystkie 3 p\u0142atne warsztaty obowi\u0105zuje zni\u017cka! <\/strong>\u0141\u0105czny koszt udzia\u0142u wynosi wtedy jedynie 85 z\u0142 za osob\u0119. Warsztaty obj\u0119te zni\u017ck\u0105:<\/p>\n<ul>\n<li>5 wrze\u015bnia 2026 | <strong><a href=\"https:\/\/warsztatykultury.pl\/pl\/wydarzenia\/ambrotypia-srebro-na-szkle-warsztat-fotograficzny-wrzesien-2026\" target=\"_blank\" rel=\"noopener\">Ambrotypia \u2013 srebro na szkle<\/a><\/strong><\/li>\n<li>19 wrze\u015bnia 2026 | <strong><a href=\"https:\/\/warsztatykultury.pl\/pl\/wydarzenia\/talbotypia-papier-solny-warsztat-fotograficzny-wrzesien-2026\" target=\"_blank\" rel=\"noopener\">Talbotypia \u2013 papier solny<\/a><\/strong><\/li>\n<li>26 wrze\u015bnia 2026 | <a href=\"https:\/\/warsztatykultury.pl\/pl\/wydarzenia\/odbitki-stykowe-fotografia-z-duchem-warsztat-fotograficzny-wrzesien-2026\" target=\"_blank\" rel=\"noopener\"><strong>Odbitki stykowe \u2013 fotografia z duchem<\/strong><\/a><\/li>\n<\/ul>\n<p>Warsztat Fotograficzny jest partnerem programu Sezon Lublin 2026. Bior\u0105c udzia\u0142 w warsztatach, mo\u017cesz zdoby\u0107 naklejk\u0119 z kategorii <strong>Widz<\/strong>. Zbieraj naklejki i otrzymuj nagrody \u2013 po wi\u0119cej informacji zajrzyj na stron\u0119 <a href=\"http:\/\/sezon.lublin.eu\" target=\"_blank\" rel=\"noopener\"><strong>sezon.lublin.eu<\/strong><\/a>.<\/p>\n<p><a href=\"https:\/\/miastoinspiracji.lublin.eu\/sezon-lublin\/jak-dziala-sezon-lublin\/\"><img decoding=\"async\" class=\"lazyload alignnone\" src=\"data:image\/svg+xml,%3Csvg%20xmlns%3D%27http%3A%2F%2Fwww.w3.org%2F2000%2Fsvg%27%20width%3D%271920%27%20height%3D%271080%27%20viewBox%3D%270%200%201920%201080%27%3E%3Crect%20width%3D%271920%27%20height%3D%271080%27%20fill-opacity%3D%220%22%2F%3E%3C%2Fsvg%3E\" data-orig-src=\"https:\/\/warsztatykultury.pl\/wp-content\/uploads\/2026\/06\/sl26_partner_1920x1080_15062026.png\" alt=\"\" width=\"1920\" height=\"1080\"><\/a><\/p>\n<h2>Dost\u0119pno\u015b\u0107<\/h2>\n<ul>\n<li>Zwiedzanie dost\u0119pne w j\u0119zyku polskim i ukrai\u0144skim.<\/li>\n<li>Wydarzenie odbywa si\u0119 w miejscu niedost\u0119pnym architektonicznie.<\/li>\n<li>Sprawd\u017a, jak trafi\u0107 \u2013 <a href=\"https:\/\/www.youtube.com\/watch?v=0tCu88ASM_Y\" target=\"_blank\" rel=\"noopener\"><strong>obejrzyj wideo<\/strong><\/a>.<\/li>\n<li><a href=\"https:\/\/warsztatykultury.pl\/dostepnosc-wk\"><strong>Przeczytaj podstawowe informacje o dost\u0119pno\u015bci Warsztat\u00f3w Kultury.<\/strong><\/a><\/li>\n<li>Twoje indywidualne potrzeby zwi\u0105zane z udzia\u0142em w wydarzeniach organizowanych przez Warsztaty Kultury: <a href=\"https:\/\/forms.gle\/h9h1Pymro8BPd3hi9\"><strong>wype\u0142nij formularz<\/strong><\/a>.<\/li>\n<\/ul>\n<h2>Program na wrzesie\u0144 2026<\/h2>\n<p>3, 4, 10, 11, 17, 18, 24, 25 wrze\u015bnia 2026 | <strong><a href=\"https:\/\/warsztatykultury.pl\/pl\/wydarzenia\/atelier-fotograficzne-sprzed-100-lat-zwiedzanie-warsztat-fotograficzny-wrzesien-2026\" target=\"_blank\" rel=\"noopener\">Atelier fotograficzne sprzed 100 lat \u2013 zwiedzanie<\/a><\/strong><br \/>\n5 wrze\u015bnia 2026 | <strong><a href=\"https:\/\/warsztatykultury.pl\/pl\/wydarzenia\/ambrotypia-srebro-na-szkle-warsztat-fotograficzny-wrzesien-2026\" target=\"_blank\" rel=\"noopener\">Ambrotypia \u2013 srebro na szkle<\/a><\/strong><br \/>\n19 wrze\u015bnia 2026 | <strong><a href=\"https:\/\/warsztatykultury.pl\/pl\/wydarzenia\/talbotypia-papier-solny-warsztat-fotograficzny-wrzesien-2026\" target=\"_blank\" rel=\"noopener\">Talbotypia \u2013 papier solny<\/a><\/strong><br \/>\n26 wrze\u015bnia 2026 | <a href=\"https:\/\/warsztatykultury.pl\/pl\/wydarzenia\/odbitki-stykowe-fotografia-z-duchem-warsztat-fotograficzny-wrzesien-2026\" target=\"_blank\" rel=\"noopener\"><strong>Odbitki stykowe \u2013 fotografia z duchem<\/strong><\/a><\/p>\n<p><\/div><div class=\"nav fusion-mobile-tab-nav\"><ul class=\"nav-tabs nav-justified\" role=\"tablist\"><li role=\"presentation\"><a class=\"tab-link\" data-toggle=\"tab\" role=\"tab\" aria-controls=\"tab-1df56a2336c0e037137\" aria-selected=\"false\" tabindex=\"-1\" id=\"mobile-fusion-tab-ukr\" href=\"#tab-1df56a2336c0e037137\"><h2 class=\"fusion-tab-heading\">UKR<\/h2><\/a><\/li><\/ul><\/div><div class=\"tab-pane fade fusion-clearfix\" role=\"tabpanel\" tabindex=\"0\" aria-labelledby=\"fusion-tab-ukr\" id=\"tab-1df56a2336c0e037137\"><\/p>\n<h1>\u0410\u043c\u0431\u0440\u043e\u0442\u0438\u043f | \u0424\u043e\u0442\u043e\u0433\u0440\u0430\u0444\u0456\u0447\u043d\u0430 \u043c\u0430\u0439\u0441\u0442\u0435\u0440\u043d<\/h1>\n<h2>\u041e\u043f\u0438\u0441 \u043f\u043e\u0434\u0456\u0457<\/h2>\n<p>\u0417\u0430\u043f\u0440\u043e\u0448\u0443\u0454\u043c\u043e \u043d\u0430 \u043c\u0430\u0439\u0441\u0442\u0435\u0440-\u043a\u043b\u0430\u0441 \u0437 \u0430\u043c\u0431\u0440\u043e\u0442\u0438\u043f\u0456\u0457. \u0410\u043c\u0431\u0440\u043e\u0442\u0438\u043f\u0456\u044f (\u0433\u0440\u0435\u0446. \u00ab\u0431\u0435\u0437\u0441\u043c\u0435\u0440\u0442\u043d\u0430 \u0444\u043e\u0442\u043e\u0433\u0440\u0430\u0444\u0456\u044f\u00bb) \u2014 \u043e\u0434\u043d\u0430 \u0437\u0456 \u0441\u0442\u0430\u0440\u0438\u0445, \u043f\u043e\u0437\u0438\u0442\u0438\u0432\u043d\u0438\u0445 \u0444\u043e\u0442\u043e\u0433\u0440\u0430\u0444\u0456\u0447\u043d\u0438\u0445 \u0442\u0435\u0445\u043d\u0456\u043a, \u044f\u043a\u0430 \u0432\u0438\u043a\u043e\u0440\u0438\u0441\u0442\u043e\u0432\u0443\u0454\u0442\u044c\u0441\u044f \u0437 1851 \u0440\u043e\u043a\u0443 \u0456 \u0434\u043e\u0437\u0432\u043e\u043b\u044f\u0454 \u043e\u0442\u0440\u0438\u043c\u0430\u0442\u0438 \u043e\u0434\u043d\u0435 \u0443\u043d\u0456\u043a\u0430\u043b\u044c\u043d\u0435 \u0437\u043e\u0431\u0440\u0430\u0436\u0435\u043d\u043d\u044f \u0431\u0435\u0437 \u043c\u043e\u0436\u043b\u0438\u0432\u043e\u0441\u0442\u0456 \u0441\u0442\u0432\u043e\u0440\u0435\u043d\u043d\u044f \u0432\u0456\u0434\u0431\u0438\u0442\u043a\u0456\u0432. \u0422\u0430\u043a\u0438\u0439 \u043f\u043e\u0440\u0442\u0440\u0435\u0442 \u043d\u0430 \u0441\u043a\u043b\u0456 \u0437\u0430\u043b\u0438\u0448\u0438\u0442\u044c\u0441\u044f \u043f\u0430\u043c\u2019\u044f\u0442\u043a\u043e\u044e \u0434\u043b\u044f \u0431\u0430\u0433\u0430\u0442\u044c\u043e\u0445 \u043f\u043e\u043a\u043e\u043b\u0456\u043d\u044c \u2013 \u0444\u043e\u0442\u043e\u0433\u0440\u0430\u0444\u0456\u044f \u043d\u0435\u0443\u0448\u043a\u043e\u0434\u0436\u0435\u043d\u043e\u044e \u043c\u043e\u0436\u0435 \u043f\u0440\u043e\u0436\u0438\u0442\u0438 \u0434\u043e 180 \u0440\u043e\u043a\u0456\u0432!<\/p>\n<p>\u0417\u0443\u0441\u0442\u0440\u0456\u0447 \u0432\u0456\u0434\u0431\u0443\u0434\u0435\u0442\u044c\u0441\u044f \u0432 \u043d\u0435\u0432\u0435\u043b\u0438\u043a\u0456\u0439 \u0433\u0440\u0443\u043f\u0456, \u0449\u043e \u0434\u043e\u0437\u0432\u043e\u043b\u0438\u0442\u044c \u043a\u043e\u0436\u043d\u043e\u043c\u0443 \u0443\u0447\u0430\u0441\u043d\u0438\u043a\u0443 \u0442\u0430 \u043a\u043e\u0436\u043d\u0456\u0439 \u0443\u0447\u0430\u0441\u043d\u0438\u0446\u0456 \u0441\u0430\u043c\u043e\u0441\u0442\u0456\u0439\u043d\u043e \u043f\u0440\u0430\u0446\u044e\u0432\u0430\u0442\u0438 \u0437 \u0442\u0435\u0445\u043d\u0456\u043a\u043e\u044e, \u0432\u0456\u043b\u044c\u043d\u043e \u0441\u0442\u0430\u0432\u0438\u0442\u0438 \u0437\u0430\u043f\u0438\u0442\u0430\u043d\u043d\u044f \u0442\u0430 \u043e\u0442\u0440\u0438\u043c\u0443\u0432\u0430\u0442\u0438 \u0456\u043d\u0434\u0438\u0432\u0456\u0434\u0443\u0430\u043b\u044c\u043d\u0443 \u043f\u0456\u0434\u0442\u0440\u0438\u043c\u043a\u0443. \u0412\u043e\u0440\u043a\u0448\u043e\u043f \u0442\u0430\u043a\u043e\u0436 \u043f\u0440\u0438\u0437\u043d\u0430\u0447\u0435\u043d\u0438\u0439 \u0434\u043b\u044f \u043b\u044e\u0434\u0435\u0439 \u0431\u0435\u0437 \u0444\u043e\u0442\u043e\u0433\u0440\u0430\u0444\u0456\u0447\u043d\u043e\u0433\u043e \u0434\u043e\u0441\u0432\u0456\u0434\u0443.<\/p>\n<p>\u041c\u0430\u0439\u0441\u0442\u0435\u0440-\u043a\u043b\u0430\u0441 \u043f\u0440\u043e\u0432\u0435\u0434\u0435 \u0420\u043e\u043c\u0430\u043d \u041a\u0440\u0430\u0432\u0447\u0435\u043d\u043a\u043e \u2013 \u0444\u043e\u0442\u043e\u0433\u0440\u0430\u0444 \u0456 \u0432\u0438\u043a\u043b\u0430\u0434\u0430\u0447 \u0437 \u0423\u043a\u0440\u0430\u0457\u043d\u0438. \u0417 2015 \u0440\u043e\u043a\u0443 \u0432\u0435\u0434\u0435 \u041c\u0430\u0439\u0441\u0442\u0435\u0440\u043d\u044e \u0444\u043e\u0442\u043e\u0433\u0440\u0430\u0444\u0456\u0457 \u0443 \u041f\u0440\u043e\u0432\u0443\u043b\u043a\u0443 \u0413\u0430\u0440\u0442\u0432\u0456\u0433\u0456\u0432. \u0425\u0443\u0434\u043e\u0436\u043d\u0438\u043a \u043d\u0435 \u0442\u0456\u043b\u044c\u043a\u0438 \u0444\u043e\u0442\u043e\u0433\u0440\u0430\u0444\u0443\u0454 \u0431\u043b\u0430\u0433\u043e\u0440\u043e\u0434\u043d\u043e\u044e \u0444\u043e\u0442\u043e \u0442\u0435\u0445\u043d\u0456\u043a\u043e\u044e, \u0430\u043b\u0435 \u0439 \u0432\u0456\u0434\u043d\u043e\u0432\u043b\u044e\u0454 \u0442\u0430 \u043f\u043e\u043a\u0430\u0437\u0443\u0454 \u043d\u0430\u0441\u0442\u0443\u043f\u043d\u0438\u043c \u043f\u043e\u043a\u043e\u043b\u0456\u043d\u043d\u044f\u043c, \u044f\u043a \u0444\u043e\u0442\u043e\u0433\u0440\u0430\u0444\u0443\u0432\u0430\u043b\u0438 \u0443 \u043c\u0438\u043d\u0443\u043b\u043e\u043c\u0443. \u041f\u0456\u0434 \u0447\u0430\u0441 \u0432\u0456\u0437\u0438\u0442\u0443 \u0434\u043e \u043f\u0430\u043d\u0430 \u0420\u043e\u043c\u0430\u043d\u0430 \u0432\u0438 \u043d\u0435 \u043b\u0438\u0448\u0435 \u043f\u043e\u0437\u0443\u0454\u0442\u0435 \u043f\u0435\u0440\u0435\u0434 \u0444\u043e\u0442\u043e\u0430\u043f\u0430\u0440\u0430\u0442\u043e\u043c, \u0430 \u043d\u0430\u0441\u0430\u043c\u043f\u0435\u0440\u0435\u0434 \u0432\u0438\u0432\u0447\u0430\u0454\u0442\u0435 \u0456\u0441\u0442\u043e\u0440\u0456\u044e \u0444\u043e\u0442\u043e\u0433\u0440\u0430\u0444\u0456\u0457, \u043f\u0435\u0440\u0435\u0432\u0456\u0440\u044f\u0454\u0442\u0435, \u044f\u043a \u043f\u0440\u0430\u0446\u044e\u044e\u0442\u044c \u0444\u043e\u0442\u043e\u0430\u043f\u0430\u0440\u0430\u0442\u0438 \u043f\u0435\u0440\u0435\u043b\u043e\u043c\u0443 \u0425\u0406\u0425-\u0425\u0425 \u0441\u0442\u043e\u043b\u0456\u0442\u044c, \u0437\u0430\u0433\u043b\u044f\u0434\u0430\u0454\u043c\u043e \u0443 \u0442\u0435\u043c\u043d\u0443 \u043a\u0456\u043c\u043d\u0430\u0442\u0443. \u041f\u0456\u0434 \u043d\u0430\u0433\u043b\u044f\u0434\u043e\u043c \u0434\u043e\u0441\u0432\u0456\u0434\u0447\u0435\u043d\u043e\u0433\u043e \u0444\u043e\u0442\u043e\u0433\u0440\u0430\u0444\u0430 \u0432\u0438 \u0442\u0430\u043a\u043e\u0436 \u043c\u043e\u0436\u0435\u0442\u0435 \u0432\u0437\u044f\u0442\u0438 \u0443\u0447\u0430\u0441\u0442\u044c \u0443 \u043f\u0440\u043e\u0446\u0435\u0441\u0456 \u043f\u0440\u043e\u044f\u0432\u043b\u0435\u043d\u043d\u044f \u0432\u043b\u0430\u0441\u043d\u043e\u0457 \u0444\u043e\u0442\u043e\u0433\u0440\u0430\u0444\u0456\u0457.<\/p>\n<h2>\u041f\u0440\u0430\u043a\u0442\u0438\u0447\u043d\u0430 \u0456\u043d\u0444\u043e\u0440\u043c\u0430\u0446\u0456\u044f<\/h2>\n<p><strong>\u041a\u043e\u043b\u0438:<\/strong> 5.09.2026, 11.00-13.30<br \/>\n<strong>\u0414\u0435:<\/strong> \u0424\u043e\u0442\u043e\u0433\u0440\u0430\u0444\u0456\u0447\u043d\u0430 \u043c\u0430\u0439\u0441\u0442\u0435\u0440\u043d\u044f, \u041f\u0440\u043e\u0432\u0443\u043b\u043e\u043a \u0413\u0430\u0440\u0442\u0432\u0456\u0491\u0456\u0432, \u0432\u0443\u043b. \u041a\u043e\u0432\u0430\u043b\u044c\u0441\u044c\u043a\u0430, 3<br \/>\n<strong>\u0414\u043b\u044f \u043a\u043e\u0433\u043e:<\/strong>&nbsp;\u0434\u043e\u0440\u043e\u0441\u043b\u0456, \u0432\u043e\u0440\u043a\u0448\u043e\u043f \u0442\u0430\u043a\u043e\u0436 \u0434\u043e\u0441\u0442\u0443\u043f\u043d\u0438\u0439 \u0443\u043a\u0440\u0430\u0457\u043d\u0441\u044c\u043a\u043e\u044e \u043c\u043e\u0432\u043e\u044e<br \/>\n<strong>\u0420\u0435\u0454\u0441\u0442\u0440\u0430\u0446\u0456\u044f:&nbsp;\u0447\u0435\u0440\u0435\u0437 <a href=\"https:\/\/docs.google.com\/forms\/d\/e\/1FAIpQLSchxUpRRAEZuUtU_cUI95w7-3VgwiVCmlE2tu0jVj3abDP83g\/viewform\" target=\"_blank\" rel=\"noopener\">\u043e\u043d\u043b\u0430\u0439\u043d-\u0444\u043e\u0440\u043c\u0443<\/a><\/strong><br \/>\n<strong>\u0412\u0430\u0440\u0442\u0456\u0441\u0442\u044c \u0443\u0447\u0430\u0441\u0442\u0456:<\/strong> 50 \u0437\u043b\u043e\u0442\u0438\u0445<br \/>\n\u041a\u0456\u043b\u044c\u043a\u0456\u0441\u0442\u044c \u043c\u0456\u0441\u0446\u044c \u043e\u0431\u043c\u0435\u0436\u0435\u043d\u0430, \u0440\u0435\u0454\u0441\u0442\u0440\u0430\u0446\u0456\u044f \u0432\u0456\u0434\u0431\u0443\u0432\u0430\u0454\u0442\u044c\u0441\u044f \u0432 \u043f\u043e\u0440\u044f\u0434\u043a\u0443 \u043d\u0430\u0434\u0445\u043e\u0434\u0436\u0435\u043d\u043d\u044f \u0437\u0430\u044f\u0432\u043e\u043a<\/p>\n<p><a href=\"https:\/\/docs.google.com\/document\/d\/1NXWs-3r5NTJITVb2Bx2MGx-lKZrTxM1Z\/edit?usp=sharing\" target=\"_blank\" rel=\"noopener\"><strong>\u041f\u0440\u0430\u0432\u0438\u043b\u0430 \u0443\u0447\u0430\u0441\u0442\u0456<\/strong><\/a><\/p>\n<p><strong>\u041f\u0440\u0438 \u0440\u0435\u0454\u0441\u0442\u0440\u0430\u0446\u0456\u0457 \u043d\u0430 \u0432\u0441\u0456 3 \u043f\u043b\u0430\u0442\u043d\u0456 \u043c\u0430\u0439\u0441\u0442\u0435\u0440-\u043a\u043b\u0430\u0441\u0438 \u0434\u0456\u0454 \u0437\u043d\u0438\u0436\u043a\u0430!<\/strong> \u0417\u0430\u0433\u0430\u043b\u044c\u043d\u0430 \u0432\u0430\u0440\u0442\u0456\u0441\u0442\u044c \u0443\u0447\u0430\u0441\u0442\u0456 \u0441\u0442\u0430\u043d\u043e\u0432\u0438\u0442\u044c \u043b\u0438\u0448\u0435 85 \u0437\u043b\u043e\u0442\u0438\u0445 \u0437 \u043e\u0441\u043e\u0431\u0438. \u041c\u0430\u0439\u0441\u0442\u0435\u0440-\u043a\u043b\u0430\u0441\u0438, \u043d\u0430 \u044f\u043a\u0456 \u043f\u043e\u0448\u0438\u0440\u044e\u0454\u0442\u044c\u0441\u044f \u0437\u043d\u0438\u0436\u043a\u0430:<\/p>\n<ul>\n<li>5.09.2026 | <a href=\"https:\/\/warsztatykultury.pl\/pl\/wydarzenia\/ambrotypia-srebro-na-szkle-warsztat-fotograficzny-wrzesien-2026\" target=\"_blank\" rel=\"noopener\"><strong>\u0410\u043c\u0431\u0440\u043e\u0442\u0438\u043f\u0456\u044f \u2013 \u0441\u0440\u0456\u0431\u043b\u043e \u043d\u0430 \u0441\u043a\u043b\u0456<\/strong><\/a><\/li>\n<li>19.09.2026 | <a href=\"https:\/\/warsztatykultury.pl\/pl\/wydarzenia\/talbotypia-papier-solny-warsztat-fotograficzny-wrzesien-2026\" target=\"_blank\" rel=\"noopener\"><strong>\u0422\u0430\u043b\u044c\u0431\u043e\u0442\u0438\u043f\u0456\u044f \u2013 \u0441\u043e\u043b\u043e\u043d\u0438\u0439 \u043f\u0430\u043f\u0456\u0440<\/strong><\/a><\/li>\n<li>26.09.2026 | <a href=\"https:\/\/warsztatykultury.pl\/pl\/wydarzenia\/odbitki-stykowe-fotografia-z-duchem-warsztat-fotograficzny-wrzesien-2026\" target=\"_blank\" rel=\"noopener\"><strong>\u041a\u043e\u043d\u0442\u0430\u043a\u0442\u043d\u0456 \u0432\u0456\u0434\u0431\u0438\u0442\u043a\u0438 \u2013 \u0444\u043e\u0442\u043e\u0433\u0440\u0430\u0444\u0456\u044f \u0437 \u0434\u0443\u0445\u043e\u043c<\/strong><\/a><\/li>\n<\/ul>\n<p>\u0424\u043e\u0442\u043e\u0433\u0440\u0430\u0444\u0456\u0447\u043d\u0430 \u043c\u0430\u0439\u0441\u0442\u0435\u0440\u043d\u044f \u0454 \u043f\u0430\u0440\u0442\u043d\u0435\u0440\u043e\u043c \u043f\u0440\u043e\u0433\u0440\u0430\u043c\u0438 \u00ab\u0421\u0435\u0437\u043e\u043d \u041b\u044e\u0431\u043b\u0456\u043d 2026\u00bb. \u0411\u0435\u0440\u0443\u0447\u0438 \u0443\u0447\u0430\u0441\u0442\u044c \u0443 \u043c\u0430\u0439\u0441\u0442\u0435\u0440-\u043a\u043b\u0430\u0441\u0430\u0445, \u0442\u0438 \u043c\u043e\u0436\u0435\u0448 \u043e\u0442\u0440\u0438\u043c\u0430\u0442\u0438 \u043d\u0430\u043b\u0456\u043f\u043a\u0443 \u0437 \u043a\u0430\u0442\u0435\u0433\u043e\u0440\u0456\u0457 \u00ab\u0413\u043b\u044f\u0434\u0430\u0447\u00bb. \u0417\u0431\u0438\u0440\u0430\u0439 \u043d\u0430\u043b\u0456\u043f\u043a\u0438 \u0442\u0430 \u043e\u0442\u0440\u0438\u043c\u0443\u0439 \u043d\u0430\u0433\u043e\u0440\u043e\u0434\u0438 \u2013 \u0431\u0456\u043b\u044c\u0448\u0435 \u0456\u043d\u0444\u043e\u0440\u043c\u0430\u0446\u0456\u0457 \u0448\u0443\u043a\u0430\u0439 \u043d\u0430 \u0441\u0430\u0439\u0442\u0456 <a href=\"http:\/\/sezon.lublin.eu\" target=\"_blank\" rel=\"noopener\"><strong>sezon.lublin.eu<\/strong><\/a>.<\/p>\n<p><a href=\"https:\/\/miastoinspiracji.lublin.eu\/sezon-lublin\/jak-dziala-sezon-lublin\/\"><img decoding=\"async\" class=\"lazyload alignnone\" src=\"data:image\/svg+xml,%3Csvg%20xmlns%3D%27http%3A%2F%2Fwww.w3.org%2F2000%2Fsvg%27%20width%3D%271920%27%20height%3D%271080%27%20viewBox%3D%270%200%201920%201080%27%3E%3Crect%20width%3D%271920%27%20height%3D%271080%27%20fill-opacity%3D%220%22%2F%3E%3C%2Fsvg%3E\" data-orig-src=\"https:\/\/warsztatykultury.pl\/wp-content\/uploads\/2026\/06\/sl26_partner_1920x1080_15062026.png\" alt=\"\" width=\"1920\" height=\"1080\"><\/a><\/p>\n<h2>\u0414\u043e\u0441\u0442\u0443\u043f\u043d\u0456\u0441\u0442\u044c<\/h2>\n<ul>\n<li>\u0412\u0456\u0434\u0432\u0456\u0434\u0443\u0432\u0430\u043d\u043d\u044f \u0434\u043e\u0441\u0442\u0443\u043f\u043d\u0435 \u043f\u043e\u043b\u044c\u0441\u044c\u043a\u043e\u044e \u0442\u0430 \u0443\u043a\u0440\u0430\u0457\u043d\u0441\u044c\u043a\u043e\u044e \u043c\u043e\u0432\u0430\u043c\u0438.<\/li>\n<li>\u0417\u0430\u0445\u0456\u0434 \u0432\u0456\u0434\u0431\u0443\u0432\u0430\u0454\u0442\u044c\u0441\u044f \u0432 \u0430\u0440\u0445\u0456\u0442\u0435\u043a\u0442\u0443\u0440\u043d\u043e \u043d\u0435\u0434\u043e\u0441\u0442\u0443\u043f\u043d\u043e\u043c\u0443 \u043c\u0456\u0441\u0446\u0456.<\/li>\n<li>\u041f\u0435\u0440\u0435\u0432\u0456\u0440\u0442\u0435, \u044f\u043a \u0434\u0456\u0441\u0442\u0430\u0442\u0438\u0441\u044f \u2013 <a href=\"https:\/\/www.youtube.com\/watch?v=0tCu88ASM_Y\" target=\"_blank\" rel=\"noopener\"><strong>\u043f\u0435\u0440\u0435\u0433\u043b\u044f\u043d\u044c\u0442\u0435 \u0432\u0456\u0434\u0435\u043e<\/strong><\/a>.<\/li>\n<li><a href=\"https:\/\/warsztatykultury.pl\/dostepnosc-wk\" target=\"_blank\" rel=\"noopener\"><strong>\u041f\u0440\u043e\u0447\u0438\u0442\u0430\u0439\u0442\u0435 \u043e\u0441\u043d\u043e\u0432\u043d\u0443 \u0456\u043d\u0444\u043e\u0440\u043c\u0430\u0446\u0456\u044e \u043f\u0440\u043e \u0434\u043e\u0441\u0442\u0443\u043f\u043d\u0456\u0441\u0442\u044c \u041c\u0430\u0439\u0441\u0442\u0435\u0440\u0435\u043d\u044c \u043a\u0443\u043b\u044c\u0442\u0443\u0440\u0438.<\/strong><\/a><\/li>\n<li>\u0412\u0430\u0448\u0456 \u0456\u043d\u0434\u0438\u0432\u0456\u0434\u0443\u0430\u043b\u044c\u043d\u0456 \u043f\u043e\u0442\u0440\u0435\u0431\u0438, \u043f\u043e\u0432\u2019\u044f\u0437\u0430\u043d\u0456 \u0437 \u0443\u0447\u0430\u0441\u0442\u044e \u0432 \u0437\u0430\u0445\u043e\u0434\u0430\u0445, \u043e\u0440\u0433\u0430\u043d\u0456\u0437\u043e\u0432\u0430\u043d\u0438\u0445 \u041c\u0430\u0439\u0441\u0442\u0435\u0440\u043d\u044f\u043c\u0438 \u043a\u0443\u043b\u044c\u0442\u0443\u0440\u0438: <a href=\"https:\/\/forms.gle\/h9h1Pymro8BPd3hi9\" target=\"_blank\" rel=\"noopener\"><strong>\u0437\u0430\u043f\u043e\u0432\u043d\u0456\u0442\u044c \u0444\u043e\u0440\u043c\u0443<\/strong><\/a>.<\/li>\n<\/ul>\n<h2>\u041f\u0440\u043e\u0433\u0440\u0430\u043c\u0430 \u043d\u0430 \u0432\u0435\u0440\u0435\u0441\u0435\u043d\u044c 2026 \u0440\u043e\u043a\u0443<\/h2>\n<p>3, 4, 10, 11, 17, 18, 24, 25.09.2026 | <a href=\"https:\/\/warsztatykultury.pl\/pl\/wydarzenia\/atelier-fotograficzne-sprzed-100-lat-zwiedzanie-warsztat-fotograficzny-wrzesien-2026\" target=\"_blank\" rel=\"noopener\"><strong>\u0424\u043e\u0442\u043e\u0430\u0442\u0435\u043b\u044c\u0454 100-\u0440\u0456\u0447\u043d\u043e\u0457 \u0434\u0430\u0432\u043d\u0438\u043d\u0438 \u2013 \u0435\u043a\u0441\u043a\u0443\u0440\u0441\u0456\u044f<\/strong><\/a><br \/>\n5.09.2026 | <a href=\"https:\/\/warsztatykultury.pl\/pl\/wydarzenia\/ambrotypia-srebro-na-szkle-warsztat-fotograficzny-wrzesien-2026\" target=\"_blank\" rel=\"noopener\"><strong>\u0410\u043c\u0431\u0440\u043e\u0442\u0438\u043f\u0456\u044f \u2013 \u0441\u0440\u0456\u0431\u043b\u043e \u043d\u0430 \u0441\u043a\u043b\u0456<\/strong><\/a><br \/>\n19.09.2026 | <a href=\"https:\/\/warsztatykultury.pl\/pl\/wydarzenia\/talbotypia-papier-solny-warsztat-fotograficzny-wrzesien-2026\" target=\"_blank\" rel=\"noopener\"><strong>\u0422\u0430\u043b\u044c\u0431\u043e\u0442\u0438\u043f\u0456\u044f \u2013 \u0441\u043e\u043b\u043e\u043d\u0438\u0439 \u043f\u0430\u043f\u0456\u0440<\/strong><\/a><br \/>\n26.09.2026 | <a href=\"https:\/\/warsztatykultury.pl\/pl\/wydarzenia\/odbitki-stykowe-fotografia-z-duchem-warsztat-fotograficzny-wrzesien-2026\" target=\"_blank\" rel=\"noopener\"><strong>\u041a\u043e\u043d\u0442\u0430\u043a\u0442\u043d\u0456 \u0432\u0456\u0434\u0431\u0438\u0442\u043a\u0438 \u2013 \u0444\u043e\u0442\u043e\u0433\u0440\u0430\u0444\u0456\u044f \u0437 \u0434\u0443\u0445\u043e\u043c<\/strong><\/a><\/p>\n<p><\/div><\/div><\/div>\n","protected":false},"excerpt":{"rendered":"","protected":false},"author":22,"featured_media":34574,"comment_status":"closed","ping_status":"closed","template":"","meta":{"_acf_changed":false,"ngg_post_thumbnail":0},"tags":[308,22,26,497],"mec_category":[34],"class_list":["post-39243","mec-events","type-mec-events","status-publish","has-post-thumbnail","hentry","tag-dla-ukrainy","tag-dorosli","tag-fotografia","tag-warsztaty","mec_category-warsztat-fotograficzny"],"acf":[],"yoast_head":"<!-- This site is optimized with the Yoast SEO plugin v22.0 - https:\/\/yoast.com\/wordpress\/plugins\/seo\/ -->\n<title>Ambrotypia \u2013 srebro na szkle | Warsztat Fotograficzny - Warsztaty Kultury<\/title>\n<meta name=\"robots\" content=\"index, follow, max-snippet:-1, max-image-preview:large, max-video-preview:-1\" \/>\n<link rel=\"canonical\" href=\"https:\/\/warsztatykultury.pl\/pl\/wydarzenia\/ambrotypia-srebro-na-szkle-warsztat-fotograficzny-wrzesien-2026\/\" \/>\n<meta property=\"og:locale\" content=\"pl_PL\" \/>\n<meta property=\"og:type\" content=\"article\" \/>\n<meta property=\"og:title\" content=\"Ambrotypia \u2013 srebro na szkle | Warsztat Fotograficzny - Warsztaty Kultury\" \/>\n<meta property=\"og:url\" content=\"https:\/\/warsztatykultury.pl\/pl\/wydarzenia\/ambrotypia-srebro-na-szkle-warsztat-fotograficzny-wrzesien-2026\/\" \/>\n<meta property=\"og:site_name\" content=\"Warsztaty Kultury\" \/>\n<meta property=\"article:publisher\" content=\"https:\/\/www.facebook.com\/WarsztatyKultury\/\" \/>\n<meta property=\"article:modified_time\" content=\"2026-08-25T13:59:54+00:00\" \/>\n<meta property=\"og:image\" content=\"https:\/\/warsztatykultury.pl\/wp-content\/uploads\/2025\/12\/roman2_prawie_hd.webp\" \/>\n\t<meta property=\"og:image:width\" content=\"1920\" \/>\n\t<meta property=\"og:image:height\" content=\"1005\" \/>\n\t<meta property=\"og:image:type\" content=\"image\/webp\" \/>\n<meta name=\"twitter:card\" content=\"summary_large_image\" \/>\n<meta name=\"twitter:label1\" content=\"Szacowany czas czytania\" \/>\n\t<meta name=\"twitter:data1\" content=\"5 minut\" \/>\n<script type=\"application\/ld+json\" class=\"yoast-schema-graph\">{\"@context\":\"https:\/\/schema.org\",\"@graph\":[{\"@type\":\"WebPage\",\"@id\":\"https:\/\/warsztatykultury.pl\/pl\/wydarzenia\/ambrotypia-srebro-na-szkle-warsztat-fotograficzny-wrzesien-2026\/\",\"url\":\"https:\/\/warsztatykultury.pl\/pl\/wydarzenia\/ambrotypia-srebro-na-szkle-warsztat-fotograficzny-wrzesien-2026\/\",\"name\":\"Ambrotypia \u2013 srebro na szkle | Warsztat Fotograficzny - Warsztaty Kultury\",\"isPartOf\":{\"@id\":\"https:\/\/warsztatykultury.pl\/pl\/#website\"},\"datePublished\":\"2026-08-25T13:57:23+00:00\",\"dateModified\":\"2026-08-25T13:59:54+00:00\",\"breadcrumb\":{\"@id\":\"https:\/\/warsztatykultury.pl\/pl\/wydarzenia\/ambrotypia-srebro-na-szkle-warsztat-fotograficzny-wrzesien-2026\/#breadcrumb\"},\"inLanguage\":\"pl-PL\",\"potentialAction\":[{\"@type\":\"ReadAction\",\"target\":[\"https:\/\/warsztatykultury.pl\/pl\/wydarzenia\/ambrotypia-srebro-na-szkle-warsztat-fotograficzny-wrzesien-2026\/\"]}]},{\"@type\":\"BreadcrumbList\",\"@id\":\"https:\/\/warsztatykultury.pl\/pl\/wydarzenia\/ambrotypia-srebro-na-szkle-warsztat-fotograficzny-wrzesien-2026\/#breadcrumb\",\"itemListElement\":[{\"@type\":\"ListItem\",\"position\":1,\"name\":\"Strona g\u0142\u00f3wna\",\"item\":\"https:\/\/warsztatykultury.pl\/pl\/\"},{\"@type\":\"ListItem\",\"position\":2,\"name\":\"Events\",\"item\":\"https:\/\/warsztatykultury.pl\/en\/wydarzenia\/\"},{\"@type\":\"ListItem\",\"position\":3,\"name\":\"Ambrotypia \u2013 srebro na szkle | Warsztat Fotograficzny\"}]},{\"@type\":\"WebSite\",\"@id\":\"https:\/\/warsztatykultury.pl\/pl\/#website\",\"url\":\"https:\/\/warsztatykultury.pl\/pl\/\",\"name\":\"Warsztaty Kultury\",\"description\":\"\",\"publisher\":{\"@id\":\"https:\/\/warsztatykultury.pl\/pl\/#organization\"},\"potentialAction\":[{\"@type\":\"SearchAction\",\"target\":{\"@type\":\"EntryPoint\",\"urlTemplate\":\"https:\/\/warsztatykultury.pl\/pl\/?s={search_term_string}\"},\"query-input\":\"required name=search_term_string\"}],\"inLanguage\":\"pl-PL\"},{\"@type\":\"Organization\",\"@id\":\"https:\/\/warsztatykultury.pl\/pl\/#organization\",\"name\":\"Warsztaty Kultury w Lublinie\",\"url\":\"https:\/\/warsztatykultury.pl\/pl\/\",\"logo\":{\"@type\":\"ImageObject\",\"inLanguage\":\"pl-PL\",\"@id\":\"https:\/\/warsztatykultury.pl\/pl\/#\/schema\/logo\/image\/\",\"url\":\"https:\/\/warsztatykultury.pl\/wp-content\/uploads\/2020\/05\/LogoWKRetina-e1589382721171.png\",\"contentUrl\":\"https:\/\/warsztatykultury.pl\/wp-content\/uploads\/2020\/05\/LogoWKRetina-e1589382721171.png\",\"width\":700,\"height\":112,\"caption\":\"Warsztaty Kultury w Lublinie\"},\"image\":{\"@id\":\"https:\/\/warsztatykultury.pl\/pl\/#\/schema\/logo\/image\/\"},\"sameAs\":[\"https:\/\/www.facebook.com\/WarsztatyKultury\/\",\"https:\/\/www.instagram.com\/warsztatykultury\/?hl=pl\",\"https:\/\/www.youtube.com\/user\/WarsztatyKultury\",\"https:\/\/pl.wikipedia.org\/wiki\/Warsztaty_Kultury\"]}]}<\/script>\n<!-- \/ Yoast SEO plugin. -->","yoast_head_json":{"title":"Ambrotypia \u2013 srebro na szkle | Warsztat Fotograficzny - Warsztaty Kultury","robots":{"index":"index","follow":"follow","max-snippet":"max-snippet:-1","max-image-preview":"max-image-preview:large","max-video-preview":"max-video-preview:-1"},"canonical":"https:\/\/warsztatykultury.pl\/pl\/wydarzenia\/ambrotypia-srebro-na-szkle-warsztat-fotograficzny-wrzesien-2026\/","og_locale":"pl_PL","og_type":"article","og_title":"Ambrotypia \u2013 srebro na szkle | Warsztat Fotograficzny - Warsztaty Kultury","og_url":"https:\/\/warsztatykultury.pl\/pl\/wydarzenia\/ambrotypia-srebro-na-szkle-warsztat-fotograficzny-wrzesien-2026\/","og_site_name":"Warsztaty Kultury","article_publisher":"https:\/\/www.facebook.com\/WarsztatyKultury\/","article_modified_time":"2026-08-25T13:59:54+00:00","og_image":[{"width":1920,"height":1005,"url":"https:\/\/warsztatykultury.pl\/wp-content\/uploads\/2025\/12\/roman2_prawie_hd.webp","type":"image\/webp"}],"twitter_card":"summary_large_image","twitter_misc":{"Szacowany czas czytania":"5 minut"},"schema":{"@context":"https:\/\/schema.org","@graph":[{"@type":"WebPage","@id":"https:\/\/warsztatykultury.pl\/pl\/wydarzenia\/ambrotypia-srebro-na-szkle-warsztat-fotograficzny-wrzesien-2026\/","url":"https:\/\/warsztatykultury.pl\/pl\/wydarzenia\/ambrotypia-srebro-na-szkle-warsztat-fotograficzny-wrzesien-2026\/","name":"Ambrotypia \u2013 srebro na szkle | Warsztat Fotograficzny - Warsztaty Kultury","isPartOf":{"@id":"https:\/\/warsztatykultury.pl\/pl\/#website"},"datePublished":"2026-08-25T13:57:23+00:00","dateModified":"2026-08-25T13:59:54+00:00","breadcrumb":{"@id":"https:\/\/warsztatykultury.pl\/pl\/wydarzenia\/ambrotypia-srebro-na-szkle-warsztat-fotograficzny-wrzesien-2026\/#breadcrumb"},"inLanguage":"pl-PL","potentialAction":[{"@type":"ReadAction","target":["https:\/\/warsztatykultury.pl\/pl\/wydarzenia\/ambrotypia-srebro-na-szkle-warsztat-fotograficzny-wrzesien-2026\/"]}]},{"@type":"BreadcrumbList","@id":"https:\/\/warsztatykultury.pl\/pl\/wydarzenia\/ambrotypia-srebro-na-szkle-warsztat-fotograficzny-wrzesien-2026\/#breadcrumb","itemListElement":[{"@type":"ListItem","position":1,"name":"Strona g\u0142\u00f3wna","item":"https:\/\/warsztatykultury.pl\/pl\/"},{"@type":"ListItem","position":2,"name":"Events","item":"https:\/\/warsztatykultury.pl\/en\/wydarzenia\/"},{"@type":"ListItem","position":3,"name":"Ambrotypia \u2013 srebro na szkle | Warsztat Fotograficzny"}]},{"@type":"WebSite","@id":"https:\/\/warsztatykultury.pl\/pl\/#website","url":"https:\/\/warsztatykultury.pl\/pl\/","name":"Warsztaty Kultury","description":"","publisher":{"@id":"https:\/\/warsztatykultury.pl\/pl\/#organization"},"potentialAction":[{"@type":"SearchAction","target":{"@type":"EntryPoint","urlTemplate":"https:\/\/warsztatykultury.pl\/pl\/?s={search_term_string}"},"query-input":"required name=search_term_string"}],"inLanguage":"pl-PL"},{"@type":"Organization","@id":"https:\/\/warsztatykultury.pl\/pl\/#organization","name":"Warsztaty Kultury w Lublinie","url":"https:\/\/warsztatykultury.pl\/pl\/","logo":{"@type":"ImageObject","inLanguage":"pl-PL","@id":"https:\/\/warsztatykultury.pl\/pl\/#\/schema\/logo\/image\/","url":"https:\/\/warsztatykultury.pl\/wp-content\/uploads\/2020\/05\/LogoWKRetina-e1589382721171.png","contentUrl":"https:\/\/warsztatykultury.pl\/wp-content\/uploads\/2020\/05\/LogoWKRetina-e1589382721171.png","width":700,"height":112,"caption":"Warsztaty Kultury w Lublinie"},"image":{"@id":"https:\/\/warsztatykultury.pl\/pl\/#\/schema\/logo\/image\/"},"sameAs":["https:\/\/www.facebook.com\/WarsztatyKultury\/","https:\/\/www.instagram.com\/warsztatykultury\/?hl=pl","https:\/\/www.youtube.com\/user\/WarsztatyKultury","https:\/\/pl.wikipedia.org\/wiki\/Warsztaty_Kultury"]}]}},"_links":{"self":[{"href":"https:\/\/warsztatykultury.pl\/pl\/wp-json\/wp\/v2\/mec-events\/39243","targetHints":{"allow":["GET"]}}],"collection":[{"href":"https:\/\/warsztatykultury.pl\/pl\/wp-json\/wp\/v2\/mec-events"}],"about":[{"href":"https:\/\/warsztatykultury.pl\/pl\/wp-json\/wp\/v2\/types\/mec-events"}],"author":[{"embeddable":true,"href":"https:\/\/warsztatykultury.pl\/pl\/wp-json\/wp\/v2\/users\/22"}],"replies":[{"embeddable":true,"href":"https:\/\/warsztatykultury.pl\/pl\/wp-json\/wp\/v2\/comments?post=39243"}],"wp:featuredmedia":[{"embeddable":true,"href":"https:\/\/warsztatykultury.pl\/pl\/wp-json\/wp\/v2\/media\/34574"}],"wp:attachment":[{"href":"https:\/\/warsztatykultury.pl\/pl\/wp-json\/wp\/v2\/media?parent=39243"}],"wp:term":[{"taxonomy":"post_tag","embeddable":true,"href":"https:\/\/warsztatykultury.pl\/pl\/wp-json\/wp\/v2\/tags?post=39243"},{"taxonomy":"mec_category","embeddable":true,"href":"https:\/\/warsztatykultury.pl\/pl\/wp-json\/wp\/v2\/mec_category?post=39243"}],"curies":[{"name":"wp","href":"https:\/\/api.w.org\/{rel}","templated":true}]}}