{"id":39317,"date":"2026-08-26T16:07:04","date_gmt":"2026-08-26T14:07:04","guid":{"rendered":"https:\/\/warsztatykultury.pl\/?post_type=mec-events&#038;p=39317"},"modified":"2026-08-31T15:13:01","modified_gmt":"2026-08-31T13:13:01","slug":"duchowe-portrety-autorow-kultury-paryskiej-spotkanie-z-lukaszem-marcinczakiem","status":"publish","type":"mec-events","link":"https:\/\/warsztatykultury.pl\/pl\/wydarzenia\/duchowe-portrety-autorow-kultury-paryskiej-spotkanie-z-lukaszem-marcinczakiem\/","title":{"rendered":"Duchowe portrety autor\u00f3w \u201eKultury\u201d paryskiej | spotkanie z \u0141ukaszem Marci\u0144czakiem"},"content":{"rendered":"<h2>O wydarzeniu<\/h2>\n<p><strong>Co \u0142\u0105czy\u0142o Czes\u0142awa Mi\u0142osza, Witolda Gombrowicza, J\u00f3zefa Czapskiego czy Gustawa Herlinga-Grudzi\u0144skiego poza przynale\u017cno\u015bci\u0105 do \u015brodowiska paryskiej \u201eKultury\u201d? \u0141ukasz Marci\u0144czak przyjrza\u0142 si\u0119 ich tw\u00f3rczo\u015bci i biografiom przez pryzmat duchowych i egzystencjalnych poszukiwa\u0144. O ksi\u0105\u017cce \u201eOdyseusze z Maisons-Laffitte. Duchowe portrety autor\u00f3w \u00bbKultury\u00ab paryskiej\u201d autor opowie 27 wrze\u015bnia podczas Lubelskich Targ\u00f3w Ksi\u0105\u017cki.<\/strong><\/p>\n<p>Ksi\u0105\u017cka stanowi zbi\u00f3r 10 esej\u00f3w literackich po\u015bwi\u0119conych autorom zwi\u0105zanym z parysk\u0105 \u201eKultur\u0105\u201d. Ich bohaterami s\u0105 m.in.: poeci Czes\u0142aw Mi\u0142osz i Wac\u0142aw Iwaniuk, esei\u015bci Jele\u0144ski i Stempowski, diary\u015bci Czapski i Herling-Grudzi\u0144ski, dramaturg Gombrowicz, powie\u015bciopisarz Czarnyszewicz oraz autor os\u0142awionych \u201eSzkic\u00f3w pi\u00f3rkiem\u201d, Andrzej Bobkowski. Wszyscy s\u0105 po\u0142\u0105czeni wsp\u00f3ln\u0105 ide\u0105 pisma b\u0119d\u0105cego centrum intelektualnym emigracji polskiej w II po\u0142owie XX wieku \u2013 wszyscy okazali si\u0119 te\u017c wybitnymi tw\u00f3rcami w dziejach literatury polskiej XX stulecia.<\/p>\n<p>Fenomen \u015brodowiska \u201eKultury\u201d niniejsza publikacja pog\u0142\u0119bia o ukazanie sylwetek jej g\u0142\u00f3wnych tw\u00f3rc\u00f3w w wymiarze duchowym \u2013 nie tylko w ich stosunku do kwestii fundamentalnych w \u017cyciu zbiorowym, lecz przede wszystkim m\u00f3wi\u0105c o indywidualnych poszukiwaniach egzystencjalnych, a nierzadko metafizycznych, ka\u017cdego z nich. Zagadnienie poszukiwania osobistego sensu \u017cycia otwiera now\u0105 perspektyw\u0119 w recepcji dzie\u0142 i postaw ludzi, wci\u0105\u017c kszta\u0142tuj\u0105cych nasz\u0105 tera\u017aniejszo\u015b\u0107.<\/p>\n<p>Spotkanie poprowadzi Maciej Wodzi\u0144ski.<\/p>\n<p>Ksi\u0105\u017cka \u201eOdyseusze z Maisons-Laffitte. Duchowe portrety autor\u00f3w \u00bbKultury\u00ab paryskiej\u201d ukaza\u0142a si\u0119 nak\u0142adem Wydawnictwa Warsztaty Kultury. Mo\u017cna j\u0105 kupi\u0107 w cenie 35 z\u0142 <a role=\"link\" href=\"https:\/\/wydawnictwo.warsztatykultury.pl\/produkt\/odyseusze-z-maisons-laffitte-duchowe-portrety-autorow-kultury-paryskiej\/\" target=\"_blank\" rel=\"noopener\"><strong>na stronie wydawnictwa<\/strong><\/a>.<\/p>\n<h2>Informacje praktyczne<\/h2>\n<p><strong>Kiedy:<\/strong> 27 wrze\u015bnia 2026 (niedziela), 13.00<br \/>\n<strong>Gdzie:<\/strong> Targi Lublin, Dworcowa 11, Scena Pawilon<br \/>\n<strong>Wst\u0119p:<\/strong> obowi\u0105zuj\u0105 bilety, wi\u0119cej informacji na stronie <a href=\"https:\/\/lubelskie.targiksiazki.pl\/pl\/dla-zwiedzajacych\/wazne-informacje\/bilety\/\" target=\"_blank\" rel=\"noopener\"><strong>Lubelskich Targ\u00f3w Ksi\u0105\u017cki<\/strong><\/a><\/p>\n<h2>W spotkaniu wezm\u0105 udzia\u0142<\/h2>\n<p><strong>\u0141ukasz Marci\u0144czak<\/strong> \u2013 ur. 1971 w \u0141odzi. Absolwent filozofii UMCS, doktor nauk humanistycznych w zakresie filozofii, redagowa\u0142 pismo Stowarzyszenia Absolwent\u00f3w UMCS \u201eAS UMCS\u201d. Od roku 2006 sta\u0142y wsp\u00f3\u0142pracownik \u201eAkcentu\u201d, na \u0142amach kt\u00f3rego publikuje eseje, recenzje i szkice na temat tw\u00f3rc\u00f3w z kr\u0119gu \u201eKultury\u201d paryskiej oraz wielokulturowej przesz\u0142o\u015bci Lublina i Lubelszczyzny. Publikowa\u0142 tak\u017ce w \u201eColloquia Communia\u201d, \u201eGazecie Wyborczej\u201d i \u201eMagyar Napl\u00f3\u201d (Budapeszt). Autor tomu poetyckiego \u201eProfil odci\u015bni\u0119ty w glinie\u201d (2002) oraz zbior\u00f3w docieka\u0144 losologicznych: \u201e\u015awiat trzeba przekr\u0119ci\u0107. Rozmowy o imponderabiliach\u201d (2013) i \u201e\u015awiat trzeba doko\u0144czy\u0107. Rozmowy o imponderabiliach\u201d (2017); wsp\u00f3\u0142redaktor ksi\u0105\u017cek \u201eAndrzeja Klimowicza portret wielokrotny\u201d (2013), \u201eHomo sentiens \u2013 cz\u0142owiek czuj\u0105cy. Ksi\u0119ga Przyjaci\u00f3\u0142 Jadwigi Mizi\u0144skiej\u201d (2013). Najwa\u017cniejsze eseje zebra\u0142 w tomie \u201eKamienie pachn\u0105ce szafranem\u201d (Lublin 2016). Odznaczony Medalem Prezydenta Miasta Lublin (2010), Medalem Unii Lubelskiej (2017), tytu\u0142em Bene Meritus Terrae Lublinensi (2017) oraz Medalem 700-lecia Miasta Lublin (2018).<\/p>\n<p><strong>Maciej Wodzi\u0144ski<\/strong> \u2013 doktor filozofii na lubelskim UMCS, emerytowany maszer, samozwa\u0144czy stolarz, genetycznie obci\u0105\u017cony sk\u0142onno\u015bci\u0105 do filozofowania z predylekcj\u0105 do tracenia \u017cycia na remontowaniu starych wiejskich cha\u0142up i wcielania w \u017cycie has\u0142a \u201ebudowa\u0107, mieszka\u0107, my\u015ble\u0107\u201d. Naukowo zainteresowany filozofi\u0105 psychiatrii i szerzej poj\u0119tego dobrostanu psychicznego, laureat Diamentowego Grantu z obszaru humanistyki. Zakochany w Grecji. Wci\u0105\u017c, cho\u0107 nadal jeszcze nieporadnie, pr\u00f3buje dialogowa\u0107 z my\u015bl\u0105 jej wielkich umar\u0142ych, szukaj\u0105c w tych rozmowach \u201edrogi powrotu\u201d do ich dawno zapomnianego sposobu do\u015bwiadczania \u015bwiata.<\/p>\n<h2 class=\"fusion-responsive-typography-calculated\" data-fontsize=\"25\" data-lineheight=\"30px\">O wydawnictwie<\/h2>\n<p><strong>Wydawnictwo Warsztaty Kultury<\/strong> prowadzone przez miejsk\u0105 instytucj\u0119 Warsztaty Kultury w Lublinie to niewielka, niszowa oficyna skupiona wok\u00f3\u0142 literatury i kultury kraj\u00f3w Europy \u015arodkowej oraz Wschodniej. Dzia\u0142alno\u015b\u0107 wydawnicza skupia si\u0119 g\u0142\u00f3wnie na serii \u201eWschodni Express\u201d. W serii tej publikowana jest przede wszystkim zr\u00f3\u017cnicowana gatunkowo proza i eseistyka, ale tak\u017ce wiersze. Do ich autor\u00f3w nale\u017c\u0105 najwybitniejsi tw\u00f3rcy Ukrainy, Bia\u0142orusi, \u0141otwy czy Litwy. Wydawnictwo szczyci si\u0119 te\u017c wsp\u00f3\u0142prac\u0105 z Bohdanem Zadur\u0105, jednym z najwybitniejszych polskich t\u0142umaczy prozy i poezji ukrai\u0144skiej. Wydawnictwo mo\u017ce pochwali\u0107 si\u0119 m.in. przyznanym w 2022 roku \u201eAngelusem\u201d za t\u0142umaczenie z w\u0119gierskiego ksi\u0105\u017cki Zolt\u00e1na Mih\u00e1lya Nagya, \u201eSzata\u0144ski pomiot\u201d. Dokona\u0142 go Daniel Warmuz. Znacz\u0105cym wydarzeniem dla Warsztat\u00f3w Kultury by\u0142o r\u00f3wnie\u017c znalezienie si\u0119 \u201ePunktu zerowego\u201d Artema Czecha w \u015bcis\u0142ym finale Nagrody im. Ryszarda Kapu\u015bci\u0144skiego w 2020 roku.<\/p>\n<p>Wszystkie ksi\u0105\u017cki Warsztat\u00f3w Kultury w Lublinie mo\u017cna znale\u017a\u0107 <a role=\"link\" href=\"https:\/\/wydawnictwo.warsztatykultury.pl\/sklep\/\" target=\"_blank\" rel=\"noopener\"><strong>na stronie wydawnictwa<\/strong><\/a>.<\/p>\n","protected":false},"excerpt":{"rendered":"<p>O wydarzeniu Co \u0142\u0105czy\u0142o Czes\u0142awa Mi\u0142osza, Witolda Gombrowicza, J\u00f3zefa Czapskiego [&hellip;]<\/p>\n","protected":false},"author":22,"featured_media":39330,"comment_status":"closed","ping_status":"closed","template":"","meta":{"_acf_changed":false,"ngg_post_thumbnail":0},"tags":[91],"mec_category":[273],"class_list":["post-39317","mec-events","type-mec-events","status-publish","has-post-thumbnail","hentry","tag-literatura","mec_category-wydawnictwo-warsztatow-kultury"],"acf":[],"yoast_head":"<!-- This site is optimized with the Yoast SEO plugin v22.0 - https:\/\/yoast.com\/wordpress\/plugins\/seo\/ -->\n<title>Duchowe portrety autor\u00f3w \u201eKultury\u201d paryskiej | spotkanie z \u0141ukaszem Marci\u0144czakiem - Warsztaty Kultury<\/title>\n<meta name=\"robots\" content=\"index, follow, max-snippet:-1, max-image-preview:large, max-video-preview:-1\" \/>\n<link rel=\"canonical\" href=\"https:\/\/warsztatykultury.pl\/pl\/wydarzenia\/duchowe-portrety-autorow-kultury-paryskiej-spotkanie-z-lukaszem-marcinczakiem\/\" \/>\n<meta property=\"og:locale\" content=\"pl_PL\" \/>\n<meta property=\"og:type\" content=\"article\" \/>\n<meta property=\"og:title\" content=\"Duchowe portrety autor\u00f3w \u201eKultury\u201d paryskiej | spotkanie z \u0141ukaszem Marci\u0144czakiem - Warsztaty Kultury\" \/>\n<meta property=\"og:description\" content=\"O wydarzeniu Co \u0142\u0105czy\u0142o Czes\u0142awa Mi\u0142osza, Witolda Gombrowicza, J\u00f3zefa Czapskiego [&hellip;]\" \/>\n<meta property=\"og:url\" content=\"https:\/\/warsztatykultury.pl\/pl\/wydarzenia\/duchowe-portrety-autorow-kultury-paryskiej-spotkanie-z-lukaszem-marcinczakiem\/\" \/>\n<meta property=\"og:site_name\" content=\"Warsztaty Kultury\" \/>\n<meta property=\"article:publisher\" content=\"https:\/\/www.facebook.com\/WarsztatyKultury\/\" \/>\n<meta property=\"article:modified_time\" content=\"2026-08-31T13:13:01+00:00\" \/>\n<meta property=\"og:image\" content=\"https:\/\/warsztatykultury.pl\/wp-content\/uploads\/2026\/08\/marcinczak_prawie_hd-2_zakotwiczone.png\" \/>\n\t<meta property=\"og:image:width\" content=\"1920\" \/>\n\t<meta property=\"og:image:height\" content=\"1005\" \/>\n\t<meta property=\"og:image:type\" content=\"image\/png\" \/>\n<meta name=\"twitter:card\" content=\"summary_large_image\" \/>\n<meta name=\"twitter:label1\" content=\"Szacowany czas czytania\" \/>\n\t<meta name=\"twitter:data1\" content=\"4 minuty\" \/>\n<script type=\"application\/ld+json\" class=\"yoast-schema-graph\">{\"@context\":\"https:\/\/schema.org\",\"@graph\":[{\"@type\":\"WebPage\",\"@id\":\"https:\/\/warsztatykultury.pl\/pl\/wydarzenia\/duchowe-portrety-autorow-kultury-paryskiej-spotkanie-z-lukaszem-marcinczakiem\/\",\"url\":\"https:\/\/warsztatykultury.pl\/pl\/wydarzenia\/duchowe-portrety-autorow-kultury-paryskiej-spotkanie-z-lukaszem-marcinczakiem\/\",\"name\":\"Duchowe portrety autor\u00f3w \u201eKultury\u201d paryskiej | spotkanie z \u0141ukaszem Marci\u0144czakiem - Warsztaty Kultury\",\"isPartOf\":{\"@id\":\"https:\/\/warsztatykultury.pl\/pl\/#website\"},\"datePublished\":\"2026-08-26T14:07:04+00:00\",\"dateModified\":\"2026-08-31T13:13:01+00:00\",\"breadcrumb\":{\"@id\":\"https:\/\/warsztatykultury.pl\/pl\/wydarzenia\/duchowe-portrety-autorow-kultury-paryskiej-spotkanie-z-lukaszem-marcinczakiem\/#breadcrumb\"},\"inLanguage\":\"pl-PL\",\"potentialAction\":[{\"@type\":\"ReadAction\",\"target\":[\"https:\/\/warsztatykultury.pl\/pl\/wydarzenia\/duchowe-portrety-autorow-kultury-paryskiej-spotkanie-z-lukaszem-marcinczakiem\/\"]}]},{\"@type\":\"BreadcrumbList\",\"@id\":\"https:\/\/warsztatykultury.pl\/pl\/wydarzenia\/duchowe-portrety-autorow-kultury-paryskiej-spotkanie-z-lukaszem-marcinczakiem\/#breadcrumb\",\"itemListElement\":[{\"@type\":\"ListItem\",\"position\":1,\"name\":\"Strona g\u0142\u00f3wna\",\"item\":\"https:\/\/warsztatykultury.pl\/pl\/\"},{\"@type\":\"ListItem\",\"position\":2,\"name\":\"Events\",\"item\":\"https:\/\/warsztatykultury.pl\/en\/wydarzenia\/\"},{\"@type\":\"ListItem\",\"position\":3,\"name\":\"Duchowe portrety autor\u00f3w \u201eKultury\u201d paryskiej | spotkanie z \u0141ukaszem Marci\u0144czakiem\"}]},{\"@type\":\"WebSite\",\"@id\":\"https:\/\/warsztatykultury.pl\/pl\/#website\",\"url\":\"https:\/\/warsztatykultury.pl\/pl\/\",\"name\":\"Warsztaty Kultury\",\"description\":\"\",\"publisher\":{\"@id\":\"https:\/\/warsztatykultury.pl\/pl\/#organization\"},\"potentialAction\":[{\"@type\":\"SearchAction\",\"target\":{\"@type\":\"EntryPoint\",\"urlTemplate\":\"https:\/\/warsztatykultury.pl\/pl\/?s={search_term_string}\"},\"query-input\":\"required name=search_term_string\"}],\"inLanguage\":\"pl-PL\"},{\"@type\":\"Organization\",\"@id\":\"https:\/\/warsztatykultury.pl\/pl\/#organization\",\"name\":\"Warsztaty Kultury w Lublinie\",\"url\":\"https:\/\/warsztatykultury.pl\/pl\/\",\"logo\":{\"@type\":\"ImageObject\",\"inLanguage\":\"pl-PL\",\"@id\":\"https:\/\/warsztatykultury.pl\/pl\/#\/schema\/logo\/image\/\",\"url\":\"https:\/\/warsztatykultury.pl\/wp-content\/uploads\/2020\/05\/LogoWKRetina-e1589382721171.png\",\"contentUrl\":\"https:\/\/warsztatykultury.pl\/wp-content\/uploads\/2020\/05\/LogoWKRetina-e1589382721171.png\",\"width\":700,\"height\":112,\"caption\":\"Warsztaty Kultury w Lublinie\"},\"image\":{\"@id\":\"https:\/\/warsztatykultury.pl\/pl\/#\/schema\/logo\/image\/\"},\"sameAs\":[\"https:\/\/www.facebook.com\/WarsztatyKultury\/\",\"https:\/\/www.instagram.com\/warsztatykultury\/?hl=pl\",\"https:\/\/www.youtube.com\/user\/WarsztatyKultury\",\"https:\/\/pl.wikipedia.org\/wiki\/Warsztaty_Kultury\"]}]}<\/script>\n<!-- \/ Yoast SEO plugin. -->","yoast_head_json":{"title":"Duchowe portrety autor\u00f3w \u201eKultury\u201d paryskiej | spotkanie z \u0141ukaszem Marci\u0144czakiem - Warsztaty Kultury","robots":{"index":"index","follow":"follow","max-snippet":"max-snippet:-1","max-image-preview":"max-image-preview:large","max-video-preview":"max-video-preview:-1"},"canonical":"https:\/\/warsztatykultury.pl\/pl\/wydarzenia\/duchowe-portrety-autorow-kultury-paryskiej-spotkanie-z-lukaszem-marcinczakiem\/","og_locale":"pl_PL","og_type":"article","og_title":"Duchowe portrety autor\u00f3w \u201eKultury\u201d paryskiej | spotkanie z \u0141ukaszem Marci\u0144czakiem - Warsztaty Kultury","og_description":"O wydarzeniu Co \u0142\u0105czy\u0142o Czes\u0142awa Mi\u0142osza, Witolda Gombrowicza, J\u00f3zefa Czapskiego [&hellip;]","og_url":"https:\/\/warsztatykultury.pl\/pl\/wydarzenia\/duchowe-portrety-autorow-kultury-paryskiej-spotkanie-z-lukaszem-marcinczakiem\/","og_site_name":"Warsztaty Kultury","article_publisher":"https:\/\/www.facebook.com\/WarsztatyKultury\/","article_modified_time":"2026-08-31T13:13:01+00:00","og_image":[{"width":1920,"height":1005,"url":"https:\/\/warsztatykultury.pl\/wp-content\/uploads\/2026\/08\/marcinczak_prawie_hd-2_zakotwiczone.png","type":"image\/png"}],"twitter_card":"summary_large_image","twitter_misc":{"Szacowany czas czytania":"4 minuty"},"schema":{"@context":"https:\/\/schema.org","@graph":[{"@type":"WebPage","@id":"https:\/\/warsztatykultury.pl\/pl\/wydarzenia\/duchowe-portrety-autorow-kultury-paryskiej-spotkanie-z-lukaszem-marcinczakiem\/","url":"https:\/\/warsztatykultury.pl\/pl\/wydarzenia\/duchowe-portrety-autorow-kultury-paryskiej-spotkanie-z-lukaszem-marcinczakiem\/","name":"Duchowe portrety autor\u00f3w \u201eKultury\u201d paryskiej | spotkanie z \u0141ukaszem Marci\u0144czakiem - Warsztaty Kultury","isPartOf":{"@id":"https:\/\/warsztatykultury.pl\/pl\/#website"},"datePublished":"2026-08-26T14:07:04+00:00","dateModified":"2026-08-31T13:13:01+00:00","breadcrumb":{"@id":"https:\/\/warsztatykultury.pl\/pl\/wydarzenia\/duchowe-portrety-autorow-kultury-paryskiej-spotkanie-z-lukaszem-marcinczakiem\/#breadcrumb"},"inLanguage":"pl-PL","potentialAction":[{"@type":"ReadAction","target":["https:\/\/warsztatykultury.pl\/pl\/wydarzenia\/duchowe-portrety-autorow-kultury-paryskiej-spotkanie-z-lukaszem-marcinczakiem\/"]}]},{"@type":"BreadcrumbList","@id":"https:\/\/warsztatykultury.pl\/pl\/wydarzenia\/duchowe-portrety-autorow-kultury-paryskiej-spotkanie-z-lukaszem-marcinczakiem\/#breadcrumb","itemListElement":[{"@type":"ListItem","position":1,"name":"Strona g\u0142\u00f3wna","item":"https:\/\/warsztatykultury.pl\/pl\/"},{"@type":"ListItem","position":2,"name":"Events","item":"https:\/\/warsztatykultury.pl\/en\/wydarzenia\/"},{"@type":"ListItem","position":3,"name":"Duchowe portrety autor\u00f3w \u201eKultury\u201d paryskiej | spotkanie z \u0141ukaszem Marci\u0144czakiem"}]},{"@type":"WebSite","@id":"https:\/\/warsztatykultury.pl\/pl\/#website","url":"https:\/\/warsztatykultury.pl\/pl\/","name":"Warsztaty Kultury","description":"","publisher":{"@id":"https:\/\/warsztatykultury.pl\/pl\/#organization"},"potentialAction":[{"@type":"SearchAction","target":{"@type":"EntryPoint","urlTemplate":"https:\/\/warsztatykultury.pl\/pl\/?s={search_term_string}"},"query-input":"required name=search_term_string"}],"inLanguage":"pl-PL"},{"@type":"Organization","@id":"https:\/\/warsztatykultury.pl\/pl\/#organization","name":"Warsztaty Kultury w Lublinie","url":"https:\/\/warsztatykultury.pl\/pl\/","logo":{"@type":"ImageObject","inLanguage":"pl-PL","@id":"https:\/\/warsztatykultury.pl\/pl\/#\/schema\/logo\/image\/","url":"https:\/\/warsztatykultury.pl\/wp-content\/uploads\/2020\/05\/LogoWKRetina-e1589382721171.png","contentUrl":"https:\/\/warsztatykultury.pl\/wp-content\/uploads\/2020\/05\/LogoWKRetina-e1589382721171.png","width":700,"height":112,"caption":"Warsztaty Kultury w Lublinie"},"image":{"@id":"https:\/\/warsztatykultury.pl\/pl\/#\/schema\/logo\/image\/"},"sameAs":["https:\/\/www.facebook.com\/WarsztatyKultury\/","https:\/\/www.instagram.com\/warsztatykultury\/?hl=pl","https:\/\/www.youtube.com\/user\/WarsztatyKultury","https:\/\/pl.wikipedia.org\/wiki\/Warsztaty_Kultury"]}]}},"_links":{"self":[{"href":"https:\/\/warsztatykultury.pl\/pl\/wp-json\/wp\/v2\/mec-events\/39317","targetHints":{"allow":["GET"]}}],"collection":[{"href":"https:\/\/warsztatykultury.pl\/pl\/wp-json\/wp\/v2\/mec-events"}],"about":[{"href":"https:\/\/warsztatykultury.pl\/pl\/wp-json\/wp\/v2\/types\/mec-events"}],"author":[{"embeddable":true,"href":"https:\/\/warsztatykultury.pl\/pl\/wp-json\/wp\/v2\/users\/22"}],"replies":[{"embeddable":true,"href":"https:\/\/warsztatykultury.pl\/pl\/wp-json\/wp\/v2\/comments?post=39317"}],"wp:featuredmedia":[{"embeddable":true,"href":"https:\/\/warsztatykultury.pl\/pl\/wp-json\/wp\/v2\/media\/39330"}],"wp:attachment":[{"href":"https:\/\/warsztatykultury.pl\/pl\/wp-json\/wp\/v2\/media?parent=39317"}],"wp:term":[{"taxonomy":"post_tag","embeddable":true,"href":"https:\/\/warsztatykultury.pl\/pl\/wp-json\/wp\/v2\/tags?post=39317"},{"taxonomy":"mec_category","embeddable":true,"href":"https:\/\/warsztatykultury.pl\/pl\/wp-json\/wp\/v2\/mec_category?post=39317"}],"curies":[{"name":"wp","href":"https:\/\/api.w.org\/{rel}","templated":true}]}}