{"id":39350,"date":"2026-08-31T11:48:10","date_gmt":"2026-08-31T09:48:10","guid":{"rendered":"https:\/\/warsztatykultury.pl\/?post_type=mec-events&#038;p=39350"},"modified":"2026-08-31T11:48:10","modified_gmt":"2026-08-31T09:48:10","slug":"jozef-eder-fotograf-xix-wiecznego-lwowa-wystawa-fotografii","status":"publish","type":"mec-events","link":"https:\/\/warsztatykultury.pl\/pl\/wydarzenia\/jozef-eder-fotograf-xix-wiecznego-lwowa-wystawa-fotografii\/","title":{"rendered":"J\u00f3zef Eder \u2013 fotograf XIX-wiecznego Lwowa | wystawa fotografii"},"content":{"rendered":"<h2>Opis wydarzenia<\/h2>\n<p><strong>J\u00f3zef Eder (1831\u20131903) nale\u017cy do grona najwybitniejszych i najlepiej dzi\u015b rozpoznawalnych lwowskich fotograf\u00f3w zawodowych XIX wieku. Przez ponad czterdzie\u015bci lat swojej dzia\u0142alno\u015bci dokumentowa\u0142 Lw\u00f3w i inne miasta Galicji, ich architektur\u0119, krajobraz oraz mieszka\u0144c\u00f3w. Jego fotografie zachowa\u0142y obraz \u015bwiata, kt\u00f3ry w drugiej po\u0142owie XIX wieku przechodzi\u0142 gwa\u0142towne przemiany.<\/strong><\/p>\n<p>O samym Ederze zachowa\u0142o si\u0119 stosunkowo niewiele informacji biograficznych. Precyzyjnie nie s\u0105 znane nawet daty jego urodzin i \u015bmierci. Jego obecno\u015b\u0107 w \u017cyciu fotograficznym epoki mo\u017cemy dzi\u015b odtwarza\u0107 przede wszystkim na podstawie zachowanych fotografii, album\u00f3w oraz wzmianek publikowanych w \u00f3wczesnej prasie. To w\u0142a\u015bnie jego dorobek pozostaje najwa\u017cniejszym \u015bwiadectwem skali i r\u00f3\u017cnorodno\u015bci jego dzia\u0142alno\u015bci.<\/p>\n<p>Bez w\u0105tpienia wa\u017cnym miejscem w tw\u00f3rczym \u017cyciu J\u00f3zefa Edera by\u0142 zak\u0142ad fotograficzny w Hotelu Angielskim przy ul. Karola Ludwika 15 \u2013 z filiami w Jassach (dzisiejsze Ia\u0219i w Rumunii) i w Stanis\u0142awowie (dzisiejszy Iwano-Frankiwsk), kt\u00f3ry prowadzi\u0142 od 1861 roku wraz z partnerem, Bernhardem Brandem. Dzia\u0142a\u0142 on \u2013 p\u00f3\u017aniej tylko pod nazwiskiem Edera \u2013 do 1888 r., gdy wyburzono Hotel. W tym samym roku Eder otworzy\u0142 w\u0142asne atelier w Stanis\u0142awowie, przy ul. Sapie\u017cy\u0144skiej 9 \u2013 po jego \u015bmierci przej\u0119\u0142a je najpierw jego c\u00f3rka Teofila (od 1913), a p\u00f3\u017aniej syn W\u0142adys\u0142aw (od 1923). To rzadka historia trzech pokole\u0144 fotograf\u00f3w w jednej rodzinie.<\/p>\n<p>Eder podejmowa\u0142 niemal wszystkie najwa\u017cniejsze tematy \u00f3wczesnej fotografii: wykonywa\u0142 widoki Lwowa, Przemy\u015bla, Rzeszowa i Krakowa, fotografowa\u0142 architektur\u0119, krajobrazy, sceny etnograficzne, dworce, stacje i mosty kolejowe. Szczeg\u00f3lne miejsce w jego dorobku zajmuj\u0105 albumy po\u015bwi\u0119cone galicyjskim liniom kolejowym, w tym Kolei Lwowsko-Brodzkiej i Kolei Lwowsko-Czerniowieckiej.<\/p>\n<p>Nie mniej wa\u017cn\u0105 cz\u0119\u015b\u0107 jego tw\u00f3rczo\u015bci stanowi\u0142a fotografia portretowa. Eder utrwala\u0142 zar\u00f3wno przedstawicieli \u00f3wczesnych elit, jak i setki zwyk\u0142ych mieszka\u0144c\u00f3w Lwowa. W\u015br\u00f3d zachowanych prac znajduj\u0105 si\u0119 portrety os\u00f3b znanych z \u017cycia publicznego, mi\u0119dzy innymi W\u0142adys\u0142awa Ordona, ale tak\u017ce anonimowych lwowian, kt\u00f3rych wizerunki sta\u0142y si\u0119 dzi\u015b bezcennym \u015bwiadectwem spo\u0142ecze\u0144stwa XIX-wiecznego miasta.<\/p>\n<p>Fotografie J\u00f3zefa Edera zachwycaj\u0105 nie tylko poziomem artystycznym i warsztatowym. Ich wyj\u0105tkowa warto\u015b\u0107 polega r\u00f3wnie\u017c na tym, \u017ce pozwalaj\u0105 spojrze\u0107 na Lw\u00f3w i Galicj\u0119 oczami fotografa, kt\u00f3ry z niezwyk\u0142\u0105 konsekwencj\u0105 rejestrowa\u0142 otaczaj\u0105c\u0105 go rzeczywisto\u015b\u0107. Ulice, place, budynki, dworce, koleje, krajobrazy i twarze mieszka\u0144c\u00f3w tworz\u0105 dzi\u015b niezwyk\u0142y fotograficzny portret epoki.<\/p>\n<p>Tw\u00f3rczo\u015b\u0107 Edera doceniano nie tylko w Galicji. Bra\u0142 udzia\u0142 w Wystawie Rolniczo-Przemys\u0142owej we Lwowie w 1877 roku, a dwa lata wcze\u015bniej, na wystawie \u015bwiatowej w Wiedniu (1873), otrzyma\u0142 oficjalne wyr\u00f3\u017cnienie, kt\u00f3re potwierdza, \u017ce lwowski fotograf znajdowa\u0142 si\u0119 w gronie najlepszych tw\u00f3rc\u00f3w fotograficznych \u00f3wczesnego cesarstwa.<\/p>\n<p>Zachowany dorobek Edera jest czym\u015b znacznie wa\u017cniejszym ni\u017c kolekcj\u0105 XIX-wiecznych fotografii. To wizualny zapis \u015bwiata, kt\u00f3ry przemin\u0105\u0142 \u2013 i jeden z najcenniejszych dokument\u00f3w na temat dawnego Lwowa.<\/p>\n<p>Prezentowane na wystawie fotografie pochodz\u0105 z kolekcji prywatnych.<\/p>\n<h2>Informacje praktyczne<\/h2>\n<p><strong>Kiedy:<\/strong> 2-30 wrze\u015bnia 2026, ca\u0142odobowo<br \/>\n<strong>Gdzie:<\/strong> Zau\u0142ek Hartwig\u00f3w<strong><br \/>\n<\/strong><strong>Wst\u0119p wolny<\/strong><\/p>\n<h2>Dost\u0119pno\u015b\u0107<\/h2>\n<ul>\n<li>Miejsce niedost\u0119pne architektonicznie \u2013 schody.<\/li>\n<li><a href=\"https:\/\/warsztatykultury.pl\/dostepnosc-wk\"><strong>Przeczytaj podstawowe informacje o dost\u0119pno\u015bci Warsztat\u00f3w Kultury.<\/strong><\/a><\/li>\n<li>Twoje indywidualne potrzeby zwi\u0105zane z udzia\u0142em w wydarzeniach organizowanych przez Warsztaty Kultury: <a href=\"https:\/\/forms.gle\/h9h1Pymro8BPd3hi9\"><strong>wype\u0142nij formularz<\/strong><\/a>.<\/li>\n<\/ul>\n","protected":false},"excerpt":{"rendered":"<p>Opis wydarzenia J\u00f3zef Eder (1831\u20131903) nale\u017cy do grona najwybitniejszych i [&hellip;]<\/p>\n","protected":false},"author":22,"featured_media":39351,"comment_status":"closed","ping_status":"closed","template":"","meta":{"_acf_changed":false,"ngg_post_thumbnail":0},"tags":[22,450,26,46],"mec_category":[34],"class_list":["post-39350","mec-events","type-mec-events","status-publish","has-post-thumbnail","hentry","tag-dorosli","tag-familijne","tag-fotografia","tag-seniorzy","mec_category-warsztat-fotograficzny"],"acf":[],"yoast_head":"<!-- This site is optimized with the Yoast SEO plugin v22.0 - https:\/\/yoast.com\/wordpress\/plugins\/seo\/ -->\n<title>J\u00f3zef Eder \u2013 fotograf XIX-wiecznego Lwowa | wystawa fotografii - Warsztaty Kultury<\/title>\n<meta name=\"robots\" content=\"index, follow, max-snippet:-1, max-image-preview:large, max-video-preview:-1\" \/>\n<link rel=\"canonical\" href=\"https:\/\/warsztatykultury.pl\/pl\/wydarzenia\/jozef-eder-fotograf-xix-wiecznego-lwowa-wystawa-fotografii\/\" \/>\n<meta property=\"og:locale\" content=\"pl_PL\" \/>\n<meta property=\"og:type\" content=\"article\" \/>\n<meta property=\"og:title\" content=\"J\u00f3zef Eder \u2013 fotograf XIX-wiecznego Lwowa | wystawa fotografii - Warsztaty Kultury\" \/>\n<meta property=\"og:description\" content=\"Opis wydarzenia J\u00f3zef Eder (1831\u20131903) nale\u017cy do grona najwybitniejszych i [&hellip;]\" \/>\n<meta property=\"og:url\" content=\"https:\/\/warsztatykultury.pl\/pl\/wydarzenia\/jozef-eder-fotograf-xix-wiecznego-lwowa-wystawa-fotografii\/\" \/>\n<meta property=\"og:site_name\" content=\"Warsztaty Kultury\" \/>\n<meta property=\"article:publisher\" content=\"https:\/\/www.facebook.com\/WarsztatyKultury\/\" \/>\n<meta property=\"og:image\" content=\"https:\/\/warsztatykultury.pl\/wp-content\/uploads\/2026\/08\/prawie_hd-2.png\" \/>\n\t<meta property=\"og:image:width\" content=\"1920\" \/>\n\t<meta property=\"og:image:height\" content=\"1005\" \/>\n\t<meta property=\"og:image:type\" content=\"image\/png\" \/>\n<meta name=\"twitter:card\" content=\"summary_large_image\" \/>\n<meta name=\"twitter:label1\" content=\"Szacowany czas czytania\" \/>\n\t<meta name=\"twitter:data1\" content=\"2 minuty\" \/>\n<script type=\"application\/ld+json\" class=\"yoast-schema-graph\">{\"@context\":\"https:\/\/schema.org\",\"@graph\":[{\"@type\":\"WebPage\",\"@id\":\"https:\/\/warsztatykultury.pl\/pl\/wydarzenia\/jozef-eder-fotograf-xix-wiecznego-lwowa-wystawa-fotografii\/\",\"url\":\"https:\/\/warsztatykultury.pl\/pl\/wydarzenia\/jozef-eder-fotograf-xix-wiecznego-lwowa-wystawa-fotografii\/\",\"name\":\"J\u00f3zef Eder \u2013 fotograf XIX-wiecznego Lwowa | wystawa fotografii - Warsztaty Kultury\",\"isPartOf\":{\"@id\":\"https:\/\/warsztatykultury.pl\/pl\/#website\"},\"datePublished\":\"2026-08-31T09:48:10+00:00\",\"dateModified\":\"2026-08-31T09:48:10+00:00\",\"breadcrumb\":{\"@id\":\"https:\/\/warsztatykultury.pl\/pl\/wydarzenia\/jozef-eder-fotograf-xix-wiecznego-lwowa-wystawa-fotografii\/#breadcrumb\"},\"inLanguage\":\"pl-PL\",\"potentialAction\":[{\"@type\":\"ReadAction\",\"target\":[\"https:\/\/warsztatykultury.pl\/pl\/wydarzenia\/jozef-eder-fotograf-xix-wiecznego-lwowa-wystawa-fotografii\/\"]}]},{\"@type\":\"BreadcrumbList\",\"@id\":\"https:\/\/warsztatykultury.pl\/pl\/wydarzenia\/jozef-eder-fotograf-xix-wiecznego-lwowa-wystawa-fotografii\/#breadcrumb\",\"itemListElement\":[{\"@type\":\"ListItem\",\"position\":1,\"name\":\"Strona g\u0142\u00f3wna\",\"item\":\"https:\/\/warsztatykultury.pl\/pl\/\"},{\"@type\":\"ListItem\",\"position\":2,\"name\":\"Events\",\"item\":\"https:\/\/warsztatykultury.pl\/en\/wydarzenia\/\"},{\"@type\":\"ListItem\",\"position\":3,\"name\":\"J\u00f3zef Eder \u2013 fotograf XIX-wiecznego Lwowa | wystawa fotografii\"}]},{\"@type\":\"WebSite\",\"@id\":\"https:\/\/warsztatykultury.pl\/pl\/#website\",\"url\":\"https:\/\/warsztatykultury.pl\/pl\/\",\"name\":\"Warsztaty Kultury\",\"description\":\"\",\"publisher\":{\"@id\":\"https:\/\/warsztatykultury.pl\/pl\/#organization\"},\"potentialAction\":[{\"@type\":\"SearchAction\",\"target\":{\"@type\":\"EntryPoint\",\"urlTemplate\":\"https:\/\/warsztatykultury.pl\/pl\/?s={search_term_string}\"},\"query-input\":\"required name=search_term_string\"}],\"inLanguage\":\"pl-PL\"},{\"@type\":\"Organization\",\"@id\":\"https:\/\/warsztatykultury.pl\/pl\/#organization\",\"name\":\"Warsztaty Kultury w Lublinie\",\"url\":\"https:\/\/warsztatykultury.pl\/pl\/\",\"logo\":{\"@type\":\"ImageObject\",\"inLanguage\":\"pl-PL\",\"@id\":\"https:\/\/warsztatykultury.pl\/pl\/#\/schema\/logo\/image\/\",\"url\":\"https:\/\/warsztatykultury.pl\/wp-content\/uploads\/2020\/05\/LogoWKRetina-e1589382721171.png\",\"contentUrl\":\"https:\/\/warsztatykultury.pl\/wp-content\/uploads\/2020\/05\/LogoWKRetina-e1589382721171.png\",\"width\":700,\"height\":112,\"caption\":\"Warsztaty Kultury w Lublinie\"},\"image\":{\"@id\":\"https:\/\/warsztatykultury.pl\/pl\/#\/schema\/logo\/image\/\"},\"sameAs\":[\"https:\/\/www.facebook.com\/WarsztatyKultury\/\",\"https:\/\/www.instagram.com\/warsztatykultury\/?hl=pl\",\"https:\/\/www.youtube.com\/user\/WarsztatyKultury\",\"https:\/\/pl.wikipedia.org\/wiki\/Warsztaty_Kultury\"]}]}<\/script>\n<!-- \/ Yoast SEO plugin. -->","yoast_head_json":{"title":"J\u00f3zef Eder \u2013 fotograf XIX-wiecznego Lwowa | wystawa fotografii - Warsztaty Kultury","robots":{"index":"index","follow":"follow","max-snippet":"max-snippet:-1","max-image-preview":"max-image-preview:large","max-video-preview":"max-video-preview:-1"},"canonical":"https:\/\/warsztatykultury.pl\/pl\/wydarzenia\/jozef-eder-fotograf-xix-wiecznego-lwowa-wystawa-fotografii\/","og_locale":"pl_PL","og_type":"article","og_title":"J\u00f3zef Eder \u2013 fotograf XIX-wiecznego Lwowa | wystawa fotografii - Warsztaty Kultury","og_description":"Opis wydarzenia J\u00f3zef Eder (1831\u20131903) nale\u017cy do grona najwybitniejszych i [&hellip;]","og_url":"https:\/\/warsztatykultury.pl\/pl\/wydarzenia\/jozef-eder-fotograf-xix-wiecznego-lwowa-wystawa-fotografii\/","og_site_name":"Warsztaty Kultury","article_publisher":"https:\/\/www.facebook.com\/WarsztatyKultury\/","og_image":[{"url":"https:\/\/warsztatykultury.pl\/wp-content\/uploads\/2026\/08\/prawie_hd-2.png","width":1920,"height":1005,"type":"image\/png"}],"twitter_card":"summary_large_image","twitter_misc":{"Szacowany czas czytania":"2 minuty"},"schema":{"@context":"https:\/\/schema.org","@graph":[{"@type":"WebPage","@id":"https:\/\/warsztatykultury.pl\/pl\/wydarzenia\/jozef-eder-fotograf-xix-wiecznego-lwowa-wystawa-fotografii\/","url":"https:\/\/warsztatykultury.pl\/pl\/wydarzenia\/jozef-eder-fotograf-xix-wiecznego-lwowa-wystawa-fotografii\/","name":"J\u00f3zef Eder \u2013 fotograf XIX-wiecznego Lwowa | wystawa fotografii - Warsztaty Kultury","isPartOf":{"@id":"https:\/\/warsztatykultury.pl\/pl\/#website"},"datePublished":"2026-08-31T09:48:10+00:00","dateModified":"2026-08-31T09:48:10+00:00","breadcrumb":{"@id":"https:\/\/warsztatykultury.pl\/pl\/wydarzenia\/jozef-eder-fotograf-xix-wiecznego-lwowa-wystawa-fotografii\/#breadcrumb"},"inLanguage":"pl-PL","potentialAction":[{"@type":"ReadAction","target":["https:\/\/warsztatykultury.pl\/pl\/wydarzenia\/jozef-eder-fotograf-xix-wiecznego-lwowa-wystawa-fotografii\/"]}]},{"@type":"BreadcrumbList","@id":"https:\/\/warsztatykultury.pl\/pl\/wydarzenia\/jozef-eder-fotograf-xix-wiecznego-lwowa-wystawa-fotografii\/#breadcrumb","itemListElement":[{"@type":"ListItem","position":1,"name":"Strona g\u0142\u00f3wna","item":"https:\/\/warsztatykultury.pl\/pl\/"},{"@type":"ListItem","position":2,"name":"Events","item":"https:\/\/warsztatykultury.pl\/en\/wydarzenia\/"},{"@type":"ListItem","position":3,"name":"J\u00f3zef Eder \u2013 fotograf XIX-wiecznego Lwowa | wystawa fotografii"}]},{"@type":"WebSite","@id":"https:\/\/warsztatykultury.pl\/pl\/#website","url":"https:\/\/warsztatykultury.pl\/pl\/","name":"Warsztaty Kultury","description":"","publisher":{"@id":"https:\/\/warsztatykultury.pl\/pl\/#organization"},"potentialAction":[{"@type":"SearchAction","target":{"@type":"EntryPoint","urlTemplate":"https:\/\/warsztatykultury.pl\/pl\/?s={search_term_string}"},"query-input":"required name=search_term_string"}],"inLanguage":"pl-PL"},{"@type":"Organization","@id":"https:\/\/warsztatykultury.pl\/pl\/#organization","name":"Warsztaty Kultury w Lublinie","url":"https:\/\/warsztatykultury.pl\/pl\/","logo":{"@type":"ImageObject","inLanguage":"pl-PL","@id":"https:\/\/warsztatykultury.pl\/pl\/#\/schema\/logo\/image\/","url":"https:\/\/warsztatykultury.pl\/wp-content\/uploads\/2020\/05\/LogoWKRetina-e1589382721171.png","contentUrl":"https:\/\/warsztatykultury.pl\/wp-content\/uploads\/2020\/05\/LogoWKRetina-e1589382721171.png","width":700,"height":112,"caption":"Warsztaty Kultury w Lublinie"},"image":{"@id":"https:\/\/warsztatykultury.pl\/pl\/#\/schema\/logo\/image\/"},"sameAs":["https:\/\/www.facebook.com\/WarsztatyKultury\/","https:\/\/www.instagram.com\/warsztatykultury\/?hl=pl","https:\/\/www.youtube.com\/user\/WarsztatyKultury","https:\/\/pl.wikipedia.org\/wiki\/Warsztaty_Kultury"]}]}},"_links":{"self":[{"href":"https:\/\/warsztatykultury.pl\/pl\/wp-json\/wp\/v2\/mec-events\/39350","targetHints":{"allow":["GET"]}}],"collection":[{"href":"https:\/\/warsztatykultury.pl\/pl\/wp-json\/wp\/v2\/mec-events"}],"about":[{"href":"https:\/\/warsztatykultury.pl\/pl\/wp-json\/wp\/v2\/types\/mec-events"}],"author":[{"embeddable":true,"href":"https:\/\/warsztatykultury.pl\/pl\/wp-json\/wp\/v2\/users\/22"}],"replies":[{"embeddable":true,"href":"https:\/\/warsztatykultury.pl\/pl\/wp-json\/wp\/v2\/comments?post=39350"}],"wp:featuredmedia":[{"embeddable":true,"href":"https:\/\/warsztatykultury.pl\/pl\/wp-json\/wp\/v2\/media\/39351"}],"wp:attachment":[{"href":"https:\/\/warsztatykultury.pl\/pl\/wp-json\/wp\/v2\/media?parent=39350"}],"wp:term":[{"taxonomy":"post_tag","embeddable":true,"href":"https:\/\/warsztatykultury.pl\/pl\/wp-json\/wp\/v2\/tags?post=39350"},{"taxonomy":"mec_category","embeddable":true,"href":"https:\/\/warsztatykultury.pl\/pl\/wp-json\/wp\/v2\/mec_category?post=39350"}],"curies":[{"name":"wp","href":"https:\/\/api.w.org\/{rel}","templated":true}]}}